{"id":74,"date":"2013-02-25T21:29:05","date_gmt":"2013-02-25T20:29:05","guid":{"rendered":"http:\/\/zshorodlo.pl\/?page_id=74"},"modified":"2015-07-05T22:38:55","modified_gmt":"2015-07-05T20:38:55","slug":"comenius","status":"publish","type":"page","link":"https:\/\/zshorodlo.pl\/?page_id=74","title":{"rendered":"COMENIUS"},"content":{"rendered":"<p>\n\t<strong>W&nbsp; Szkole Podstawowej&nbsp; im. Kr&oacute;la W\u0142adys\u0142awa Jagie\u0142\u0142y w Horodle w roku szkolnym 2013\/2014 ruszy\u0142 kolejny projekt unijny we wsp&oacute;\u0142pracy z trzema szko\u0142ami&nbsp; partnerskimi: &nbsp;hiszpa\u0144sk\u0105- Ceip Maestro Carmelo Ripoll, tureck\u0105- \u0130n&ouml;n&uuml; \u0130lkokulu, angielsk\u0105- Courthouse Green Primary School<\/strong>\n<\/p>\n<p style=\"text-align: center;\">\n\t<span style=\"font-size: 26px;\"><strong><em>Tytu\u0142 projektu: &bdquo;W krainie ba\u015bni, bajek i legend&rdquo;.<\/em><\/strong><\/span>\n<\/p>\n<div style=\"text-align: center;\">\n<div>\n<p>\n\t\t\t&nbsp;\n\t\t<\/p>\n<p>\n\t\t\t<strong><span style=\"font-size:18px;\"><span style=\"line-height: 115%; font-family: Arial,sans-serif; color: rgb(96, 96, 96);\">Bajki maj\u0105 w sobie co\u015b magicznego, co\u015b, co sprawia, \u017ce \u015bwiat staje si\u0119 pi\u0119kniejszy. Bajki tak\u017ce bardzo wiele nas ucz\u0105 i pokazuj\u0105, jak nale\u017cy post\u0119powa\u0107 w \u017cyciu.<\/span><\/span><\/strong>\n\t\t<\/p>\n<p>\n\t\t\t<span style=\"color:#008000;\"><strong><span style=\"font-size: 18px;\">Produkt ko\u0144cowy<\/span><\/strong><\/span>\n\t\t<\/p>\n<p style=\"text-align: left;\">\n\t\t\tTomik &quot;Ba\u015bni, bajek i legend&quot; &#8211; praca zbiorowa uczni&oacute;w ze szk&oacute;\u0142 partnerskich:\n\t\t<\/p>\n<p style=\"text-align: left;\">\n\t\t\tBajki wykonane przez uczni&oacute;w z Polski:\n\t\t<\/p>\n<p style=\"text-align: left;\">\n\t\t\tngg_shortcode_0_placeholder\n\t\t<\/p>\n<p style=\"text-align: left;\">\n\t\t\tBajki wykonane przez uczni&oacute;w z Hiszpanii:\n\t\t<\/p>\n<p style=\"text-align: left;\">\n\t\t\tngg_shortcode_1_placeholder\n\t\t<\/p>\n<p style=\"text-align: left;\">\n\t\t\tBajki wykonane przez uczni&oacute;w zTurcji:\n\t\t<\/p>\n<p style=\"text-align: left;\">\n\t\t\tngg_shortcode_2_placeholder\n\t\t<\/p>\n<p style=\"text-align: left;\">\n\t\t\t&nbsp;\n\t\t<\/p>\n<p>\n\t\t\t<span style=\"color:#008000;\"><strong><span style=\"font-size: 18px;\">Po\u017cegnalna wizyta partnerska<\/span><\/strong><\/span>\n\t\t<\/p>\n<p style=\"margin-bottom: 0cm; line-height: 150%; text-align: justify;\">\n\t\t\t<font face=\"Times New Roman, serif\"><font size=\"4\">W dniach 25.05-29.05 2015 roku go\u015bcili\u015bmy w naszej szkole grupy z zaprzyja\u017anionych szk&oacute;\u0142 partnerskich w Turcji i Hiszpanii. By\u0142o to spotkanie podsumowuj\u0105ce realizacj\u0119 projektu Comenius &bdquo;W krainie ba\u015bni bajek i legend&rdquo;. Pierwszego dnia go\u015bcie zostali uroczy\u015bci przywitani zgodnie ze staropolskim zwyczajem &ndash; wkraczaj\u0105c do szko\u0142y krokiem poloneza w progu zostali pocz\u0119stowani chlebem i sol\u0105.<\/font><\/font>\n\t\t<\/p>\n<p style=\"margin-bottom: 0cm; line-height: 150%; text-align: justify;\">\n\t\t\tngg_shortcode_3_placeholder\n\t\t<\/p>\n<p style=\"margin-bottom: 0cm; line-height: 150%; text-align: justify;\">\n\t\t\t<font face=\"Times New Roman, serif\"><font size=\"4\">Nast\u0119pnie zabrali\u015bmy naszych go\u015bci do malowniczej Wioski Got&oacute;w w Mas\u0142om\u0119czu. Partnerzy mieli mo\u017cliwo\u015b\u0107 pozna\u0107 ciekaw\u0105 histori\u0119 naszego regionu oraz wys\u0142ucha\u0107 interesuj\u0105cych legend.<\/font><\/font>\n\t\t<\/p>\n<p style=\"margin-bottom: 0cm; line-height: 150%; text-align: justify;\">\n\t\t\tngg_shortcode_4_placeholder\n\t\t<\/p>\n<p style=\"margin-bottom: 0cm; line-height: 150%; text-align: justify;\">\n\t\t\t<font face=\"Times New Roman, serif\"><font size=\"4\">Po ekscytuj\u0105cej wizycie w Mas\u0142om\u0119czu udali\u015bmy si\u0119 do Muzeum im. ks. Stanis\u0142awa Staszica w Hrubieszowie gdzie, w towarzystwie pani przewodnik, go\u015bcie mieli okazj\u0119 przenie\u015b\u0107 si\u0119 w czasie i zwiedzi\u0107 czasow\u0105 ekspozycj\u0119 pt. &bdquo;Wojownik i ksi\u0119\u017cniczka&rdquo;. Nast\u0119pnie udali\u015bmy si\u0119 na s\u0142odki pocz\u0119stunek zwiedzaj\u0105c po drodze malownicze zak\u0105tki Hrubieszowa.<\/font><\/font>\n\t\t<\/p>\n<p style=\"margin-bottom: 0cm; line-height: 150%; text-align: justify;\">\n\t\t\tngg_shortcode_5_placeholder\n\t\t<\/p>\n<p style=\"margin-bottom: 0cm; line-height: 150%; text-align: justify;\">\n\t\t\t<font face=\"Times New Roman, serif\"><font size=\"4\">Wieczorem odby\u0142a si\u0119 uroczysta kolacja, w kt&oacute;rej uczestniczyli rodzice uczni&oacute;w zaanga\u017cowanych w realizacj\u0119 projektu. Go\u015bcie mieli okazj\u0119 obejrze\u0107 przedstawienie &ndash; niespodziank\u0119 pt. &bdquo;Rzepka&rdquo; przygotowane przez rodzic&oacute;w dzieci z oddzia\u0142u przedszkolnego, a tak\u017ce spr&oacute;bowa\u0107 tradycyjnych polskich pierog&oacute;w. <\/font><\/font>\n\t\t<\/p>\n<p align=\"LEFT\" style=\"margin-bottom: 0cm; line-height: 150%\">\n\t\t\t<font face=\"Times New Roman, serif\"><font size=\"4\">Nie oby\u0142o si\u0119 r&oacute;wnie\u017c bez lekcji lepienia polskiego przysmaku. <\/font><\/font>\n\t\t<\/p>\n<p align=\"LEFT\" style=\"margin-bottom: 0cm; line-height: 150%\">\n\t\t\tngg_shortcode_6_placeholder\n\t\t<\/p>\n<p style=\"margin-bottom: 0cm; line-height: 150%; text-align: justify;\">\n\t\t\t<font face=\"Times New Roman, serif\"><font size=\"4\">Nast\u0119pnego dnia go\u015bcie wraz z nauczycielami j\u0119zyka angielskiego udali si\u0119 na wycieczk\u0119 do Lublina. Pomimo deszczowej pogody uda\u0142o si\u0119 zwiedzi\u0107 Muzeum Wsi Lubelskiej oraz Zamek Kr&oacute;lewski, gdzie wys\u0142uchano interesuj\u0105cych legend dotycz\u0105cych ziemi lubelskiej. <\/font><\/font>\n\t\t<\/p>\n<p style=\"margin-bottom: 0cm; line-height: 150%; text-align: justify;\">\n\t\t\tngg_shortcode_7_placeholder\n\t\t<\/p>\n<p style=\"margin-bottom: 0cm; line-height: 150%; text-align: justify;\">\n\t\t\t<font face=\"Times New Roman, serif\"><font size=\"4\">W czwartek nasi partnerzy obejrzeli przedstawienie &bdquo;The Snow White&rdquo; wystawione przez uczni&oacute;w klas V-VI w j\u0119zyku angielskim. Nast\u0119pnie go\u015bcili w klasach m\u0142odszych i ogl\u0105dali przedstawienie z okazji Dnia Matki. W jednej z klas uczestniczyli w warsztatach plastycznych. <\/font><\/font>\n\t\t<\/p>\n<p style=\"margin-bottom: 0cm; line-height: 150%; text-align: justify;\">\n\t\t\t<font face=\"Times New Roman, serif\"><font size=\"4\">Ko\u0144cz\u0105c wizyt\u0119 go\u015bcie obejrzeli prezentacj\u0119 multimedialn\u0105 podsumowuj\u0105c\u0105 dzia\u0142ania projektowe oraz wzi\u0119li udzia\u0142 w spotkaniu roboczym, podczas kt&oacute;rego om&oacute;wiono podj\u0119te dzia\u0142ania oraz wybrano ok\u0142adki do produktu ko\u0144cowego &ndash; tomiku ba\u015bni, bajek i legend.<\/font><\/font>\n\t\t<\/p>\n<p style=\"margin-bottom: 0cm; line-height: 150%; text-align: justify;\">\n\t\t\tngg_shortcode_8_placeholder\n\t\t<\/p>\n<p style=\"margin-bottom: 0cm; line-height: 150%; text-align: justify;\">\n\t\t\t<font face=\"Times New Roman, serif\"><font size=\"4\">Kolejnym punktem pobytu by\u0142a wizyta w Urz\u0119dzie Gminy w Horodle oraz zwiedzanie Drogowego Przej\u015bcia Granicznego w Zosinie.<\/font><\/font>\n\t\t<\/p>\n<p style=\"margin-bottom: 0cm; line-height: 150%; text-align: justify;\">\n\t\t\tngg_shortcode_9_placeholder\n\t\t<\/p>\n<p style=\"margin-bottom: 0cm; line-height: 150%; text-align: justify;\">\n\t\t\t<font face=\"Times New Roman, serif\"><font size=\"4\">Po po\u0142udniu go\u015bcie wyst\u0119powali w roli juror&oacute;w podczas II Festiwalu Piosenki Harcerskiej &bdquo;Co nam w duszy gra&rdquo;.<\/font><\/font>\n\t\t<\/p>\n<p style=\"margin-bottom: 0cm; line-height: 150%; text-align: justify;\">\n\t\t\tngg_shortcode_10_placeholder\n\t\t<\/p>\n<p align=\"LEFT\" style=\"margin-bottom: 0cm; line-height: 150%\">\n\t\t\t<font face=\"Times New Roman, serif\"><font size=\"4\">Wieczorem odby\u0142a si\u0119 po\u017cegnalna kolacja z nauczycielami i w\u0142adzami gminy.<\/font><\/font>\n\t\t<\/p>\n<p align=\"LEFT\" style=\"margin-bottom: 0cm; line-height: 150%\">\n\t\t\tngg_shortcode_11_placeholder\n\t\t<\/p>\n<p>\n\t\t\t<span style=\"color:#0000FF;\"><strong><span style=\"font-size: 18px;\">Festiwal ba\u015bni, bajek i legend<\/span><\/strong><\/span>\n\t\t<\/p>\n<p style=\"text-align: justify;\">\n\t\t\t<span style=\"font-size:10pt;line-height:115%;font-family:Arial, sans-serif;color:#606060;\">&nbsp;&nbsp;&nbsp;&nbsp;&nbsp;&nbsp;&nbsp;&nbsp;&nbsp;&nbsp;&nbsp;<\/span> W maju w naszej szkole odby\u0142 si\u0119 drugi &quot;Festiwal ba\u015bni, bajek i legend&quot; organizowany w ramach programu Comenius. Ka\u017cda z klas mia\u0142a za zadanie wystawienie przedstawienia opartego na motywach ba\u015bniowych. Tego dnia nie zabrak\u0142o wi\u0119c \u015anie\u017cek, Czerwonych Kapturk&oacute;w, z\u0142ych wilk&oacute;w, ksi\u0119\u017cniczek i kr&oacute;l&oacute;w, a tak\u017ce krasnoludk&oacute;w, kt&oacute;rzy przenie\u015bli nas w magiczny \u015bwiat ba\u015bni. Klasy najstarsze wsp&oacute;lnie zainscenizowa\u0142y legend\u0119 &quot;Pan Twardowski&quot; oraz przedstawienie w j\u0119zyku angielskim pt. &quot;Snow White&quot; &nbsp;Z niema\u0142ym entuzjazmem zosta\u0142a przyj\u0119ta niespodzianka przygotowana przez rodzic&oacute;w uczni&oacute;w z oddzia\u0142u przedszkolnego, kt&oacute;rzy wcielili si\u0119 w bohater&oacute;w &quot;Rzepki&quot; Juliana Tuwima.&nbsp;\n\t\t<\/p>\n<p style=\"text-align: justify;\">\n\t\t\tngg_shortcode_12_placeholder\n\t\t<\/p>\n<p>\n\t\t\t&nbsp;\n\t\t<\/p>\n<p>\n\t\t\t&nbsp;\n\t\t<\/p>\n<p>\n\t\t\t&nbsp;\n\t\t<\/p>\n<p>\n\t\t\t&nbsp;\n\t\t<\/p>\n<\/p><\/div>\n<p>\n\t\t<span style=\"font-size:18px;\"><strong>Rozstrzygni\u0119cie konkursu recytatorskiego &bdquo; Kocham, lubi\u0119, szanuj\u0119&hellip; nie niszcz\u0119, nie \u015bmiec\u0119 , tylko recytuj\u0119&hellip;&rdquo;<\/strong><\/span>\n\t<\/p>\n<p style=\"text-align: justify;\">\n\t\t22 kwietnia 2015r. zosta\u0142 rozstrzygni\u0119ty szkolny konkurs recytatorski pt. &bdquo;Kocham, lubi\u0119, szanuj\u0119&hellip; nie \u015bmiec\u0119, nie niszcz\u0119, tylko recytuj\u0119&hellip;&rdquo;&nbsp; zrealizowany w ramach&nbsp; projektu Comenius &bdquo;W krainie ba\u015bni, bajek i legend&rdquo;. Tematem konkursu by\u0142y wiersze o tematyce przyrodniczej. Wzi\u0119li w nim udzia\u0142 uczniowie z trzech grup wiekowych: oddzia\u0142y przedszkolne, klasy I-III oraz klasy IV-VI. Do udzia\u0142u w pracach komisji zostali zaproszeni lokalni poeci pan Kazimierz Dejer, emerytowana polonistka pani Barbara Zdanikowska oraz pani dyrektor Agnieszka Harpeniuk. Nad organizacj\u0105 i przebiegiem konkursu czuwa\u0142y pani Agnieszka \u0141askarzewska i pani Stanis\u0142awa \u015al\u0105zak.\n\t<\/p>\n<p style=\"text-align: justify;\">\n\t\tPo przes\u0142uchaniu uczestnik&oacute;w komisja wy\u0142oni\u0142a zwyci\u0119zc&oacute;w. Mistrzem recytacji w grupie przedszkolnej zosta\u0142a Anna Gruszka, a drugie miejsce zaj\u0119\u0142a Agnieszka Romak.\n\t<\/p>\n<p style=\"text-align: justify;\">\n\t\tMistrzem recytacji w klasach I-III zosta\u0142a Karolina Bazylewicz, drugie miejsce zaj\u0119\u0142a Gabriela Grabowska, trzecie miejsce Martin Malinowski. Komisja przyzna\u0142a r&oacute;wnie\u017c wyr&oacute;\u017cnienia Aleksandrze Go\u0142\u0119biowskiej, Wiktorowi Najuchowi, Rafa\u0142owi Brzezickiemu oraz Krzysztofowi Pochylczuk.\n\t<\/p>\n<p style=\"text-align: justify;\">\n\t\tMistrzem recytacji w grupie dzieci starszych klasy IV-VI zosta\u0142a Aleksandra Ci\u0119\u017cka. Pierwsze miejsce egzekwo zaj\u0119li Pawe\u0142 Je\u017cyna i Izabela Mrozowska, drugie miejsce Kinga Bobczuk, trzecie miejsce Ma\u0142gorzata Mochnaczewska. Wyr&oacute;\u017cnienia komisja przyzna\u0142a dla: Jakuba Brzezickiego, Nalali Tymoszuk, Partycji Wodo oraz Krystiana Szady.\n\t<\/p>\n<p style=\"text-align: justify;\">\n\t\tngg_shortcode_13_placeholder\n\t<\/p>\n<p align=\"center\">\n\t\t<span style=\"font-size:18px;\"><strong>Regulamin<\/strong> <strong>Konkursu Recytatorskiego &bdquo;Kocham, lubi\u0119, szanuj\u0119&#8230; nie niszcz\u0119, nie \u015bmiec\u0119, tylko recytuj\u0119&#8230;&quot; zorganizowanego w ramach projektu Comenius &bdquo;W krainie&nbsp; ba\u015bni, bajek i legend&rdquo; oraz \u015awiatowego Dnia Ziemi.<\/strong><\/span>\n\t<\/p>\n<p style=\"text-align: justify;\">\n\t\t<strong>I. Cele konkursu:<\/strong>\n\t<\/p>\n<p style=\"text-align: justify;\">\n\t\t1.Popularyzacja literatury dzieci\u0119cej o tematyce przyrodniczej lub ekologicznej;<br \/>\n\t\t2.Wspieranie dzia\u0142a\u0144 tw&oacute;rczych dzieci w r&oacute;\u017cnych formach aktywno\u015bci.<br \/>\n\t\t3.Dostarczanie dzieciom dozna\u0144 estetycznych i emocjonalnych wyp\u0142ywaj\u0105cych z pi\u0119kna utwor&oacute;w literackich.<br \/>\n\t\t4.Prezentacja umiej\u0119tno\u015bci artystycznych dzieci.<br \/>\n\t\t5. Nawi\u0105zanie wsp&oacute;\u0142pracy, integracja dzieci.\n\t<\/p>\n<p style=\"text-align: justify;\">\n\t\t<strong>II. Regulamin<\/strong>\n\t<\/p>\n<p style=\"text-align: justify;\">\n\t\t1. Organizator konkursu:\n\t<\/p>\n<p style=\"text-align: justify;\">\n\t\tSzko\u0142a Podstawowa im. Kr&oacute;la W\u0142adys\u0142awa Jagie\u0142\u0142y w Horodle.\n\t<\/p>\n<p style=\"text-align: justify;\">\n\t\t2. Warunki uczestnictwa:<br \/>\n\t\t2.1. W konkursie mog\u0105 uczestniczy\u0107 dzieci z&nbsp; oddzia\u0142&oacute;w przedszkolnych , klas I-III oraz klas IV-VI Szko\u0142y Podstawowej im. Kr&oacute;la W\u0142adys\u0142awa Jagie\u0142\u0142y w Horodle.<br \/>\n\t\t2.2. Ka\u017cda klasa mo\u017ce zg\u0142osi\u0107 do udzia\u0142u w konkursie troje dzieci , wy\u0142onionych w eliminacjach wewn\u0119trznych.<br \/>\n\t\t2.3. Zg\u0142oszenia udzia\u0142u nale\u017cy dokona\u0107&nbsp; w terminie do 15.04.2015r.<br \/>\n\t\t2.4. Opiekun uczestnik&oacute;w konkursu dostarcza komisji tekst wiersza ( najlepiej wraz ze zg\u0142oszeniem dziecka do konkursu)<br \/>\n\t\t3. Jury:<br \/>\n\t\t3.1. Komisj\u0119 konkursow\u0105 powo\u0142uje organizator<br \/>\n\t\t3.2. Decyzja komisji jest niepodwa\u017calna<br \/>\n\t\t4. Kryteria oceny:<br \/>\n\t\t4.1. Recytacj\u0119 ocenia komisja stosuj\u0105c skal\u0119 1-5 punkt&oacute;w.<br \/>\n\t\t4.2. Na ocen\u0119 recytacji maj\u0105 wp\u0142yw nast\u0119puj\u0105ce elementy:<br \/>\n\t\t&bull; tempo<br \/>\n\t\t&bull; intonacja<br \/>\n\t\t&bull; interpretacja tekstu poetyckiego<br \/>\n\t\t&bull; znajomo\u015b\u0107 tekstu<br \/>\n\t\t&bull; operowanie g\u0142osem<br \/>\n\t\t5. Nagrody:<br \/>\n\t\t5.1. Spo\u015br&oacute;d uczestnik&oacute;w konkursu wy\u0142oniony zostanie Mistrz Recytacji<br \/>\n\t\t5.2. Wszyscy uczestnicy otrzymaj\u0105 dyplomy i drobne nagrody.<br \/>\n\t\t5.3. Og\u0142oszenie wynik&oacute;w odb\u0119dzie si\u0119 po prezentacji wszystkich wierszy i dokonaniu oceny przez Jury.\n\t<\/p>\n<p style=\"text-align: justify;\">\n\t\tSerdecznie zach\u0119camy do wzi\u0119cia udzia\u0142u w konkursie i \u017cyczymy powodzenia.\n\t<\/p>\n<p>\n\t\t<strong><span style=\"font-size:18px;\">Akcja czytania ba\u015bni, bajek i legend w j\u0119zyku angielskim<\/span><\/strong>\n\t<\/p>\n<p style=\"text-align: justify;\">\n\t\tW&nbsp; marcu ruszy\u0142a akcja czytania ba\u015bni, bajek i legend na zaj\u0119ciach j\u0119zyka angielskiego. Akcja ta odbywa\u0142a si\u0119 w ramach realizacji projektu Comenius &bdquo;In the land of fables, fairy tales and legends&rdquo;. Uczniowie oraz nauczyciele &nbsp;czytali znane bajki i ba\u015bnie w j\u0119zyku angielskim.\n\t<\/p>\n<p style=\"text-align: justify;\">\n\t\tOto kilka zdj\u0119\u0107: ngg_shortcode_14_placeholder\n\t<\/p>\n<p>\n\t\t<strong><span style=\"font-size:18px;\">Wsp&oacute;\u0142ne czytanie<\/span><\/strong>\n\t<\/p>\n<p align=\"right\">\n\t\t<em>Ksi\u0105\u017cka to m\u0119drzec \u0142agodny i pe\u0142en s\u0142odyczy,<br \/>\n\t\tkt&oacute;ry puste \u017cycie nape\u0142nia \u015bwiat\u0142em,<\/em><br \/>\n\t\t<em>a puste serca wzruszeniem.<\/em><br \/>\n\t\tKornel Makuszy\u0144ski\n\t<\/p>\n<p style=\"text-align: justify;\">\n\t\tDnia&nbsp;<strong>20 marca 2015 r.<\/strong>&nbsp;w&nbsp;<strong> Szkole Podstawowej im, Kr&oacute;la W\u0142adys\u0142awa Jagie\u0142\u0142y w Horodle <\/strong>odby\u0142o si\u0119 wsp&oacute;lne czytanie ba\u015bni, bajek i legend&nbsp; oraz pasowanie na czytelnika biblioteki szkolnej uczni&oacute;w klas I. Wsp&oacute;lnie czytanie pt. &bdquo;Wiosenne spotkanie z ksi\u0105\u017ck\u0105&rdquo; odbywa\u0142o si\u0119 w ramach realizacji projektu Comenius &bdquo; W krainie ba\u015bni , bajek i legend&rdquo; i zosta\u0142o zorganizowane przez nauczyciela bibliotekarza pani\u0105 Stanis\u0142aw\u0119 \u015al\u0105zak.&nbsp; Dzieci wys\u0142ucha\u0142y takich utwor&oacute;w jak : &rdquo;Smok Wawelski&rdquo;, &bdquo;Dzikie \u0142ab\u0119dzie&rdquo;, &bdquo;\u015anie\u017cka&rdquo; czytanych przez pana dyrektora Arnolda Bogowskiego, sekretarza gminy&nbsp; Grzegorza Je\u017cyn\u0119, przewodnicz\u0105cego Rady Rodzic&oacute;w Aleksandra Mochnaczewskiego, bibliotekarza Biblioteki Publicznej w Horodle pani\u0105 Renat\u0119 Mochnaczewsk\u0105 oraz nauczycieli Zespo\u0142u Szk&oacute;\u0142 w Horodle pani\u0105 Aleksandr\u0119 Je\u017cyn\u0119, pani\u0105 Stanis\u0142aw\u0119 \u015al\u0105zak oraz pana Dariusza Tuza.\n\t<\/p>\n<p style=\"text-align: justify;\">\n\t\tG\u0142&oacute;wnym celem uroczysto\u015bci by\u0142o zach\u0119cenie &nbsp;uczni&oacute;w do korzystania z biblioteki szkolnej, wypo\u017cyczania ksi\u0105\u017cek oraz nieustannego rozwijania umiej\u0119tno\u015bci czytania, propagowanie idei g\u0142o\u015bnego czytania wsp&oacute;lnie z zaproszonymi go\u015b\u0107mi, rozbudzanie zainteresowa\u0144 czytelniczych dzieci.\n\t<\/p>\n<p style=\"text-align: justify;\">\n\t\tPasowanie na czytelnika to oficjalne przyj\u0119cie uczni&oacute;w do grona czytelnik&oacute;w biblioteki. Zanim jednak uczniowie z\u0142o\u017cyli przyrzeczenie dzie\u0144 wcze\u015bniej&nbsp; zwiedzili&nbsp; bibliotek\u0119 szkoln\u0105, zapoznali&nbsp; si\u0119 z jej regulaminem i zasadami wypo\u017cyczania, ksi\u0119gozbiorem.\n\t<\/p>\n<p style=\"text-align: justify;\">\n\t\tUczniowie dowiedzieli si\u0119, jak nale\u017cy dba\u0107 o ksi\u0105\u017cki, czego nie wolno robi\u0107, czytaj\u0105c ksi\u0105\u017ck\u0119.\n\t<\/p>\n<p style=\"text-align: justify;\">\n\t\tUczniowie &nbsp;wys\u0142uchali bajek, ba\u015bni i legend czytanych przez zaproszonych go\u015bci i nauczycieli,&nbsp; odgadywali tak\u017ce bajkowe zagadki, kt&oacute;re sprawdzi\u0142y ich znajomo\u015b\u0107 bohater&oacute;w ba\u015bni i bajek. Po takim wprowadzeniu przyszli czytelnicy z\u0142o\u017cyli uroczyste przyrzeczenie, \u017ce zawsze b\u0119d\u0105 szanowa\u0107 ksi\u0105\u017cki i otrzymali&nbsp; pami\u0105tkowy dyplom, kt&oacute;ry&nbsp; b\u0119dzie im przypomina\u0142 o tym uroczystym wydarzeniu.\n\t<\/p>\n<p style=\"text-align: justify;\">\n\t\tngg_shortcode_15_placeholder\n\t<\/p>\n<p>\n\t\t<span style=\"font-size:18px;\"><strong><u>SCENARIUSZ TYGODNIA HISZPA\u0143SKIEGO<\/u><\/strong><\/span>\n\t<\/p>\n<ul style=\"list-style-type:circle;\">\n<li>\n\t\t\tKa\u017cdy wychowawca na godzinie wychowawczej zaprezentowa\u0142 Multimedialny przewodnik po Hiszpanii\n\t\t<\/li>\n<li>\n\t\t\tW trakcie tygodnia&nbsp; na korytarzu szkolnym zosta\u0142a wykonana gazetka z informacjami o Hiszpanii\n\t\t<\/li>\n<\/ul>\n<p style=\"text-align: left;\">\n\t\tTak obchodzili\u015bmy Tydzie\u0144 Hiszpa\u0144ski:\n\t<\/p>\n<p style=\"text-align: justify;\">\n\t\tngg_shortcode_16_placeholder\n\t<\/p>\n<p style=\"text-align: justify;\">\n\t\t<strong><u>Poniedzia\u0142ek :<\/u><\/strong>&nbsp; prezentacja o mie\u015bcie partner&oacute;w (DVD&nbsp; Ontinyent)\n\t<\/p>\n<p style=\"text-align: justify;\">\n\t\tngg_shortcode_17_placeholder\n\t<\/p>\n<p style=\"text-align: justify;\">\n\t\t<strong><u>Wtorek <\/u><\/strong>: czytanie ba\u015bni, bajek i legend hiszpa\u0144skich (wychowawcy klas&nbsp; 0-III oraz IV-VI)&nbsp;<br \/>\n\t\tngg_shortcode_18_placeholder\n\t<\/p>\n<p style=\"text-align: justify;\">\n\t\t<strong><u>\u015aroda<\/u><\/strong>: konkurs plastyczny (klasy 0-III w klasach; klasy IV-VI &ndash; biblioteka szkolna )&nbsp;<br \/>\n\t\tngg_shortcode_19_placeholder\n\t<\/p>\n<p style=\"text-align: justify;\">\n\t\t<strong><u>Czwartek:<\/u> <\/strong>degustacja&nbsp; tradycyjnych potraw hiszpa\u0144skich&nbsp;<br \/>\n\t\tngg_shortcode_20_placeholder<br \/>\n\t\t&nbsp;&nbsp;&nbsp;&nbsp;&nbsp;&nbsp;&nbsp; Warsztaty j\u0119zykowe\n\t<\/p>\n<p style=\"text-align: justify;\">\n\t\tngg_shortcode_21_placeholder\n\t<\/p>\n<p style=\"text-align: justify;\">\n\t\t<strong><u>Pi\u0105tek:<\/u> <\/strong>warsztaty j\u0119zykowe<br \/>\n\t\t&nbsp;&nbsp;&nbsp;&nbsp;&nbsp;&nbsp;&nbsp;&nbsp;&nbsp;&nbsp;&nbsp; Quiz &ndash; konkurs wiedzy o Hiszpanii<br \/>\n\t\tngg_shortcode_22_placeholder\n\t<\/p>\n<p style=\"text-align: justify;\">\n\t\tNa zako\u0144czenie tygodnia Pan Dyrektor wr\u0119czy\u0142 nagrody uczniom bioracym udzia\u0142 w konkursach\n\t<\/p>\n<p style=\"text-align: justify;\">\n\t\tngg_shortcode_23_placeholder\n\t<\/p>\n<p>\n\t\t<strong><span style=\"font-size:18px;\">Nasi przyjaciele z Hiszpanii.<\/span><\/strong>\n\t<\/p>\n<p style=\"text-align: justify;\">\n\t\tLot do Hiszpanii nie by\u0142 moim pierwszym, wi\u0119c chyba jako jedyna si\u0119 go nie &nbsp;obawia\u0142am.&nbsp; Na miejscu zdziwi\u0142a mnie ubogo\u015b\u0107 fauny i flory. Rodzina u kt&oacute;rej mieszka\u0142am by\u0142a bardzo mi\u0142a i bezproblemowa. Pierwszy dzie\u0144 w szkole by dla mnie zaskoczeniem poniewa\u017c&nbsp; nie spodziewa\u0142am si\u0119 &nbsp;tak wspania\u0142ego i pomys\u0142owego powitania. Ontinyent to do\u015b\u0107 du\u017ce, bardzo pi\u0119kne miasteczko. Zdziwi\u0142o mnie to, \u017ce drzewa mandarynkowe rosn\u0105 na ulicy. Najpi\u0119kniejsze by\u0142y g&oacute;ry. Uwa\u017cam, \u017ce wycieczka by\u0142a bardzo udana. Pozna\u0142am &nbsp;nowe miejsca, inn\u0105&nbsp;&nbsp; kultur\u0119 i obyczaje oraz mi\u0142ych , wspania\u0142ych ludzi.\n\t<\/p>\n<p style=\"text-align: justify;\">\n\t\tKinga Bobczuk.\n\t<\/p>\n<p>\n\t\t<strong><span style=\"font-size:18px;\">Wizyta w Hiszpanii.<\/span><\/strong>\n\t<\/p>\n<p style=\"text-align: justify;\">\n\t\t&nbsp; Wizyta w Hiszpanii by\u0142a jak&nbsp; do tej pory najwi\u0119ksz\u0105 przygod\u0105 mojego \u017cycia. Chyba jak ka\u017cdy mia\u0142am obawy przed lotem samolotem. Szko\u0142a w Hiszpanii zupe\u0142nie r&oacute;\u017cni si\u0119 od naszej:&nbsp; na korytarzach s\u0105 wyeksponowane prace m\u0142odszych i starszych dzieci. Uczniowie wykonali projekty &nbsp;wykorzystuj\u0105ce energi\u0119 elektryczn\u0105 pod tytu\u0142em &bdquo;\u015bwiat\u0142o i ruch&rdquo;. Wyda\u0142o mi si\u0119 to bardzo ciekawe. W Hiszpanii dzieci &nbsp;maj\u0105 zakaz u\u017cywania &nbsp;telefon&oacute;w kom&oacute;rkowych w szkole oraz na uczelniach wy\u017cszych, jest to zabronione przez prawo. Uczniowie zamiast siedzie\u0107 przed komputerem wykorzystuj\u0105 czas wolny na zaj\u0119cia muzyczne, basen b\u0105d\u017a gry planszowe z rodzicamiJ\n\t<\/p>\n<p style=\"text-align: justify;\">\n\t\tKaja Je\u017cyna\n\t<\/p>\n<p style=\"text-align: justify;\">\n\t\tngg_shortcode_24_placeholder\n\t<\/p>\n<p align=\"center\">\n\t\t<span style=\"font-size:18px;\"><strong>BAL&nbsp; KARNAWA\u0141OWY<\/strong><\/span>\n\t<\/p>\n<p style=\"text-align: justify;\">\n\t\tKarnawa\u0142 to czas rado\u015bci i rozrywki. Zar&oacute;wno mali, jak i duzi czekaj\u0105 okazji, aby si\u0119 zabawi\u0107. \u015awietn\u0105 ku temu okazj\u0105 jest niew\u0105tpliwie zabawa choinkowa, kt&oacute;ra w naszej szkole odby\u0142a si\u0119 w sobot\u0119 24 stycznia.<br \/>\n\t\tW tym dniu sto\u0142&oacute;wka szkolna zmieni\u0142a si\u0119 w sal\u0119 taneczn\u0105, bajecznie ozdobion\u0105 kolorowymi balonami i serpentynami. Opraw\u0105 muzyczna zaj\u0119li si\u0119 starsi koledzy z liceum wcielaj\u0105c si\u0119 w rol\u0119 dj-&oacute;w, a nasi niezast\u0105pieni rodzice &ndash; przygotowaniem pocz\u0119stunk&oacute;w w klasach.<br \/>\n\t\tZ wielk\u0105 niecierpliwo\u015bci\u0105 na zabaw\u0119 choinkow\u0105 czekali uczniowie, zw\u0142aszcza klas m\u0142odszych, w uwagi na og\u0142oszony przez szko\u0142\u0119 konkurs na najciekawsze przebranie za bohatera ba\u015bni, bajki lub legendy.<br \/>\n\t\tW\u015br&oacute;d radosnych i rozbieganych maluch&oacute;w mo\u017cna by\u0142o odnale\u017a\u0107 barwne motyle, dobre wr&oacute;\u017cki, urzekaj\u0105ce ksi\u0119\u017cniczki. Nie zabrak\u0142o odwa\u017cnych Batman&oacute;w, spiderman&oacute;w, kowboj&oacute;w i pirat&oacute;w. Wielkich emocji dostarczy\u0142o rozstrzygni\u0119cie konkursu na najlepsze przebranie.&nbsp;\n\t<\/p>\n<p style=\"text-align: justify;\">\n\t\tPierwsze miejsce w tej kategorii &nbsp;kl. &bdquo;0&rdquo; zaj\u0105\u0142 Dawid Brzyski,&nbsp; drugie &#8211;&nbsp; Kubacka Gabriela,&nbsp; trzecie &ndash;&nbsp; Zuzanna Ostapiuk.\n\t<\/p>\n<p style=\"text-align: justify;\">\n\t\tPierwsze miejsce w&nbsp; kategorii kl. I-III zaj\u0105\u0142 Jakub Ja\u0144czuk, drugie &ndash; Stawiarski Dawid, trzecie &ndash; Julia Szpyrka.&nbsp; Pierwsze miejsce w&nbsp; kategorii kl. IV &#8211; VI zaj\u0105\u0142&nbsp; Pa\u0142ys Marceli, drugie &ndash; Mrozowska Izabela, trzecie &ndash; Bobczuk Kinga.<br \/>\n\t\tPonadto jury wybra\u0142o r&oacute;wnie\u017c: Kr&oacute;la i Kr&oacute;low\u0105 balu, kt&oacute;rymi zostali Bartek Mrozowski i Weronika Ma\u0142kowicz, Miss i Mister ta\u0144ca &ndash; Gabriela Grabowska i Pawe\u0142 Grabowski, Miss Publiczno\u015bci &ndash; Aleksandra Ci\u0119\u017cka. Mister Publiczno\u015bci &ndash; Kacper Chmielewski.<br \/>\n\t\tZwyci\u0119zcy otrzymali nagrody rzeczowe, korony i pami\u0105tkowe szarfy ufundowane przez Rad\u0119 Rodzic&oacute;w. Ka\u017cdy uczestnik balu otrzyma\u0142 batonik.\n\t<\/p>\n<p style=\"text-align: justify;\">\n\t\tngg_shortcode_25_placeholder\n\t<\/p>\n<p align=\"center\">\n\t\t<span style=\"font-size:18px;\"><strong>Regulamin BALU&nbsp; KARNAWA\u0141OWEGO zorganizowanego w ramach projektu COMENIUS<br \/>\n\t\t&bdquo;W krainie ba\u015bni, bajek i legend&rdquo; w Szkole Podstawowej<br \/>\n\t\tim. Kr&oacute;la W\u0142adys\u0142awa Jagie\u0142\u0142y<br \/>\n\t\tw Horodle.<\/strong><\/span>\n\t<\/p>\n<p style=\"text-align: justify;\">\n\t\t<strong>CELE EDUKACYJNE:<\/strong><br \/>\n\t\t-Rozwijanie umiej\u0119tno\u015bci pracy w grupie,<br \/>\n\t\t-Rozwijanie umiej\u0119tno\u015bci interpersonalnych,<br \/>\n\t\t-Wzmacnianie wi\u0119zi pomi\u0119dzy uczniami,<br \/>\n\t\t-Rozwijanie zdolno\u015bci pokazywania si\u0119 na forum spo\u0142eczno\u015bci szkolnej,<br \/>\n\t\t-Kultywowanie tradycji zwi\u0105zanych z okresem karnawa\u0142owym.\n\t<\/p>\n<p>\n\t\t<strong>0CELE OPERACYJNE:<\/strong><br \/>\n\t\tUczniowie:<br \/>\n\t\t-dokonuj\u0105 autoprezentacji,<br \/>\n\t\t-buduj\u0105 poczucie w\u0142asnej warto\u015bci,<br \/>\n\t\t-wsp&oacute;\u0142pracuj\u0105 w grupie,<br \/>\n\t\t-rozwijaj\u0105 zdolno\u015bci plastyczne,<br \/>\n\t\t-rozwijaj\u0105 poczucie estetyki,<br \/>\n\t\t-znaj\u0105 formy kulturalnego sp\u0119dzania czasu wolnego,<br \/>\n\t\t-znaj\u0105 zasady kulturalnego zachowania si\u0119 podczas zabawy tanecznej,<br \/>\n\t\t-potrafi\u0105 wyra\u017ca\u0107 uczucia i szacunek wzgl\u0119dem r&oacute;wie\u015bnik&oacute;w i m\u0142odszych koleg&oacute;w.\n\t<\/p>\n<p>\n\t\t<strong>Regulamin konkursu:<\/strong>\n\t<\/p>\n<p style=\"text-align: justify;\">\n\t\t<strong>I.<\/strong> Samorz\u0105d Uczniowski &nbsp;organizuje konkurs na najciekawszy&nbsp; str&oacute;j bajkowy, ba\u015bniowy po\u0142\u0105czony&nbsp; z balem maskowym.\n\t<\/p>\n<p style=\"text-align: justify;\">\n\t\t<strong>&nbsp;II.<\/strong> Warunkiem udzia\u0142u w konkursie jest przebranie si\u0119 w <strong>str&oacute;j nawi\u0105zuj\u0105cy do postaci z bajki, ba\u015bni czy legendy.<\/strong> Uczestnicy mog\u0105 korzysta\u0107 z gotowych element&oacute;w stroj&oacute;w. Str&oacute;j nie musi by\u0107 wykonany w\u0142asnor\u0119cznie (ale b\u0119dzie to mia\u0142o wp\u0142yw na wyb&oacute;r komisji, typowane b\u0119d\u0105 stroje wykonane samodzielnie).<strong>Komisja typuje trzy miejsca w ka\u017cdej kategorii wiekowej na najciekawszy str&oacute;j ba\u015bniowy.<\/strong>\n\t<\/p>\n<p style=\"text-align: justify;\">\n\t\t<strong>III.<\/strong>&nbsp;Konkurs przeznaczony jest dla uczni&oacute;w z oddzia\u0142&oacute;w przedszkolnych ( 5- 6- latk&oacute;w), klas I-III oraz klas IV-VI Szko\u0142y Podstawowej im. Kr&oacute;la W\u0142adys\u0142awa Jagie\u0142\u0142y w Horodle.\n\t<\/p>\n<p style=\"text-align: justify;\">\n\t\t<strong>IV.<\/strong>&nbsp;Podczas balu zostanie r&oacute;wnie\u017c wybrana:\n\t<\/p>\n<ol style=\"list-style-type:lower-alpha;\">\n<li style=\"text-align: justify;\">\n\t\t\tkr&oacute;l i kr&oacute;lowa balu\n\t\t<\/li>\n<li style=\"text-align: justify;\">\n\t\t\tmiss ta\u0144ca i mister ta\u0144ca\n\t\t<\/li>\n<li style=\"text-align: justify;\">\n\t\t\tmiss publiczno\u015bci i mister publiczno\u015bci\n\t\t<\/li>\n<\/ol>\n<p style=\"text-align: justify;\">\n\t\t<strong>V.<\/strong> Wszystkie konkurencje i prezentacje ocenia trzyosobowa komisja sk\u0142adaj\u0105ca si\u0119 z przedstawicieli nauczycieli i uczni&oacute;w i rodzic&oacute;w.<br \/>\n\t\t<strong>VI.<\/strong> Komisja ocenia poszczeg&oacute;lne konkurencje punktowo, przyznaj\u0105c kandydatowi&nbsp; z poszczeg&oacute;lnych grup wiekowych punkty wed\u0142ug nast\u0119puj\u0105cych kryteri&oacute;w:<br \/>\n\t\t&#8211; og&oacute;lne wra\u017cenie estetyczne<br \/>\n\t\t&#8211; pomys\u0142owo\u015b\u0107 ,prezentacja<br \/>\n\t\t&#8211; wykreowanie postaci,<br \/>\n\t\t&#8211; samodzielne wykonanie<br \/>\n\t\t&#8211; oryginalno\u015b\u0107<br \/>\n\t\t&#8211; taniec\n\t<\/p>\n<p style=\"text-align: justify;\">\n\t\t<strong>VII.<\/strong> Komisja podczas &nbsp;balu obserwuje uczestnik&oacute;w i wy\u0142ania zwyci\u0119zc\u0119.\n\t<\/p>\n<p style=\"text-align: justify;\">\n\t\tRozstrzygni\u0119cie nast\u0105pi w godzinach 16.00- 17.00.<br \/>\n\t\tJe\u015bli &nbsp;oka\u017ce si\u0119, \u017ce kilku kandydat&oacute;w zdoby\u0142o jednakow\u0105 liczb\u0119 punkt&oacute;w, w&oacute;wczas decyzj\u0119 podejmuje publiczno\u015b\u0107, nagradzaj\u0105c swojego faworyta wi\u0119kszymi brawami.<br \/>\n\t\tZwyci\u0119zcy otrzymuj\u0105 pami\u0105tkowe szarfy oraz nagrody ufundowane przez dyrektora szko\u0142y i Rad\u0119 Rodzic&oacute;w.\n\t<\/p>\n<p style=\"text-align: justify;\">\n\t\t<strong>VIII.<\/strong>&nbsp;Termin rozstrzygni\u0119cia konkursu: podczas balu karnawa\u0142owego 24 stycznia 2015r.\n\t<\/p>\n<p>\n\t\t<span style=\"font-size:18px;\"><strong>SCENARIUSZ TYGODNIA TURECKIEGO<\/strong><\/span>\n\t<\/p>\n<p>\n\t\t08. 12. &#8211; 12. 12. 2014\n\t<\/p>\n<p>\n\t\t<strong><u>Poniedzia\u0142ek :<\/u><\/strong>&nbsp; opowie\u015bci o Turcji (przedstawi\u0105&nbsp; uczniowie kt&oacute;rzy byli<br \/>\n\t\tz wizyt\u0105 partnersk\u0105 w Turcji)<br \/>\n\t\tngg_shortcode_26_placeholder\n\t<\/p>\n<p>\n\t\t<strong><u>Wtorek <\/u><\/strong>:&nbsp;&nbsp; &nbsp;&nbsp;&nbsp;&nbsp;&nbsp;&nbsp;&nbsp;&nbsp;&nbsp;&nbsp;&nbsp;czytanie ba\u015bni, bajek i legend tureckich (wychowawcy Klas&nbsp; 0 &ndash; III)<br \/>\n\t\tngg_shortcode_27_placeholder\n\t<\/p>\n<p>\n\t\t<strong><u>\u015aroda<\/u><\/strong>: &nbsp;&nbsp;&nbsp;&nbsp;&nbsp;&nbsp;&nbsp;&nbsp;&nbsp;&nbsp;&nbsp;&nbsp;&nbsp;&nbsp;&nbsp;&nbsp;&nbsp;&nbsp;&nbsp;&nbsp;Religia i sport w Turcji (nauczyciel religii D.Tuz)<br \/>\n\t\tngg_shortcode_28_placeholder\n\t<\/p>\n<p>\n\t\t<strong><u>Czwartek: <\/u><\/strong>&nbsp;&nbsp;&nbsp;&nbsp;&nbsp;&nbsp;&nbsp;&nbsp;&nbsp;&nbsp;Konkurs plastyczny &bdquo;Bohaterowie ba\u015bni, bajek i legend\n\t<\/p>\n<p>\n\t\t&nbsp;&nbsp;&nbsp;&nbsp;&nbsp;&nbsp;&nbsp;&nbsp;&nbsp;&nbsp;&nbsp;&nbsp;&nbsp;&nbsp;&nbsp;&nbsp;&nbsp;&nbsp;&nbsp;&nbsp;&nbsp;&nbsp;&nbsp;&nbsp;&nbsp;&nbsp;&nbsp;&nbsp;&nbsp;&nbsp;&nbsp;&nbsp;&nbsp; &nbsp;&nbsp;tureckich&rdquo; (uczniowie klas I-III)<br \/>\n\t\tngg_shortcode_29_placeholder\n\t<\/p>\n<p>\n\t\t<strong><u>Pi\u0105tek: <\/u><\/strong>&nbsp;&nbsp;&nbsp;&nbsp;&nbsp;&nbsp;&nbsp;&nbsp;&nbsp;&nbsp;&nbsp;&nbsp;&nbsp;&nbsp;&nbsp;&nbsp;&nbsp;degustacja tureckiej herbaty, przedstawienie\n\t<\/p>\n<p>\n\t\t&nbsp;&nbsp;&nbsp;&nbsp;&nbsp;&nbsp;&nbsp;&nbsp;&nbsp;&nbsp;&nbsp;&nbsp;&nbsp;&nbsp;&nbsp;&nbsp;&nbsp;&nbsp;&nbsp;&nbsp;&nbsp;&nbsp;&nbsp;&nbsp;&nbsp;&nbsp;&nbsp;&nbsp;&nbsp;&nbsp;&nbsp;&nbsp;&nbsp;&nbsp; potraw tureckich<br \/>\n\t\tngg_shortcode_30_placeholder\n\t<\/p>\n<p style=\"text-align: justify;\">\n\t\tPod koniec Tygodnia Tureckiego wy\u0142oniono zwycieskie prace oraz wr\u0119czono nagrody.\n\t<\/p>\n<p style=\"text-align: justify;\">\n\t\tngg_shortcode_31_placeholder\n\t<\/p>\n<\/div>\n<div style=\"text-align: center;\">\n\t<strong><span style=\"font-size:18px;\">Wizyta klasy II b w Gminnej Bibliotece Publicznej<\/span><\/strong>\n<\/div>\n<div style=\"text-align: justify;\">\n\t02 grudnia 2014r. klasa II b razem z wychowawczyni\u0105 p. Irmin\u0105 Klamer, w ramach programu Comenius, by\u0142a w bibliotece publicznej by lepiej pozna\u0107 literatur\u0119 polsk\u0105 i kraj&oacute;w partnerskich.\n<\/div>\n<div style=\"text-align: justify;\">\n\tPani Renata Mochnaczewska jak zawsze przygotowa\u0142a prezentacj\u0119 multimedialn\u0105, wiele atrakcji plastycznych.\n<\/div>\n<div>\n\tDzieci mia\u0142y okazj\u0119 pozna\u0107 kultur\u0119 i zabytki s\u0142onecznej Hiszpanii, przeczyta\u0142y bajk\u0119 tego kraju pt.&quot; Ropuch&quot;.\n<\/div>\n<div>\n\tBardzo serdecznie dzi\u0119kujemy za mi\u0142e, ciep\u0142e i s\u0142odkie przyj\u0119cie.\n<\/div>\n<div>\n\tngg_shortcode_32_placeholder\n<\/div>\n<p style=\"margin-bottom: 0cm; text-align: center;\">\n\t<strong><span style=\"font-size:18px;\">\u015awiatowy Dzie\u0144 Pluszowego Misia<\/span><\/strong>\n<\/p>\n<p style=\"text-align: justify;\">\n\t<strong><em>Pluszowy mi\u015b to zupe\u0142nie wyj\u0105tkowy przyjaciel z dzieci\u0144stwa. Wierny, kochany, zawsze gotowy do przytulenia, cierpliwy powiernik dzieci\u0119cych sekret&oacute;w.<\/em><\/strong>\n<\/p>\n<p style=\"text-align: justify;\">\n\tCo roku w listopadzie przypada \u015awiatowy Dzie\u0144 Pluszowego Misia. Ustanowiono go w 2002 roku, dok\u0142adnie w setn\u0105 rocznic\u0119 powstania maskotki. Historia pluszaka wi\u0105\u017ce si\u0119 z wydarzeniem, kt&oacute;re mia\u0142o miejsce w 1902 roku. Wtedy to prezydent USA Theodore Roosevelt &#8211; zapalony my\u015bliwy &#8211; nie dopu\u015bci\u0142 do zastrzelenia ma\u0142ego nied\u017awiadka. Wykorzystano zdrobnia\u0142e imi\u0119 prezydenta i zacz\u0119to sprzedawa\u0107 zabawki pod nazw\u0105 Teddy Bear, kt&oacute;ra dzi\u015b w j\u0119zyku angielskim jest okre\u015bleniem wszystkich pluszowych misi&oacute;w. \u015awiatowy Dzie\u0144 Pluszowego Misia by\u0142 znakomit\u0105 okazj\u0105, aby przybli\u017cy\u0107 przedszkolakom literatur\u0119, kt&oacute;rej bohaterami s\u0105 misie.&nbsp;<br \/>\n\t&nbsp;&nbsp;&nbsp;&nbsp;&nbsp;&nbsp;&nbsp; Biblioteka Szko\u0142y Podstawowej im. Kr&oacute;la W\u0142adys\u0142awa Jagie\u0142\u0142y pod kierunkiem pani Stanis\u0142awy \u015al\u0105zak zorganizowa\u0142a r&oacute;wnie\u017c &nbsp;\u015awiatowy Dzie\u0144 Pluszowego Misia. Celem tego \u015bwi\u0119ta jest:<br \/>\n\t-kszta\u0142towanie i rozwijanie zainteresowa\u0144 literackich i artystycznych<br \/>\n\t-kszta\u0142towanie poczucia szacunku dla zabawek i ksi\u0105\u017cek<br \/>\n\t-rozwijanie aktywnej postawy w czasie spotkania<br \/>\n\t-zach\u0119canie do s\u0142uchania i czytania ksi\u0105\u017cek o okre\u015blonej tematyce.<br \/>\n\t&nbsp;&nbsp;&nbsp;&nbsp;&nbsp;&nbsp; Pluszowymi misiami bawi\u0105 si\u0119 dzieci na ca\u0142ym \u015bwiecie od wielu, wielu lat. Bajki o Misiu Uszatku czy Kubusiu Puchatku konkuruj\u0105 obecnie z bohaterami kresk&oacute;wek o obco brzmi\u0105cych imionach. Mimo to pluszowego misia kochaj\u0105 wszyscy, zar&oacute;wno dzieci jak i doro\u015bli.\n<\/p>\n<p style=\"text-align: justify;\">\n\tngg_shortcode_33_placeholder\n<\/p>\n<p style=\"margin-bottom: 0cm; text-align: center;\">\n\t<strong><span style=\"font-size:18px;\">Inscenizacja legendy o Pia\u015bcie<\/span><\/strong>\n<\/p>\n<p style=\"margin-bottom: 0cm; text-align: left;\">\n\tWersja w j\u0119zyku polskim:\n<\/p>\n<p>\n\t<iframe loading=\"lazy\" allowfullscreen=\"allowfullscreen\" frameborder=\"0\" height=\"315\" src=\"\/\/www.youtube.com\/embed\/HdCKIKHGiyE?rel=0&amp;showinfo=0\" width=\"560\"><\/iframe>\n<\/p>\n<p style=\"margin-bottom: 0cm; text-align: left;\">\n\tWersja w j\u0119zyku angielskim:\n<\/p>\n<p>\n\t<iframe loading=\"lazy\" allowfullscreen=\"allowfullscreen\" frameborder=\"0\" height=\"315\" src=\"\/\/www.youtube.com\/embed\/b8uzDFm3JpI?rel=0&amp;showinfo=0\" width=\"560\"><\/iframe>\n<\/p>\n<p style=\"margin-bottom: 0cm; text-align: center;\">\n\t<span style=\"font-size: 18px;\"><strong>Turniej czytelniczy &rdquo;Z ksi\u0105\u017ck\u0105 za pan brat &rdquo;<\/strong><\/span>\n<\/p>\n<p style=\"text-align: justify;\">\n\tOdby\u0142 si\u0119 r&oacute;wnie\u017c konkurs czytelniczy pt.&rdquo;Z ksi\u0105\u017ck\u0105 za pan brat &rdquo; w klasie IV &bdquo;a&rdquo;. Pytania dotyczy\u0142y znajomo\u015bci bajek , ba\u015bni oraz legend tj. Calineczka, Kopciuszek, Kr&oacute;lewna \u015anie\u017cka, Kozio\u0142ek Mato\u0142ek, wiersze J.Tuwima i J. Brzechwy oraz innych znanych i lubianych przez dzieci.\n<\/p>\n<p>\n\tI miejsce zdoby\u0142a Rudawska Julka\n<\/p>\n<p>\n\tII miejsce &ndash; Petrycka Eliza\n<\/p>\n<p>\n\tIII miejsce Mochnaczewska Ma\u0142gorzata\n<\/p>\n<p>\n\tIV miejsce &ndash; Sobi\u0142\u0142o Mateusz.\n<\/p>\n<p>\n\t<a href=\"http:\/\/zshorodlo.pl\/wp-content\/uploads\/2013\/02\/P1090101.jpg\"><img loading=\"lazy\" decoding=\"async\" alt=\"P1090101\" class=\"aligncenter size-medium wp-image-7452\" height=\"225\" src=\"http:\/\/zshorodlo.pl\/wp-content\/uploads\/2013\/02\/P1090101-300x225.jpg\" style=\"float: right;\" width=\"300\" srcset=\"https:\/\/zshorodlo.pl\/wp-content\/uploads\/2013\/02\/P1090101-300x225.jpg 300w, https:\/\/zshorodlo.pl\/wp-content\/uploads\/2013\/02\/P1090101-1024x768.jpg 1024w, https:\/\/zshorodlo.pl\/wp-content\/uploads\/2013\/02\/P1090101-400x300.jpg 400w, https:\/\/zshorodlo.pl\/wp-content\/uploads\/2013\/02\/P1090101.jpg 1200w\" sizes=\"(max-width: 300px) 100vw, 300px\" \/><\/a> <a href=\"http:\/\/zshorodlo.pl\/wp-content\/uploads\/2013\/02\/P1090103.jpg\"><img loading=\"lazy\" decoding=\"async\" alt=\"P1090103\" class=\"aligncenter size-medium wp-image-7453\" height=\"225\" src=\"http:\/\/zshorodlo.pl\/wp-content\/uploads\/2013\/02\/P1090103-300x225.jpg\" width=\"300\" srcset=\"https:\/\/zshorodlo.pl\/wp-content\/uploads\/2013\/02\/P1090103-300x225.jpg 300w, https:\/\/zshorodlo.pl\/wp-content\/uploads\/2013\/02\/P1090103-1024x768.jpg 1024w, https:\/\/zshorodlo.pl\/wp-content\/uploads\/2013\/02\/P1090103-400x300.jpg 400w, https:\/\/zshorodlo.pl\/wp-content\/uploads\/2013\/02\/P1090103.jpg 1200w\" sizes=\"(max-width: 300px) 100vw, 300px\" \/><\/a>\n<\/p>\n<p>\n\t&nbsp;\n<\/p>\n<p style=\"margin-bottom: 0cm; text-align: center;\">\n\t<span style=\"font-size: 18px;\"><strong>Turniej czytelniczy &rdquo; Kubu\u015b Puchatek i jego przyjaciele&rdquo;<\/strong><\/span>\n<\/p>\n<p style=\"text-align: justify;\">\n\tW chwili kiedy czytelnictwo jest problemem og&oacute;lnospo\u0142ecznym, nale\u017cy w uczniach od najm\u0142odszych lat zaszczepia\u0107 potrzeb\u0119 i ch\u0119\u0107 czytania. Nale\u017cy u\u015bwiadamia\u0107 dzieciom, \u017ce ksi\u0105\u017cka jest zawsze modna. To w\u0142a\u015bnie ONA rozbudza wyobra\u017ani\u0119, pozwala poznawa\u0107 \u015bwiat, jest wiarygodnym \u017ar&oacute;d\u0142em wiedzy. To dzi\u0119ki ksi\u0105\u017cce mo\u017cemy mi\u0142o sp\u0119dzi\u0107 czas wolny. Ksi\u0105\u017cka nigdy nas nie zawiedzie &ndash; jest naszym najlepszym przyjacielem. Po to aby komputery, telewizja i prasa m\u0142odzie\u017cowa nie wypar\u0142a ksi\u0105\u017cki, warto dociera\u0107 do czytelnika indywidualnie, rozmawia\u0107 o literaturze, organizowa\u0107 imprezy czytelnicze, konkursy. &nbsp;\u017badna cywilizacja nie mo\u017ce istnie\u0107 bez s\u0142owa drukowanego w postaci ksi\u0105\u017cki. Wi\u0119c dbajmy o to WSZYSCY.\n<\/p>\n<p style=\"text-align: justify;\">\n\tNauczycielka biblioteki Szko\u0142y Podstawowej im. Kr&oacute;la W\u0142adys\u0142awa Jagie\u0142\u0142y pani Stanis\u0142awa \u015al\u0105zak zorganizowa\u0142a dla uczni&oacute;w klas II konkurs czytelniczy pt.&rdquo; Kubu\u015b Puchatek i jego przyjaciele&rdquo;. Celem konkursu by\u0142o utrwalenie wiadomo\u015bci o bohaterach ksi\u0105\u017cki A.A. Milne &bdquo;Kubu\u015b Puchatek&rdquo;, wykorzystanie tekstu literackiego do zabawy, propagowanie utwor&oacute;w klasyk&oacute;w literatury dzieci\u0119cej, integrowanie zespo\u0142&oacute;w klasowych oraz kszta\u0142cenie umiej\u0119tno\u015bci&nbsp; pracy w grupach . Dzieci zmaga\u0142y si\u0119 z r&oacute;\u017cnymi konkurencjami tj. krzy\u017c&oacute;wki, wykre\u015blanki, szyfry wyrazowe, szarady, odgadywaniem postaci przedstawionych na rysunkach.\n<\/p>\n<p>\n\t&nbsp;Najlepsz\u0105 dru\u017cyn\u0105 w klasie II &bdquo;b&rdquo; okaza\u0142 si\u0119 zesp&oacute;\u0142 w sk\u0142adzie: Ania Aronowska, Klaudia Ci\u0119\u017cka, Natalia Kowalczuk, Karolina Ja\u0144czuk.\n<\/p>\n<p>\n\tDrugie miejsce zaj\u0119\u0142a dru\u017cyna w sk\u0142adzie :Micha\u0142 Kowalczuk, Jakub Zaj\u0105c, B\u0142a\u017cej Wlach, Jaros\u0142aw Bednarczuk.\n<\/p>\n<p style=\"text-align: justify;\">\n\tTrzecie miejsce egzekwo zaj\u0119\u0142y dru\u017cyny : Jaros\u0142aw Mochnaczewski, Gabriel Regu\u0142a, Kamil Su\u0142kowski, Mateusz Wierzbicki oraz dru\u017cyna w sk\u0142adzie : Romak Katarzyna, Alan Jonak, Anna Ju\u017awiak, Julia Kiryk.\n<\/p>\n<p>\n\tNajlepsz\u0105 dru\u017cyn\u0105 w klasie II&rdquo;a&rdquo; okaza\u0142 si\u0119 zesp&oacute;\u0142 w sk\u0142adzie Kacper Pa\u0144ko, Ja\u015b Lickindorf, Bartek Kalinowski, Szymon Dudka, Micha\u0142 W\u0119\u017cyk.\n<\/p>\n<p>\n\tDrugie miejsce zaj\u0119\u0142a dru\u017cyna w sk\u0142adzie Magda Haczkiewicz, Anna Makowska, Klaudia Kasprzak, Anna Jaros.\n<\/p>\n<p>\n\tTrzecie miejsce zaj\u0119\u0142a dru\u017cyna w sk\u0142adzie Aleksandra Urba\u0144czyk, Daria Adamczyk, Eliza Tymoszuk, Amelka Tyczy\u0144ska.\n<\/p>\n<p>\n\tMiejsce czwarte zaj\u0105\u0142 zesp&oacute;\u0142 w sk\u0142adzie : Jakub Bogucki, Tomasz Pochylczuk, &nbsp;Bartek \u017buk, Rafa\u0142 Brzezicki.\n<\/p>\n<p style=\"margin-bottom: 0cm; text-align: center;\">\n\t<span style=\"font-size: 18px;\"><strong>Turniej czytelniczy klas pierwszych &bdquo;Snuj\u0105 si\u0119 ba\u015bnie, bajeczki&rdquo;<\/strong><\/span>\n<\/p>\n<p style=\"text-align: justify;\">\n\t&nbsp;&nbsp;&nbsp;&nbsp;&nbsp; W ramach realizacji projektu Comenius &bdquo; W krainie ba\u015bni, bajek i legend&rdquo; oraz akcji &bdquo;Pa\u017adziernik miesi\u0105cem bibliotek szkolnych&rdquo; nauczyciel biblioteki Szko\u0142y Podstawowej im. Kr&oacute;la W\u0142adys\u0142awa Jagie\u0142\u0142y w Horodle pani Stanis\u0142awa \u015al\u0105zak zorganizowa\u0142a dla najm\u0142odszych czytelnik&oacute;w turniej czytelniczy , kt&oacute;rego celem by\u0142o doskonalenie umiej\u0119tno\u015bci praktycznego wykorzystania posiadanych wiadomo\u015bci o znanych ba\u015bniach i bajkach oraz rozbudzanie zainteresowa\u0144 czytelniczych. Zadania konkursowe by\u0142y bardzo r&oacute;\u017cnorodne. Dzieci uk\u0142ada\u0142y bajkowe puzzle, odgadywa\u0142y tytu\u0142y bajek na podstawie przeczytanego fragmentu , zagadki lub rekwizytu. Ka\u017cda klasa podzielona zosta\u0142a na dru\u017cyny, w kt&oacute;rej wybrany zosta\u0142 kapitan dru\u017cyny odpowiadaj\u0105cy na pytania. Ka\u017cda z dru\u017cyn stara\u0142a si\u0119 zdoby\u0107 jak najwi\u0119cej punkt&oacute;w. Ostatnim zadaniem turnieju by\u0142o kolorowanie obrazk&oacute;w i tworzenie klasowych ksi\u0105\u017ceczek &bdquo;Kot w butach&rdquo; , &bdquo;\u015api\u0105ca Kr&oacute;lewna&rdquo;. Podczas kolorowania dzieci s\u0142ucha\u0142y tych bajek czytanych przez nauczyciela bibliotekarza oraz wychowawc&oacute;w klas pani\u0105 Ew\u0119 Kurzyd\u0142owsk\u0105 i pani\u0105 Barbar\u0119 Klamer.\n<\/p>\n<p>\n\tW klasie I&rdquo;a &bdquo;\n<\/p>\n<p>\n\t-pierwsze miejsce zaj\u0119\u0142a dru\u017cyna w sk\u0142adzie:\n<\/p>\n<p>\n\tFlis Mateusz, Malinowski Martin, Rydel Dawid, Czerwi\u0144ski Adrian, Nowaczewski Wojciech\n<\/p>\n<p>\n\t-drugie miejsce zaj\u0119\u0142a dru\u017cyna w sk\u0142adzie :\n<\/p>\n<p>\n\tWojciechowska Julka, S\u0142awi\u0144ska Nikola, Szpyrka Julka, Szumiata Weronika, Sitarczuk Roksana\n<\/p>\n<p>\n\t-trzecie miejsce zaj\u0119\u0142a dru\u017cyna w sk\u0142adzie:\n<\/p>\n<p>\n\tMichalczuk Dawid, Zubko Kacper, Ju\u017awiak Cezary, Hubczak Mateusz\n<\/p>\n<p>\n\tW klasie I&rdquo;b&rdquo;\n<\/p>\n<p>\n\t-pierwsze miejsce zaj\u0119\u0142a dru\u017cyna w sk\u0142adzie:\n<\/p>\n<p>\n\tCi\u0119\u017cka Kinga, Gawron Aleksandra, Bazylewicz Karolina, Szyma\u0144ska Weronika, Seredy\u0144ska Martyna\n<\/p>\n<p>\n\t-drugie miejsce zaj\u0119\u0142a dru\u017cyna w sk\u0142adzie :\n<\/p>\n<p>\n\tWr&oacute;bel Amelia, Stawiarski Dawid, Kozar Bartosz, Tkaczyk Nina, Bia\u0142ek Karolina\n<\/p>\n<p>\n\t-trzecie miejsce zaj\u0119\u0142a dru\u017cyna w sk\u0142adzie:\n<\/p>\n<p>\n\tKaczy\u0144ska Laura, Najuch Wiktor, Nowaczewski Kacper, Kuna Gabriela\n<\/p>\n<p>\n\t-czwarte miejsce zaj\u0119\u0142a dru\u017cyna w sk\u0142adzie:\n<\/p>\n<p>\n\tPochylczuk Krzysztof, Bednarczuk Micha\u0142, Zbirowski Mateusz, Porada Dawid\n<\/p>\n<p style=\"text-align: justify;\">\n\tPodsumowaniem turnieju by\u0142o wr\u0119czenie nagr&oacute;d i dyplom&oacute;w przez pani\u0105 Dyrektor Agnieszk\u0119 Harpeniuk. Nasze zmagania uwiecznili\u015bmy na zdj\u0119ciach.\n<\/p>\n<p style=\"text-align: justify;\">\n\tngg_shortcode_34_placeholder\n<\/p>\n<p style=\"margin-bottom: 0cm; text-align: center;\">\n\t<strong><span style=\"font-size: 18px;\">,,Podr&oacute;\u017ce po Europie&rdquo; klasy I a<\/span><\/strong>\n<\/p>\n<p style=\"margin-bottom: 0cm; text-align: justify;\">\n\tW ramach programu Comenius kl. I a wraz z wychowawczyni\u0105 p. Ew\u0105 Kurzyd\u0142owsk\u0105 odby\u0142a ,,Podr&oacute;\u017ce po Europie&rdquo; &#8211; Turcji i Hiszpanii. Spotkania te przeprowadzone zosta\u0142y w Gminnej Bibliotece Publicznej w Horodle w miesi\u0105cu wrze\u015bniu i pa\u017adzierniku 2014 roku. Dzieci mia\u0142y okazj\u0119 pozna\u0107 ciekawe miejsca i zabytki obu pa\u0144stw. Wys\u0142ucha\u0142y te\u017c ba\u015bni tureckiej i hiszpa\u0144skiej oraz obejrza\u0142y film animowany ,,Bolek i Lolek w Hiszpanii&rdquo;. Zwie\u0144czeniem obu zaj\u0119\u0107 by\u0142 s\u0142odki pocz\u0119stunek.\n<\/p>\n<p style=\"margin-bottom: 0cm; text-align: justify;\">\n\tDzi\u0119kujemy serdecznie Paniom: Renacie Mochnaczewskiej i Bo\u017cenie Gruszce za mi\u0142e przyj\u0119cie i bardzo ciekawe przeprowadzenie zaj\u0119\u0107 bibliotecznych.\n<\/p>\n<p style=\"margin-bottom: 0cm; text-align: justify;\">\n\t<a href=\"http:\/\/zshorodlo.pl\/wp-content\/uploads\/2013\/02\/IMG_0437.jpg\" rel=\"\" target=\"\" title=\"\"><img loading=\"lazy\" decoding=\"async\" alt=\"IMG_0437\" class=\"size-medium wp-image-6783 alignnone\" height=\"225\" src=\"http:\/\/zshorodlo.pl\/wp-content\/uploads\/2013\/02\/IMG_0437-300x225.jpg\" title=\"\" width=\"300\" srcset=\"https:\/\/zshorodlo.pl\/wp-content\/uploads\/2013\/02\/IMG_0437-300x225.jpg 300w, https:\/\/zshorodlo.pl\/wp-content\/uploads\/2013\/02\/IMG_0437-400x300.jpg 400w, https:\/\/zshorodlo.pl\/wp-content\/uploads\/2013\/02\/IMG_0437.jpg 800w\" sizes=\"(max-width: 300px) 100vw, 300px\" \/><\/a> <a href=\"http:\/\/zshorodlo.pl\/wp-content\/uploads\/2013\/02\/IMG_0438.jpg\"><img loading=\"lazy\" decoding=\"async\" alt=\"IMG_0438\" class=\"alignnone size-medium wp-image-6784\" height=\"225\" src=\"http:\/\/zshorodlo.pl\/wp-content\/uploads\/2013\/02\/IMG_0438-300x225.jpg\" width=\"300\" srcset=\"https:\/\/zshorodlo.pl\/wp-content\/uploads\/2013\/02\/IMG_0438-300x225.jpg 300w, https:\/\/zshorodlo.pl\/wp-content\/uploads\/2013\/02\/IMG_0438-400x300.jpg 400w, https:\/\/zshorodlo.pl\/wp-content\/uploads\/2013\/02\/IMG_0438.jpg 800w\" sizes=\"(max-width: 300px) 100vw, 300px\" \/><\/a> <a href=\"http:\/\/zshorodlo.pl\/wp-content\/uploads\/2013\/02\/IMG_0441.jpg\"><img loading=\"lazy\" decoding=\"async\" alt=\"IMG_0441\" class=\"alignnone size-medium wp-image-6785\" height=\"225\" src=\"http:\/\/zshorodlo.pl\/wp-content\/uploads\/2013\/02\/IMG_0441-300x225.jpg\" width=\"300\" srcset=\"https:\/\/zshorodlo.pl\/wp-content\/uploads\/2013\/02\/IMG_0441-300x225.jpg 300w, https:\/\/zshorodlo.pl\/wp-content\/uploads\/2013\/02\/IMG_0441-400x300.jpg 400w, https:\/\/zshorodlo.pl\/wp-content\/uploads\/2013\/02\/IMG_0441.jpg 800w\" sizes=\"(max-width: 300px) 100vw, 300px\" \/><\/a> <a href=\"http:\/\/zshorodlo.pl\/wp-content\/uploads\/2013\/02\/IMG_0442.jpg\"><img loading=\"lazy\" decoding=\"async\" alt=\"IMG_0442\" class=\"alignnone size-medium wp-image-6786\" height=\"225\" src=\"http:\/\/zshorodlo.pl\/wp-content\/uploads\/2013\/02\/IMG_0442-300x225.jpg\" width=\"300\" srcset=\"https:\/\/zshorodlo.pl\/wp-content\/uploads\/2013\/02\/IMG_0442-300x225.jpg 300w, https:\/\/zshorodlo.pl\/wp-content\/uploads\/2013\/02\/IMG_0442-400x300.jpg 400w, https:\/\/zshorodlo.pl\/wp-content\/uploads\/2013\/02\/IMG_0442.jpg 800w\" sizes=\"(max-width: 300px) 100vw, 300px\" \/><\/a>\n<\/p>\n<p style=\"text-align: center;\">\n\t<span style=\"font-size: 18px;\"><strong>\u015awi\u0119to pieczonego ziemniaka 2014<\/strong><\/span>\n<\/p>\n<p style=\"text-align: justify;\">\n\tTradycyjnie ju\u017c w pierwszych dniach kalendarzowej jesieni w Szkole Podstawowej im. Kr&oacute;la W\u0142adys\u0142awa Jagie\u0142\u0142y w Horodle obchodzone jest \u015awi\u0119to Pieczonego Ziemniaka. Ju\u017c na kilka dni przed ziemniaczan\u0105 imprez\u0105 dzieci przynosi\u0142y do szko\u0142y ziemniaki na ognisko. Opiekunki Samorz\u0105du Uczniowskiego pani Stanis\u0142awa \u015al\u0105zak i pani Jadwiga Bartoszek wsp&oacute;lnie z uczniami &nbsp;przygotowa\u0142y wiele zabaw i konkurencji, gdzie g\u0142&oacute;wnym rekwizytem mia\u0142 by\u0107 ziemniak. W ko\u0144cu nadszed\u0142 oczekiwany przez uczni&oacute;w dzie\u0144 ziemniaczanych zabaw. Ca\u0142a uroczysto\u015b\u0107 odby\u0142a si\u0119 po&nbsp; lekcjach. Uczniowie wraz opiekunami&nbsp; udali si\u0119 na teren przyszkolny, gdzie&nbsp; ju\u017c wcze\u015bniej zosta\u0142o rozpalone ognisko przez pracownika naszej szko\u0142y. Kiedy ziemniaki nabiera\u0142y &nbsp;w ognisku smaku oraz &bdquo;rumie\u0144c&oacute;w&rdquo;, ca\u0142a spo\u0142eczno\u015b\u0107 szkolna uda\u0142a si\u0119 na boisko szkolne, gdzie czeka\u0142y przygotowane wcze\u015bniej ziemniaczane konkurencje: (rzut ziemniakiem do celu, ziemniaczany slalom, sadzenie ziemniak&oacute;w)&hellip; Trzeba przyzna\u0107, \u017ce uczniowie z wielkim zaanga\u017cowaniem brali udzia\u0142 w przygotowanych na ten dzie\u0144 w konkursach i zabawach. W ramach realizacji projektu Comenius &bdquo;W krainie ba\u015bni, bajek i legend&quot; wys\u0142uchali\u015bmy te\u017c &nbsp;bajki o ziemniaku i informacji dotycz\u0105cych potraw ziemniaczanych. Ko\u0144cowym efektem ziemniaczanego \u015bwi\u0119ta by\u0142a degustacja upieczonych ziemniak&oacute;w. Smakowa\u0142y one jak potrawy z najlepszej kuchni \u015bwiata. Wszyscy doskonale si\u0119 bawili przy pi\u0119knej, s\u0142onecznej pogodzie. Wszyscy&nbsp; w wy\u015bmienitych humorach udali si\u0119 do szko\u0142y, gdzie rozpocz\u0119\u0142a si\u0119 dyskoteka szkolna z okazji \u015bwi\u0119ta wszystkich ch\u0142opc&oacute;w.\n<\/p>\n<p style=\"text-align: justify;\">\n\tngg_shortcode_35_placeholder\n<\/p>\n<p style=\"text-align: center;\">\n\t<strong><span style=\"font-size: 18px;\">Dni literatury europejskiej<\/span><\/strong>\n<\/p>\n<p style=\"text-align: justify;\">\n\tW dniach 8 &#8211; 18&nbsp; wrze\u015bnia&nbsp; 2014 r. w Szkole Podstawowej odbywa\u0142y si\u0119 European Literature Days (Dni Literatury Europejskiej) zorganizowane w ramach projektu Comenius &bdquo;W krainie ba\u015bni, bajek i legend&rdquo;. Na korytarzu szkolnym zorganizowano wystaw\u0119 znanych pozycji ksi\u0105\u017ckowych z dzieci\u0119cej literatury europejskiej. W ramach podsumowania tego wydarzenia przeprowadzono g\u0142o\u015bne czytanie ba\u015bni, bajek i legend. Panie Stanis\u0142awa \u015al\u0105zak, Katarzyna Bajerczak oraz Aleksandra Jerzyna zapozna\u0142y uczni&oacute;w &nbsp;z turecka ba\u015bni\u0105 &lsquo;O milcz\u0105cej c&oacute;rce su\u0142tana&rdquo; oraz bajk\u0105 &bdquo;Kopciuszek&rdquo; w j\u0119zyku angielskim. Oto kilka zdj\u0119\u0107 ze wsp&oacute;lnego czytania:\n<\/p>\nngg_shortcode_36_placeholder\n<p style=\"margin-bottom: 0cm; text-align: center;\">\n\t<span style=\"font-size: large;\"><b>Wizyta w Gminnej Bibliotece Publicznej w Horodle<\/b><\/span>\n<\/p>\n<p style=\"margin-bottom: 0cm; font-weight: normal; text-align: justify;\">\n\t<span style=\"font-size: 12px;\">23wrze\u015bnia 20014r. klasa I b SP. <span style=\"font-weight: normal;\"> razem z wychowawczyni\u0105 p. Barbar\u0105 Klamer, w ramach programu Commenius, by\u0142a w GBP by zapozna\u0107 si\u0119 z literatur\u0105 polsk\u0105 i obc\u0105.<\/span><br \/>\n\tPani Renata Mochnaczewska przygotowa\u0142a prezentacj\u0119 multimedialn\u0105, konkurs plastyczny oraz s\u0142odki pocz\u0119stunek. Dzieci mia\u0142y okazj\u0119 do wys\u0142uchania bajki tureckiej o rybaku i d\u017cinie oraz zapoznania si\u0119 z kultur\u0105 tureck\u0105. Jak zwykle atmosfera spotkania by\u0142a bardzo dzieciom przyjazna. Za spotkanie uczniowie klasy<\/span> <span style=\"font-size: 12px;\">I b serdecznie dzi\u0119kuj\u0105 pani bibliotekarce, Renacie Mochnaczewskiej.<\/span>\n<\/p>\n<p style=\"margin-bottom: 0cm; font-weight: normal;\">\n\tngg_shortcode_37_placeholder\n<\/p>\n<p style=\"text-align: center;\">\n\t<strong><span style=\"font-size: 18px;\">Dni literatury europejskiej<\/span><\/strong>\n<\/p>\n<p style=\"text-align: justify;\">\n\tW dniach 26 &ndash; 30 maja 2014 r. w Szkole Podstawowej odbywa\u0142y si\u0119 European Literature Days (Dni Literatury Europejskiej) zorganizowane w ramach projektu Comenius &bdquo;W krainie ba\u015bni, bajek i legend&rdquo;. Na korytarzu szkolnym zorganizowano wystaw\u0119 znanych pozycji ksi\u0105\u017ckowych z dzieci\u0119cej literatury europejskiej. W ramach podsumowania tego wydarzenia, w pi\u0105tek (30 maja), przeprowadzono konkurs czytelniczy, w kt&oacute;rym brali udzia\u0142 przedstawiciele klas IV, V i VI. Uczniowie zaj\u0119li nast\u0119puj\u0105ce miejsca:\n<\/p>\n<p align=\"center\">\n\tI miejsce &ndash; klasa VI\n<\/p>\n<p align=\"center\">\n\tII miejsce &ndash; klasa V\n<\/p>\n<p align=\"center\">\n\tIII miejsce &ndash; klasa IV\n<\/p>\n<p style=\"text-align: justify;\">\n\tUczniowie bior\u0105cy udzia\u0142 w konkursie otrzymali dyplomy klasowe oraz drobne upominki w postaci pomocy dydaktycznych do nauki j\u0119zyka angielskiego.,\n<\/p>\n<p style=\"text-align: justify;\">\n\tngg_shortcode_38_placeholder\n<\/p>\n<p style=\"text-align: center;\">\n\t<strong><span style=\"font-size: 18px;\">Wizyta w Anglii<\/span><\/strong>\n<\/p>\n<p style=\"text-align: justify;\">\n\tDnia 7 kwietnia 2014 r. dwoje uczni&oacute;w z kl. VI &#8211; Aleksandra \u015amia\u0142ko i Mateusz Szewczyk, na czele z Pani\u0105 Dyrektor El\u017cbiet\u0105 Kuczy\u0144sk\u0105, Pani\u0105 Irmin\u0105 Klamer i pani\u0105 Katarzyn\u0105 Bajerczak polecia\u0142o do Anglii w celu z\u0142o\u017cenia wizyty partnerskiej w szkole podstawowej Courthouse Green w Coventry ko\u0142o Birmingham. Uczniowie zostali zakwaterowani u rodzin angielskich nauczycieli, natomiast panie nauczycielki nocowa\u0142y w hotelu Allesley.\n<\/p>\n<p style=\"text-align: justify;\">\n\tPierwszy dzie\u0144 pobytu w szkole by\u0142 niezapomnianym wra\u017ceniem, poniewa\u017c wszyscy (wraz z partnerami z Hiszpanii i Turcji) zostali\u015bmy powitani przed budynkiem szko\u0142y na czerwonym dywanie, gdzie czekali na nas uczniowie tamtejszej szko\u0142y trzymaj\u0105cy flagi pa\u0144stw bior\u0105cych udzia\u0142 w projekcie. Ka\u017cdego dnia mieli\u015bmy okazj\u0119 zwiedza\u0107 nowy budynek szko\u0142y, uczestniczy\u0107 w jej codziennym \u017cyciu i do\u015bwiadczy\u0107 jak\u017ce odmiennego od naszego systemu edukacji. Przebywali\u015bmy na lekcjach w r&oacute;\u017cnych oddzia\u0142ach, uczestniczyli\u015bmy w uroczysto\u015bciach przygotowanych specjalnie na nasz przyjazd. Specjalnie dla nas zorganizowano warsztaty informatyczne z pos\u0142ugiwania si\u0119 aplikacjami do tworzenia ksi\u0105\u017cek oraz szkolenie z &quot;kreatywnego&quot; opowiadania. Ponad to zwiedzali\u015bmy znane miejsca, m.in. s\u0142ynn\u0105 katedr\u0119 w Coventry. Mieli\u015bmy niebywa\u0142\u0105 okazj\u0119 zawita\u0107 w Stratford-upon-Avon, czyli rodzinnej miejscowo\u015bci Williama Szekspira, gdzie zorganizowano dla nas piknik nad rzek\u0105 Avon.\n<\/p>\n<p style=\"text-align: justify;\">\n\tKa\u017cdy dzie\u0144 dostarcza\u0142 nam niezapomnianych wra\u017ce\u0144. Wszyscy zasmakowali\u015bmy w angielskiej kuchni, delektuj\u0105c si\u0119 tradycyjnymi potrawami, m. in.: Sunday roast, fish and chips, full English breakfast czy cauliflower cheese.\n<\/p>\n<p style=\"text-align: justify;\">\n\t11 kwietnia po\u017cegnali\u015bmy si\u0119 z naszymi zagranicznymi przyjaci&oacute;\u0142mi i z \u0142ezk\u0105 w oku, bogaci w nowe do\u015bwiadczenia wr&oacute;cili\u015bmy do Polski.\n<\/p>\n<p style=\"text-align: justify;\">\n\tngg_shortcode_39_placeholder\n<\/p>\n<p style=\"text-align: center;\">\n\t<strong><span style=\"font-size: 18px;\">Wspomnienia z Turcji<\/span><\/strong>\n<\/p>\n<p style=\"text-align: justify;\">\n\t<em>Na 23 lutego 2014r. zaplanowany by\u0142 wyjazd do Turcji. Mieli\u015bmy lecie\u0107 samolotem linii Lufthansa z Warszawy do Ankary z przesiadk\u0105 w Monachium. Pocz\u0105tkowo lot samolotem wydawa\u0142 si\u0119 straszny, ale gdy turbulencje usta\u0142y by\u0142o ju\u017c ca\u0142kiem fajnie. Widoki z okna robi\u0142y wra\u017cenie. Podr&oacute;\u017c zako\u0144czyli\u015bmy noc\u0105. Turcja noc\u0105 wydawa\u0142a si\u0119 tajemnicza.&nbsp; <\/em>\n<\/p>\n<p style=\"text-align: justify;\">\n\t<em>&nbsp;&nbsp;&nbsp;&nbsp;&nbsp;&nbsp;&nbsp;&nbsp;&nbsp;&nbsp;&nbsp; Na miejscu, po przyje\u017adzie do naszych rodzin, gdzie mieli\u015bmy sp\u0119dzi\u0107 cztery dni, mi\u0142o nas powitano. Mieszka\u0142em u super rodziny, w kt&oacute;rej by\u0142 dziewi\u0119cioletni ch\u0142opiec. <\/em>\n<\/p>\n<p style=\"text-align: justify;\">\n\t<em>&nbsp;&nbsp;&nbsp;&nbsp;&nbsp;&nbsp;&nbsp;&nbsp;&nbsp;&nbsp;&nbsp; Ka\u017cdego dnia zwiedzali\u015bmy znane tureckie miejsca, np. Mauzoleum Ata&nbsp; Turka, G&oacute;r\u0119 Wojny (im wy\u017cej tym wi\u0119ksze by\u0142y kolumny), zobaczyli\u015bmy muzeum sztuki antycznej w Gordion &#8211; frygijskie staro\u017cytne miasto&nbsp; &#8211; okolice Polatli, kt&oacute;ro powi\u0105zane jest z legend\u0105 o kr&oacute;lu Midasie &#8211; widzieli\u015bmy jego grobowiec. Widzieli\u015bmy r&oacute;wnie\u017c defilad\u0119 wojska tureckiego, byli\u015bmy w meczecie.<\/em>\n<\/p>\n<p style=\"text-align: justify;\">\n\t<em>&nbsp;&nbsp;&nbsp;&nbsp;&nbsp;&nbsp;&nbsp;&nbsp;&nbsp;&nbsp;&nbsp; Codziennie jedli\u015bmy tradycyjne tureckie jedzenie. Potrawy by\u0142y bardzo pikantne, pili\u015bmy du\u017co herbaty w tradycyjnej szklance przypominaj\u0105cej tulipana.<\/em>\n<\/p>\n<p style=\"text-align: justify;\">\n\t<em>&nbsp;&nbsp;&nbsp;&nbsp;&nbsp;&nbsp;&nbsp;&nbsp;&nbsp;&nbsp;&nbsp; Na powitanie uczniowie przygotowali wyst\u0119py artystyczne, w kt&oacute;rych uczniowie byli przebrani za bohater&oacute;w ba\u015bniowych &#8211; rozpoznali\u015bmy Kr&oacute;lewn\u0119 \u015anie\u017ck\u0119 i&nbsp; Siedmiu Krasnoludk&oacute;w, Roszpunk\u0119, Czerwonego Kapturka. Pokazali nam taniec pingwin&oacute;w, gra\u0142a turecka orkiestra wojskowa. <\/em>\n<\/p>\n<p style=\"text-align: justify;\">\n\t<em>&nbsp;&nbsp;&nbsp;&nbsp;&nbsp;&nbsp;&nbsp;&nbsp;&nbsp;&nbsp;&nbsp; Zwiedzali\u015bmy szko\u0142\u0119, w kt&oacute;re \u015bciany ozdobione by\u0142y pracami plastycznymi uczni&oacute;w. Organizatorzy zabrali nas na warsztaty gry na ba\u011flama &ndash; instrumencie strunowym, malowali\u015bmy r&oacute;wnie\u017c kwiaty na wodzie &#8211; sztuka ta nazywa si\u0119 Ebru &#8211; malowanie farbami po wodzie &#8211; tradycyjna sztuka ludowa.<\/em>\n<\/p>\n<p style=\"text-align: justify;\">\n\t<em>&nbsp;&nbsp;&nbsp;&nbsp;&nbsp;&nbsp;&nbsp;&nbsp;&nbsp;&nbsp;&nbsp; Wycieczka do Turcji by\u0142a bardzo ciekawa i zmotywowa\u0142a mnie do rozm&oacute;w i porozumiewania si\u0119 w j\u0119zyku angielskim, pozna\u0142em tamtejsza kultur\u0119. Rodzina u kt&oacute;rej mieszka\u0142em zaprosi\u0142a mnie bym ja kiedy\u015b odwiedzi\u0142. By\u0107 mo\u017ce to kiedy\u015b zrobi\u0119.<\/em>\n<\/p>\n<p style=\"text-align: center;\">\n\t<em>&nbsp;&nbsp;&nbsp;&nbsp;&nbsp;&nbsp;&nbsp;&nbsp;&nbsp;&nbsp;&nbsp;&nbsp;&nbsp;&nbsp;&nbsp;&nbsp;&nbsp;&nbsp;&nbsp;&nbsp;&nbsp;&nbsp;&nbsp;&nbsp;&nbsp;&nbsp;&nbsp;&nbsp;&nbsp;&nbsp;&nbsp;&nbsp;&nbsp;&nbsp;&nbsp;&nbsp;&nbsp;&nbsp;&nbsp;&nbsp;&nbsp;&nbsp;&nbsp;&nbsp;&nbsp;&nbsp;&nbsp;&nbsp;&nbsp;&nbsp;&nbsp;&nbsp;&nbsp;&nbsp;&nbsp;&nbsp;&nbsp;&nbsp;&nbsp;&nbsp;&nbsp;&nbsp;&nbsp;&nbsp;&nbsp;&nbsp;&nbsp;&nbsp;&nbsp;&nbsp;&nbsp;&nbsp;&nbsp;&nbsp;&nbsp;&nbsp;&nbsp;&nbsp; &nbsp;&nbsp;&nbsp;&nbsp;&nbsp;&nbsp;&nbsp;&nbsp;&nbsp;&nbsp;&nbsp;&nbsp;&nbsp;&nbsp;&nbsp;&nbsp;&nbsp;&nbsp;&nbsp;&nbsp;&nbsp;&nbsp;&nbsp;&nbsp;&nbsp;&nbsp;&nbsp;&nbsp;&nbsp;&nbsp;&nbsp;&nbsp;&nbsp;&nbsp;&nbsp;&nbsp;&nbsp;&nbsp;&nbsp;&nbsp;&nbsp;&nbsp;&nbsp;&nbsp;&nbsp;&nbsp;&nbsp;&nbsp;&nbsp;&nbsp;&nbsp;&nbsp;&nbsp;&nbsp;&nbsp;&nbsp;&nbsp;&nbsp;&nbsp;&nbsp;&nbsp;&nbsp;&nbsp;&nbsp;&nbsp;&nbsp;&nbsp;&nbsp;&nbsp;&nbsp;&nbsp;Miko\u0142aj Papierz<\/em>\n<\/p>\n<p>\n\t<em>ngg_shortcode_40_placeholder<\/em>\n<\/p>\n<p style=\"text-align: center;\">\n\t<strong><span style=\"font-size: 18px;\">Festiwal ba\u015bni, bajek i legend<\/span><\/strong>\n<\/p>\n<p style=\"text-align: justify;\">\n\t&nbsp;&nbsp;&nbsp;&nbsp;&nbsp;&nbsp;&nbsp;&nbsp;&nbsp;&nbsp;&nbsp;&nbsp;&nbsp;&nbsp; Dnia 5 kwietnia 2014 r. Szko\u0142a Podstawowa im. Kr&oacute;la w W\u0142adys\u0142awa Jagie\u0142\u0142y w Horodle, przy wsp&oacute;\u0142pracy Gminnego Domu Kultury i pod patronatem W&oacute;jta Gminy Horod\u0142o , zorganizowa\u0142a w ramach projektu Comenius&nbsp; festiwal &quot;W krainie ba\u015bni, bajek i legend&quot; . Udzia\u0142 w imprezie wzi\u0119li uczniowie klas 0 -VI oraz maluchy z Samorz\u0105dowego Przedszkola w Strzy\u017cowie. Dzieci wystawia\u0142y przedstawienia teatralne na motywach znanych ba\u015bni.\n<\/p>\n<p style=\"text-align: justify;\">\n\t&nbsp;&nbsp;&nbsp;&nbsp;&nbsp;&nbsp;&nbsp;&nbsp;&nbsp;&nbsp;&nbsp;&nbsp; Na otwarcie festiwalu&nbsp; przedstawiono bajk\u0119 w j\u0119zyku angielskim&nbsp; &bdquo;Czerwony Kapturek&rdquo; &#8211;&nbsp; &bdquo;Little Red Riding Hood&rdquo; (poza konkursem).&nbsp;&nbsp; Bajk\u0119 przedstawili uczniowie kl. VI przygotowani przez Panie Katarzyn\u0119 Bajerczak oraz Aleksandr\u0119 Jerzyn\u0119.\n<\/p>\n<p style=\"text-align: justify;\">\n\t&nbsp;&nbsp;&nbsp;&nbsp;&nbsp;&nbsp;&nbsp;&nbsp;&nbsp;&nbsp;&nbsp;&nbsp;&nbsp;&nbsp;&nbsp; W\u015br&oacute;d najm\u0142odszych I miejsce zaj\u0119\u0142y dzieci z grupy 6-latk&oacute;w z Zespo\u0142u Szk&oacute;\u0142 w Horodle przygotowywane przez Pani\u0105 Ew\u0119 Kurzyd\u0142owsk\u0105, kt&oacute;re zaprezentowa\u0142y sztuk\u0119 &quot; Pasa\u017cerowie lokomotywy&quot;. Tu\u017c za nimi uplasowa\u0142y si\u0119 przedszkolaki ze Strzy\u017cowa przygotowywane przez Pani\u0105 Beat\u0119 Dum\u0119. III miejsce zaj\u0119\u0142a grupa 5- latk&oacute;w ze szko\u0142y w Horodle, kt&oacute;r\u0105 przygotowa\u0142a Pani Jadwiga Bartoszek.\n<\/p>\n<p style=\"text-align: justify;\">\n\t&nbsp;&nbsp;&nbsp;&nbsp;&nbsp;&nbsp;&nbsp;&nbsp;&nbsp;&nbsp;&nbsp;&nbsp;&nbsp;&nbsp;&nbsp; W kategorii klas I- III &nbsp;I miejsce zaj\u0119\u0142a klasa III &quot;a&quot;, kt&oacute;ra zaprezentowa\u0142a si\u0119 przedstawieniem pt. &quot;Weso\u0142a Ludwika&quot;. Uczni&oacute;w przygotowywa\u0142a Pani Cecylia Marzec. II miejsce przypad\u0142o klasie I &quot;b&quot;, kt&oacute;ra pod czujnym okiem Pani Irminy Klamer wystawi\u0142a &quot;Czerwonego Kapturka inaczej&quot;.&nbsp; W\u015br&oacute;d nagrodzonych znalaz\u0142a si\u0119 te\u017c klasa II, kt&oacute;r\u0105 przygotowywa\u0142a Pani El\u017cbieta Bielecka. W kategorii klas IV-VI I miejsce przypad\u0142o grupie uczni&oacute;w, kt&oacute;rzy przy wsp&oacute;\u0142pracy z Pani\u0105 Stanis\u0142aw\u0105 \u015al\u0105zak i Pani\u0105 Agnieszk\u0119 \u0141askarzewsk\u0105 wystawili&nbsp; &quot;Ksi\u0119\u017cniczk\u0119 na ziarnku grochu&quot;.\n<\/p>\n<p>\n\tImprezie towarzyszy\u0142 r&oacute;wnie\u017c pocz\u0119stunek w postacie kanapek i zapiekanek przygotowanych przez rodzic&oacute;w.\n<\/p>\nngg_shortcode_41_placeholder\n<p style=\"text-align: center;\">\n\t<strong><span style=\"font-size: 18px;\">Zaproszenie<\/span><\/strong>\n<\/p>\n<p align=\"center\">\n\tSzanowni Dyrektorzy, Nauczyciele i Uczniowie !\n<\/p>\n<p align=\"center\">\n\tZesp&oacute;\u0142 Szk&oacute;\u0142 w Horodle\n<\/p>\n<p align=\"center\">\n\tma zaszczyt zaprosi\u0107 do udzia\u0142u w Festiwalu Teatralnym\n<\/p>\n<p align=\"center\">\n\t<strong>&nbsp;&bdquo; W krainie ba\u015bni, bajek i legend &rdquo;<\/strong>\n<\/p>\n<p align=\"center\">\n\tKt&oacute;ry odb\u0119dzie si\u0119&nbsp;&nbsp; <strong>5 kwietnia 2014 r.<\/strong>\n<\/p>\n<p align=\"center\">\n\tw Domu Kultury w Horodle\n<\/p>\n<p align=\"center\">\n\tPatronat honorowy obj\u0105\u0142 W&oacute;jt Gminy Horod\u0142o\n<\/p>\n<p align=\"center\">\n\tPan Krzysztof Bo\u017cek\n<\/p>\n<p align=\"center\">\n\t<strong>CELEM FESTIWALU JEST:<\/strong>\n<\/p>\n<p style=\"text-align: justify;\">\n\t1. Uwra\u017cliwienie dzieci i m\u0142odzie\u017cy na pi\u0119kno s\u0142owa pisanego i m&oacute;wionego.<br \/>\n\t2. Pobudzenie zainteresowania ksi\u0105\u017ck\u0105, jako \u017ar&oacute;d\u0142em wiedzy i prze\u017cy\u0107.<br \/>\n\t3. Rozbudzenie wyobra\u017ani w kierunku poszukiwania r&oacute;\u017cnorodnych rozwi\u0105za\u0144 artystycznych, s\u0142u\u017c\u0105cych scenicznej prezentacji wybranego utworu literackiego z mo\u017cliwo\u015bci\u0105 wykorzystania \u015brodk&oacute;w charakterystycznych dla ma\u0142ych form.<br \/>\n\t4. Stworzenie mo\u017cliwo\u015bci rozwijania zdolno\u015bci i zdobywania nowych umiej\u0119tno\u015bci&nbsp; artystycznych.<br \/>\n\t<a href=\"http:\/\/zshorodlo.pl\/wp-content\/uploads\/2013\/02\/R-E-G-U-L-A-M-I-N.pdf\">R E G U L A M I N FESTIWALU<\/a>\n<\/p>\n<p style=\"text-align: center;\">\n\t<span style=\"font-size: 18px;\">Akcja czytania ba\u015bni, bajek i legend w j\u0119zyku angielskim<\/span>\n<\/p>\n<p style=\"text-align: justify;\">\n\tW lutym ruszy\u0142a akcja czytania ba\u015bni, bajek i legend na zaj\u0119ciach j\u0119zyka angielskiego. Akcja ta odbywa\u0142a si\u0119 w ramach realizacji projektu Comenius &bdquo;In the land of fables, fairy tales and legends&rdquo;. Uczniowie czytali znane bajki i ba\u015bnie w j\u0119zyku angielskim.\n<\/p>\n<p>\n\tOto kilka zdj\u0119\u0107:\n<\/p>\nngg_shortcode_42_placeholder\n<p style=\"text-align: center;\">\n\t<span style=\"font-size: 18px;\"><strong>&bdquo;WR&Oacute;\u017bKA DOBRA RADA I JEJ RADY&rdquo;<\/strong><\/span>\n<\/p>\n<p style=\"text-align: justify;\">\n\t&nbsp;&nbsp;&nbsp;&nbsp;&nbsp; Dnia 25.02.2014r. nasz\u0105 szko\u0142\u0119 odwiedzili niezwykli go\u015bcie &ndash; aktorzy ze Studium Teatralnego w Bia\u0142ymstoku. &nbsp;Podczas inscenizacji &nbsp;zaprezentowali uczniom i przedszkolakom przyk\u0142ady negatywnych zachowa\u0144, mi\u0119dzy innymi gadulstwo, brak dba\u0142o\u015bci o higien\u0119, narzekanie i marudzenie, k\u0142&oacute;tliwo\u015b\u0107 czy te\u017c brak pos\u0142usze\u0144stwa wobec rodzic&oacute;w. &bdquo;Wr&oacute;\u017cka Dobra Rada i jej rady&rdquo;, bo taki tytu\u0142 mia\u0142o przedstawienie, zosta\u0142 entuzjastycznie przyj\u0119ty przez m\u0142odych widz&oacute;w i grono pedagogiczne. Przyst\u0119pna forma przekazywanych tre\u015bci umo\u017cliwi\u0142a uczestnicz\u0105cym w imprezie dzieciom nie tylko dokonanie oceny zachowania bohater&oacute;w przedstawienia, ale r&oacute;wnie\u017c skonfrontowanie ich ze swoim sposobem bycia i post\u0119powania na co dzie\u0144.<br \/>\n\tngg_shortcode_43_placeholder\n<\/p>\n<p style=\"text-align: center;\">\n\t<span style=\"font-size: 18px;\"><strong>Konkurs czytelniczy ,,Mistrz Pi\u0119knego Czytania&rdquo;<\/strong><\/span>\n<\/p>\n<p style=\"text-align: justify;\">\n\t20 lutego 2014 r. w Gminnej Bibliotece Publicznej w Horodle odby\u0142 si\u0119 konkurs czytelniczy dla uczni&oacute;w klas III szko\u0142y podstawowej. W konkursie wzi\u0119\u0142y udzia\u0142 klasy III a i III b z Zespo\u0142u Szk&oacute;\u0142 w Horodle. Jak zwykle pani bibliotekarka Renata Mochnaczewska stworzy\u0142a bardzo przyjazne warunki i ciep\u0142\u0105 atmosfer\u0119. Dzieci by\u0142y bardzo zadowolone z konkursu. Wszyscy uczestnicy dostali ksi\u0105\u017cki i dyplomy .Laureatk\u0105 konkursu zosta\u0142a Ma\u0142gorzata Mochnaczewska. Uczni&oacute;w do konkursu przygotowywa\u0142y wychowawczynie pani Cecylia Marzec i pani Barbara Klamer.\n<\/p>\n<p style=\"text-align: justify;\">\n\tngg_shortcode_44_placeholder\n<\/p>\n<p style=\"text-align: center;\">\n\t<span style=\"font-size: 18px;\"><span style=\"font-family: 'Times New Roman',serif;\"><strong>UCZNIOWIE W KINIE STYLOWY<\/strong><\/span><\/span>\n<\/p>\n<p style=\"text-align: justify;\">\n\t<span style=\"font-family: 'Times New Roman', serif;\">&nbsp;&nbsp;&nbsp;&nbsp;&nbsp;&nbsp; <span style=\"font-size: 14px;\">Dnia 18.02.2014r. uczniowie klas IV-VI pod opiek\u0105 Pana Dariusza Tuza, Pani Gertrudy Kasprzak i Pani Agnieszki \u0141askarzewskiej udali si\u0119 do Zamo\u015bcia, gdzie w kinie &bdquo;Stylowy&rdquo; obejrzeli film animowany &bdquo;LEGO. Przygoda&rdquo; , kt&oacute;ry opowiada histori\u0119 Emmeta, zwyczajnej, niewychylaj\u0105cej si\u0119 i zupe\u0142nie przeci\u0119tnej minifigurki LEGO, kt&oacute;r\u0105 przypadkowo wzi\u0119to za bardzo niezwyk\u0142\u0105 posta\u0107, stanowi\u0105c\u0105 klucz do ocalenia ca\u0142ego \u015bwiata. W ten spos&oacute;b Emmet do\u0142\u0105cza do niesamowitej dru\u017cyny, kt&oacute;ra ma do wykonania pe\u0142n\u0105 przyg&oacute;d i niebezpiecze\u0144stw misj\u0119 powstrzymania z\u0142owrogiego tyrana &ndash; misj\u0119, do kt&oacute;rej Emmet jest kompletnie i przezabawnie nieprzygotowany. Bajka wywar\u0142a na uczniach du\u017ce wra\u017cenie, szczeg&oacute;lnie, \u017ce niekt&oacute;rzy z nich pierwszy raz mogli obejrze\u0107 produkcj\u0119 wykonan\u0105 w systemie 3D. <\/span><\/span><br \/>\n\tngg_shortcode_45_placeholder\n<\/p>\n<p style=\"text-align: center;\">\n\t<span style=\"font-size: 18px;\">Sprawozdanie z konkurs&oacute;w czytelniczych.<\/span>\n<\/p>\n<p style=\"text-align: left;\">\n\t<a href=\"http:\/\/zshorodlo.pl\/wp-content\/uploads\/2013\/02\/Regulamin-szkolnego-Konkursu-Plastycznego.pdf\">Regulamin szkolnego Konkursu Plastycznego<\/a>\n<\/p>\n<p style=\"text-align: justify;\">\n\t&nbsp;&nbsp;&nbsp; W bibliotece Szko\u0142y Podstawowej im. Kr&oacute;la W\u0142adys\u0142awa Jagie\u0142\u0142y w Horodle w grudniu i styczniu odbywa\u0142y si\u0119 liczne konkursy czytelnicze i plastyczne dla uczni&oacute;w naszej szko\u0142y. Dzieci z oddzia\u0142u przedszkolnego grupy 6-latk&oacute;w bra\u0142y udzia\u0142 w konkursie plastycznym pt.&rdquo;Najpi\u0119kniejsza ilustracja do legendy o Smoku Wawelskim&rdquo;. Wszystkie prace by\u0142y bardzo \u0142adne , ale komisja wybra\u0142a naj\u0142adniejsze uwzgl\u0119dniaj\u0105c staranno\u015b\u0107, pomys\u0142owo\u015b\u0107 oraz inwencj\u0119 tw&oacute;rcz\u0105 dzieci i przyzna\u0142a nagrody:\n<\/p>\n<p>\n\tI m &ndash; Wojciechowska Julka\n<\/p>\n<p>\n\tII m- Szumiata Weronika\n<\/p>\n<p>\n\tIII m- Wr&oacute;bel Amelka\n<\/p>\n<p>\n\tS\u0142awi\u0144ska Nikola\n<\/p>\n<p>\n\tNatomiast uczniowie klasy II zmagali si\u0119 z pytaniami w konkursie czytelniczym &bdquo;Kubu\u015b Puchatek i przyjaciele&rdquo;. Najlepsi okazali si\u0119 :\n<\/p>\n<p>\n\tI m-Gabriela Grabowska\n<\/p>\n<p>\n\tII m- egzekwo : Ewelina Szpyrka, Jakub Rydel, Oliwia Ju\u017awiak\n<\/p>\n<p>\n\tIII m- Patrycja Baraniuk\n<\/p>\n<p>\n\tW zmaganiach konkursu czytelniczego uczestniczyli r&oacute;wnie\u017c uczniowie klasy VI. Konkurs czytelniczy pt. &bdquo; Nie daj plamy &rdquo; mia\u0142 charakter pisemny i&nbsp; polega\u0142 na operowaniu przys\u0142owiami polskimi pojawiaj\u0105cymi si\u0119 w codziennym \u017cyciu. Najlepsi okazali si\u0119 :\n<\/p>\n<p>\n\tI m- Ulanicki Piotr i Bartosz Szargan\n<\/p>\n<p>\n\tII m- Magierka Magdalena\n<\/p>\n<p>\n\tIII m- Stepaniuk Natalia\n<\/p>\n<p style=\"text-align: left;\">\n\tWszystkim laureatom serdecznie gratulujemy.\n<\/p>\n<p style=\"text-align: left;\">\n\tngg_shortcode_46_placeholder\n<\/p>\n<p style=\"text-align: center;\">\n\t<span style=\"font-size: 18px;\">Bal Maskowy<\/span>\n<\/p>\n<p>\n\t<a href=\"http:\/\/zshorodlo.pl\/wp-content\/uploads\/2013\/02\/Regulamin-BALU-KARNAWA\u0141OWEGO.pdf\">Regulamin BALU KARNAWA\u0141OWEGO<\/a>\n<\/p>\n<p style=\"text-align: justify;\">\n\t&nbsp;&nbsp;&nbsp; Karnawa\u0142 to czas rado\u015bci i rozrywki. Zar&oacute;wno mali, jak i duzi czekaj\u0105 okazji, aby si\u0119 zabawi\u0107. \u015awietn\u0105 ku temu okazj\u0105 jest niew\u0105tpliwie zabawa choinkowa, kt&oacute;ra w naszej szkole odby\u0142a si\u0119 w sobot\u0119 11 stycznia.<br \/>\n\tW tym dniu sto\u0142&oacute;wka szkolna zmieni\u0142a si\u0119 w sal\u0119 taneczn\u0105, bajecznie ozdobion\u0105 kolorowymi balonami i serpentynami. Opraw\u0105 muzyczna zaj\u0119li si\u0119 starsi koledzy z liceum wcielaj\u0105c si\u0119 w rol\u0119 dj-&oacute;w, a nasi niezast\u0105pieni rodzice &ndash; przygotowaniem pocz\u0119stunk&oacute;w w klasach.<br \/>\n\tZ wielk\u0105 niecierpliwo\u015bci\u0105 na zabaw\u0119 choinkow\u0105 czekali uczniowie, zw\u0142aszcza klas m\u0142odszych, w uwagi na og\u0142oszony przez szko\u0142\u0119 konkurs na najciekawsze przebranie za bohatera ba\u015bni, bajki lub legendy.<br \/>\n\tW\u015br&oacute;d radosnych i rozbieganych maluch&oacute;w mo\u017cna by\u0142o odnale\u017a\u0107 barwne motyle, dobre wr&oacute;\u017cki, urzekaj\u0105ce ksi\u0119\u017cniczki. Nie zabrak\u0142o odwa\u017cnych Batman&oacute;w, spiderman&oacute;w, kowboj&oacute;w i pirat&oacute;w. Wielkich emocji dostarczy\u0142o rozstrzygni\u0119cie konkursu na najlepsze przebranie.&nbsp; Pierwsze miejsce w tej kategorii zaj\u0105\u0142 Sebastian Wr&oacute;bel, drugie Julia Rudawska &ndash; przebrana za Szecherezad\u0119, trzecie &ndash; Bartek Mrozowski (pirat).<br \/>\n\tPonadto jury wybra\u0142o r&oacute;wnie\u017c: Kr&oacute;la i Kr&oacute;low\u0105 balu, kt&oacute;rymi zostali Maciek Patyjewicz i Ma\u0142gosia Mochnaczewska, Miss i Mistera szko\u0142y &ndash; Julka Papierz i Dawid Michalczuk, Miss Publiczno\u015bci &ndash; Kinga Bobczuk. Mistera foto &ndash; Pawe\u0142 Jerzyna.<br \/>\n\tZwyci\u0119zcy otrzymali korony i pami\u0105tkowe szarfy ufundowane przez Rad\u0119 Rodzic&oacute;w. Ka\u017cdy uczestnik balu otrzyma\u0142 batonik.\n<\/p>\nngg_shortcode_47_placeholder\n<p style=\"text-align: center;\">\n\t<span style=\"font-size: 18px;\">Konkursu&nbsp; na ok\u0142adk\u0119 zbioru opowiada\u0144<\/span>\n<\/p>\n<p>\n\t<a href=\"http:\/\/zshorodlo.pl\/wp-content\/uploads\/2013\/02\/ZESP\u00d3\u0141-SZK\u00d3\u0141-W-HORODLE.pdf\">Regulamin konkursu<\/a>\n<\/p>\n<p style=\"text-align: justify;\">\n\t&nbsp;&nbsp;&nbsp;&nbsp;&nbsp; Dnia&nbsp; 16.01.2014 roku zosta\u0142y og\u0142oszone wyniki konkursu&nbsp; na ok\u0142adk\u0119 zbioru opowiada\u0144 inspirowanych opowiadaniem &bdquo;Dziewczynka z zapa\u0142kami&rdquo;. Konkurs przeprowadzono w ramach projektu Comenius&nbsp; &bdquo;W KRAINIE BA\u015aNI, BAJEK I GEND&rdquo;.\n<\/p>\n<p>\n\tLaureatami konkursu zostali:\n<\/p>\n<p>\n\tMa\u0142gorzata Bojarska kl.V\n<\/p>\n<p>\n\tPatrycja Wo\u017cnica kl.V\n<\/p>\n<p>\n\tPawe\u0142 Jerzyna kl.IV\n<\/p>\n<p>\n\tOto prace konkursowe:&nbsp; ngg_shortcode_48_placeholder\n<\/p>\n<p style=\"text-align: center;\">\n\t<span style=\"font-size: 18px;\">Bajki pisane przez naszych uczni&oacute;w<\/span>\n<\/p>\n<p style=\"text-align: justify;\">\n\t<a href=\"http:\/\/zshorodlo.pl\/wp-content\/uploads\/2013\/02\/WIELKI-BAL.pdf\">WIELKI BAL<\/a><br \/>\n\t<a href=\"http:\/\/zshorodlo.pl\/wp-content\/uploads\/2013\/02\/BA\u015a\u0143-O-WARTO\u015aCI-PRZYJA\u0179NI.pdf\">BA\u015a\u0143 O WARTO\u015aCI PRZYJA\u0179NI<\/a><br \/>\n\t<a href=\"http:\/\/zshorodlo.pl\/wp-content\/uploads\/2013\/02\/CH\u0141OPIEC-Z-ZAPA\u0141KAM1.pdf\">CH\u0141OPIEC Z ZAPA\u0141KAM1<\/a><br \/>\n\t<a href=\"http:\/\/zshorodlo.pl\/wp-content\/uploads\/2013\/02\/DZIADEK.pdf\">DZIADEK<\/a><br \/>\n\t<a href=\"http:\/\/zshorodlo.pl\/wp-content\/uploads\/2013\/02\/KSI\u0118\u017bNICZKA-Z-ZAPA\u0141KAMI.pdf\">KSI\u0118\u017bNICZKA Z ZAPA\u0141KAMI<\/a><br \/>\n\t<a href=\"http:\/\/zshorodlo.pl\/wp-content\/uploads\/2013\/02\/M\u0141YNARZ-O-DOBRYM-SERCU.pdf\">M\u0141YNARZ O DOBRYM SERCU<\/a><br \/>\n\t<a href=\"http:\/\/zshorodlo.pl\/wp-content\/uploads\/2013\/02\/NIEPOTRZEBNE-DZIECKO.pdf\">NIEPOTRZEBNE DZIECKO<\/a><br \/>\n\t<a href=\"http:\/\/zshorodlo.pl\/wp-content\/uploads\/2013\/02\/O-DZIEWCZYNCE-KT\u00d3RA.pdf\">O DZIEWCZYNCE, KT&Oacute;RA<\/a><br \/>\n\t<a href=\"http:\/\/zshorodlo.pl\/wp-content\/uploads\/2013\/02\/O-BIEDNEJ-DZIEWCZYNCE.pdf\">O BIEDNEJ DZIEWCZYNCE<\/a><br \/>\n\t<a href=\"http:\/\/zshorodlo.pl\/wp-content\/uploads\/2013\/02\/ROSE-I-BELLA.pdf\">ROSE I BELLA<\/a><br \/>\n\t<a href=\"http:\/\/zshorodlo.pl\/wp-content\/uploads\/2013\/02\/SKARBONKA-Z-ZAPA\u0141KAMI-I-TAJMNICA-\u015aWI\u0118TEGO-MIKO\u0141AJA.pdf\">SKARBONKA Z ZAPA\u0141KAMI I TAJMNICA \u015aWI\u0118TEGO MIKO\u0141AJA<\/a><br \/>\n\t<a href=\"http:\/\/zshorodlo.pl\/wp-content\/uploads\/2013\/02\/SPE\u0141NIONE-MARZENIE.pdf\">SPE\u0141NIONE MARZENIE<\/a><br \/>\n\t<a href=\"http:\/\/zshorodlo.pl\/wp-content\/uploads\/2013\/02\/UZDOLNIONE-DZIECKO.pdf\">UZDOLNIONE DZIECKO<\/a>\n<\/p>\n<p style=\"text-align: center;\">\n\t<span style=\"font-size: 18px;\">Wycieczka do Biblioteki Publicznej<\/span>\n<\/p>\n<p style=\"text-align: justify;\">\n\t&nbsp;&nbsp;&nbsp;&nbsp;&nbsp; Dnia&nbsp; 22&nbsp; XI&nbsp; 2013r.&nbsp; klasa III a uda\u0142a si\u0119 do Biblioteki Publicznej. Pani bibliotekarka zapozna\u0142a dzieci z ksi\u0119gozbiorem i pokaza\u0142a gdzie mo\u017cna znale\u017a\u0107 ksi\u0105\u017cki z bajkami i legendami. Nast\u0119pnie dzieci wys\u0142ucha\u0142y legendy pt. &bdquo;Lwy z Gda\u0144ska&rdquo; i rozwi\u0105zywa\u0142y krzy\u017c&oacute;wk\u0119 dotycz\u0105c\u0105 jej tre\u015bci. Na zako\u0144czenie uczniowie mogli wypo\u017cyczy\u0107 sobie wybrane ksi\u0105\u017ceczki.\n<\/p>\nngg_shortcode_49_placeholder\n<p style=\"margin-bottom: 0cm; text-align: center;\">\n\t<span style=\"font-size: 18px;\">Wizyta w Gminnej Bibliotece Publicznej w Horodle &#8211; klasy I b i III b S.P.<\/span>\n<\/p>\n<p>\n\t&nbsp;\n<\/p>\n<p style=\"margin-bottom: 0cm; text-align: justify;\">\n\t&nbsp;&nbsp;&nbsp;&nbsp;&nbsp; W listopadzie uczniowie z klasy I b i III b Szko\u0142y Podstawowej w Horodle odwiedzi\u0142y razem z wychowawczyniami Irmin\u0105 Klamer i Barbar\u0105 Klamer Gminn\u0105 Bibliotek\u0119 Publiczn\u0105 w Horodle. Dla wielu z nich by\u0142o to kolejne spotkanie w bibliotece. Pani bibliotekarka Renata Mochnaczewska bardzo ciep\u0142o wszystkich powita\u0142a, przypomnia\u0142a dzieciom o pracy w bibliotece, o tym czego nie wolno robi\u0107 , jak dba\u0107 o wypo\u017cyczone ksi\u0105\u017cki. Nast\u0119pnie wyj\u0119\u0142a z p&oacute;\u0142ek ksi\u0105\u017cki dla dzieci i ka\u017cdy m&oacute;g\u0142 sobie wybra\u0107 co\u015b dla siebie. Potem dzieci wys\u0142ucha\u0142y fragmentu ba\u015bni pt:,,Z\u0142otow\u0142osa i trzy nied\u017awiadki&rdquo; czytanej przez bibliotekark\u0119 i ch\u0119tnych uczni&oacute;w.<br \/>\n\tNa koniec uczniowie mieli zorganizowany s\u0142odki pocz\u0119stunek i dosta\u0142y lizaki za kulturalne zachowanie si\u0119 w bibliotece.<br \/>\n\tSpotkanie odby\u0142o si\u0119 w bardzo serdecznej atmosferze, a dzieci obieca\u0142y, \u017ce na pewno jeszcze nie raz bibliotek\u0119 odwiedz\u0105.<br \/>\n\tTo by\u0142o bardzo ciekawe spotkanie, za kt&oacute;re pani Renacie Mochnaczewskiej serdecznie dzi\u0119kujemy.<br \/>\n\tngg_shortcode_50_placeholder\n<\/p>\n<p style=\"text-align: center;\">\n\t<span style=\"font-size: 18px;\"><strong><em>\u015awi\u0119to Ksi\u0105\u017cki<\/em><\/strong><\/span>\n<\/p>\n<p style=\"text-align: justify;\">\n\t&nbsp;&nbsp;&nbsp;&nbsp;&nbsp; Dnia 21 XI 2013 r. klasa III a zorganizowa\u0142a &bdquo;\u015awi\u0119to Ksi\u0105\u017cki&rdquo;. Uczniowie przynie\u015bli swoje ulubione ksi\u0105\u017cki,&nbsp; nast\u0119pnie wymienili si\u0119 nimi. Dzieci bra\u0142y udzia\u0142 w r&oacute;\u017cnych zabawach pod has\u0142em &bdquo;Z ksi\u0105\u017ck\u0105 na weso\u0142o&rdquo;, wciela\u0142y si\u0119 w postaci z bajek i odgrywa\u0142y scenki. Potem z\u0142o\u017cy\u0142y wizyt\u0119 w bibliotece szkolnej, gdzie s\u0142ucha\u0142y legend i ba\u015bni oraz wykonywa\u0142y prace plastyczne.\n<\/p>\n<p style=\"text-align: center;\">\n\t<span style=\"font-size: 18px;\">Horodelska&nbsp; Legenda<\/span>\n<\/p>\n<p style=\"text-align: justify;\">\n\tW miesi\u0105cu listopadzie poszukiwali\u015bmy informacji na temat legend zwi\u0105zanych z miejscowo\u015bci\u0105 i regionem. Na ich podstawie powsta\u0142a prezentacja, oto ona <a href=\"https:\/\/drive.google.com\/file\/d\/0B-mJ3dZ6sOSWZFJyMGFmS2V5VlE\/edit?usp=sharing\">&quot;Horodelska legenda&quot;<\/a>.\n<\/p>\n<p style=\"text-align: center;\">\n\t<span style=\"font-size: 18px;\">Konkurs plastyczny<\/span>\n<\/p>\n<p>\n\t<a href=\"http:\/\/zshorodlo.pl\/wp-content\/uploads\/2013\/02\/regulamin-konkursu.pdf\">regulamin konkursu<\/a>\n<\/p>\n<p>\n\tDnia 28.10.2013r. rozstrzygni\u0119to konkurs plastyczny pt.&quot; Ulubiona posta\u0107 z bajki, ba\u015bni lub legendy&quot;.\n<\/p>\n<p>\n\tLaureatami konkursu zostali:\n<\/p>\n<p>\n\t&#8211; Aleksandra Go\u0142\u0119biowska kl.I b\n<\/p>\n<p>\n\t&#8211; Julia Papierz kl. II\n<\/p>\n<p>\n\t&#8211; Izabela Mrozowska kl.III a\n<\/p>\n<p>\n\t&#8211; Wiktor Kosmala kl. III b\n<\/p>\n<p>\n\t&#8211; Anna Ju\u017awiak kl.I b\n<\/p>\nngg_shortcode_51_placeholder\n<p>\n\t&nbsp;\n<\/p>\n<p style=\"text-align: center;\">\n\t<span style=\"font-size: 18px;\">Wizyta partner&oacute;w<\/span>\n<\/p>\n<p style=\"text-align: justify;\">\n\t<strong>&nbsp;&nbsp;&nbsp;&nbsp;&nbsp;<\/strong>&nbsp;&nbsp; W &nbsp; dniach &nbsp; 21 &#8211; 24 &nbsp; pa\u017adziernika&nbsp; mieli\u015bmy&nbsp; niebywa\u0142\u0105&nbsp; przyjemno\u015b\u0107&nbsp; go\u015bci\u0107&nbsp; przyjaci&oacute;\u0142&nbsp; z&nbsp; zagranicy.&nbsp;&nbsp; W zwi\u0105zku z realizacj\u0105 programu Socrates Comenius nasz\u0105 szko\u0142\u0119 odwiedzili przedstawiciele Ceip Maestro Carmelo Ripoll (Hiszpania): Francisco Moll&aacute; Calabuig i Carles Rodr&iacute;guez Carrerres , \u0130n&ouml;n&uuml; \u0130lkokulu (Turcja): Aysun \u015eent&uuml;rk, Emine&nbsp; &Uuml;nal&nbsp; oraz&nbsp; Ramazan&nbsp; &Ccedil;akmaktepe&nbsp; i Courthouse Green Primary School (Wielka Brytania): Lucy Billingham i Jennie Spare.<br \/>\n\tDo Polski trafili oni ju\u017c w poniedzia\u0142ek 21 pa\u017cdziernika, ale wtedy jeszcze nie by\u0142o dane nam ich pozna\u0107. Nie ma co si\u0119 jednak dziwi\u0107, gdy\u017c po kilkunastogodzinnym locie nauczyciele z r&oacute;\u017cnych stron \u015bwiata musieli najzwyczajniej w \u015bwiecie odpocz\u0105\u0107. Dopiero drugiego dnia ich pobytu w Horodle, w trakcie uroczystego apelu mieli\u015bmy zaszczyt oficjalnie ich powita\u0107.<br \/>\n\tTemat tegorocznej edycji projektu Socrates Comenius brzmi: &bdquo;W krainie ba\u015bni, bajek i legend&rdquo;, zatem g\u0142&oacute;wnym punktem apelu by\u0142o odczytanie znanych bajek w j\u0119zyku polskim i angielskim. Us\u0142yszeli\u015bmy na przyk\u0142ad streszczenie znanego ,,Pinokia&rsquo;&rsquo;, do kt&oacute;rego odnie\u015bli si\u0119 nauczyciele z Hiszpanii. Opowiedzieli oni tamtejsz\u0105 bajk\u0119&nbsp; o&nbsp; podobnym&nbsp; morale.&nbsp; Nosi&nbsp; ona&nbsp; tytu\u0142&nbsp; ,,Piotru\u015b&nbsp; i&nbsp; wilk&rsquo;&rsquo;&nbsp; &#8211;&nbsp; co&nbsp; ciekawe,&nbsp; w&nbsp; 2006&nbsp; roku polscy tw&oacute;rcy wraz z Anglikami stworzyli jej wersj\u0119 filmow\u0105 i za swoj\u0105 prac\u0119 zostali uhonorowani Oscarem.<br \/>\n\tPierwszego&nbsp; dnia&nbsp; partnerzy&nbsp; z&nbsp; zagranicy&nbsp; zwiedzili&nbsp; ca\u0142y budynek naszej szko\u0142y &#8211; pocz\u0105wszy od znajduj\u0105cej si\u0119 w piwnicy biblioteki po \u015bwietnie wyposa\u017cone klasopracownie na najwy\u017cszej kondygnacji. Po obiedzie go\u015bci wzi\u0105\u0142 pod swoje skrzyd\u0142a pan Dariusz Tuz, kt&oacute;ry&nbsp; oprowadzi\u0142 ich po zabytkach Horod\u0142a. Obcokrajowcy odwiedzili Kopiec Unii Horodelskiej, Wa\u0142y Jagiello\u0144skie, zabytkowe ko\u015bcio\u0142y i park wraz z rynkiem g\u0142&oacute;wnym. &ndash; <em>Nie widzia\u0142am drugiego tak zielonego miejsca<\/em> &ndash; opowiada\u0142a przedstawicielka zaprzyja\u017anionej szko\u0142y z Turcji. P&oacute;\u017aniej nasi&nbsp; zagraniczni&nbsp; przyjaciele&nbsp; udali si\u0119 na zwiedzanie Plac&oacute;wki Stra\u017cy Granicznej im. Majora Tadeusza Persza, a nast\u0119pnie odwiedzili przej\u015bcie graniczne. Tego samego dnia z\u0142o\u017cyli te\u017c wizyt\u0119 w Urz\u0119dzie Gminy.<br \/>\n\tDrugi dzie\u0144 wizyty partner&oacute;w znowu zacz\u0105\u0142 si\u0119 od apelu. Tym razem \u015bwi\u0119towali\u015bmy Dzie\u0144 Edukacji Narodowej. Podczas tej uroczysto\u015bci mogli\u015bmy podzi\u0119kowa\u0107 naszym nauczycielom i wychowawcom za ich prac\u0119. Wa\u017cnym wydarzeniem tego dnia by\u0142o pasowanie&nbsp; uczni&oacute;w&nbsp; klas I ze wszystkich szk&oacute;\u0142 wchodz\u0105cych w sk\u0142ad Zespo\u0142u. Ok. godziny 12 przenie\u015bli\u015bmy si\u0119 z hali sportowej do klasopracowni informatycznej, gdzie nasi partnerzy przedstawiali prezentacje multimedialne po\u015bwi\u0119cone swoim szko\u0142om. Godzin\u0119 potem go\u015bcie wyruszyli do Hrubieszowa zwiedza\u0107 stolic\u0119 naszego powiatu. Zaj\u0119\u0142o to oczywi\u015bcie kilka godziny, dlatego dopiero wieczorem nasi zagraniczni kompani spotkali si\u0119 z lokalnymi poetami. Pani Stanis\u0142awa Je\u017cyna przedstawi\u0142a zwiedzaj\u0105cym ,,Legend\u0119&nbsp; o&nbsp; Horodle&rsquo;&rsquo;,&nbsp; kt&oacute;ra&nbsp; jak&nbsp; dobrze&nbsp; wiemy&nbsp; wi\u0105za\u0142a&nbsp; si\u0119&nbsp;&nbsp; z&nbsp; zaraz\u0105,&nbsp; jaka niegdy\u015b dotkn\u0119\u0142a te okolice. Inny z naszych rodzimych tw&oacute;rc&oacute;w &ndash; pan Kazimierz Dejer &#8211; mia\u0142&nbsp; okazj\u0119 zaprezentowa\u0107 swoje najnowsze dzie\u0142o: ,,Poemat horodelski&rsquo;&rsquo;, do kt&oacute;rego lektury serdecznie zapraszamy (patrz link)!<br \/>\n\tCzwartek&nbsp; by\u0142&nbsp; ostatnim&nbsp; dniem,&nbsp; gdy&nbsp; go\u015bcie&nbsp; z&nbsp; Europy&nbsp; wizytowali nasz\u0105 szko\u0142\u0119. Na zako\u0144czenie swego pobytu w Horodle&nbsp; mogli obejrze\u0107 akademi\u0119 z okazji \u015awi\u0119ta Szko\u0142y i pozna\u0107 najwa\u017cniejsze wydarzenia z historii naszej Ma\u0142ej Ojczyzny. Tego samego dnia nasi uczniowie mogli d\u0142u\u017cej porozmawia\u0107 z go\u015b\u0107mi i zrobi\u0107 sobie pami\u0105tkowe zdj\u0119cie. Opr&oacute;cz konwencjonalnej dyskusji na temat wra\u017ce\u0144, jakich dostarczy\u0142a&nbsp; wizyta w Polsce,&nbsp; poruszane by\u0142y inne, znacznie ciekawsze tematy, m.in. dotycz\u0105ce sportu. Go\u015bcie z Hiszpanii z ch\u0119ci\u0105 dyskutowali np. o&nbsp; ostatnim&nbsp; meczu&nbsp; Ligi Mistrz&oacute;w.&nbsp; Dowiedzieli\u015bmy&nbsp; si\u0119&nbsp; r&oacute;wnie\u017c,&nbsp; \u017ce&nbsp; wcale&nbsp; nie&nbsp; kibicuj\u0105&nbsp; gigantom&nbsp; futbolu z P&oacute;\u0142wyspu Iberyjskiego ( Real Madryt i FC Barcelona), a nieco mniej znanej Valencii, a gdyby mieli na kogo\u015b postawi\u0107&nbsp; w&nbsp; wielkim&nbsp; Gran&nbsp; Derbi&nbsp; to&nbsp; by\u0142aby&nbsp; to&nbsp; ,,Blaugrana&rsquo;&rsquo;&nbsp; &ndash; Duma&nbsp; Katalonii (bo w\u0142a\u015bnie tak nazywana jest w Hiszpanii ekipa z Barcelony).<br \/>\n\tNiestety&hellip; wszystko co dobre pr\u0119dzej czy p&oacute;\u017aniej musi si\u0119 sko\u0144czy\u0107. Z \u017calem po\u017cegnali\u015bmy naszych go\u015bci. Wiadomo nasza cecha narodowa &#8211; go\u015bcinno\u015b\u0107 nie pozwoli\u0142a wypu\u015bci\u0107 partner&oacute;w z pustymi r\u0119koma. Wszyscy otrzymali od nas kilkana\u015bcie upomink&oacute;w zwi\u0105zanych z Horod\u0142em i regionem. W tym prezentacj\u0119 multimedialn\u0105 &nbsp; o&nbsp; naszej&nbsp; szkole,&nbsp; kt&oacute;r\u0105&nbsp; ju\u017c&nbsp; niebawem&nbsp; b\u0119d\u0105&nbsp; mogli&nbsp; obejrze\u0107&nbsp; uczniowie&nbsp; w&nbsp; Anglii,&nbsp; Hiszpanii&nbsp;&nbsp; i Turcji.\n<\/p>\n<p style=\"text-align: justify;\">\n\t<a href=\"http:\/\/www.otostrona.pl\/kazdej\/index.php?p=1_11_Poemat-horodelski\">http:\/\/www.otostrona.pl\/kazdej\/index.php?p=1_11_Poemat-horodelski<\/a> &ndash; ,,Poemat horodelski&rsquo;&rsquo; ON-LINE\n<\/p>\n<p style=\"text-align: justify;\">\n\tngg_shortcode_52_placeholder\n<\/p>\n<p>\n\t<strong><span style=\"font-size: 16px;\">Prezentacje szk&oacute;\u0142 bior\u0105cych udzia\u0142 w projekcie:<\/span><\/strong>\n<\/p>\n<p style=\"text-align: justify;\">\n\t<a href=\"https:\/\/drive.google.com\/file\/d\/0B-mJ3dZ6sOSWTjR5Y1JXckEzNkk\/edit?usp=sharing\">Nasza szko\u0142a PL<\/a>\n<\/p>\n<p style=\"text-align: justify;\">\n\t<a href=\"http:\/\/www.schooltube.com\/embed\/24d9d786f9204fa0b27a\/\">Szko\u0142a z Wielkiej Brytanii<\/a>\n<\/p>\n<p style=\"text-align: justify;\">\n\t<a href=\"https:\/\/drive.google.com\/file\/d\/0B-mJ3dZ6sOSWOE1hQlNiTWF6Vmc\/edit?usp=sharing\">Szko\u0142a z Hiszpanii<\/a>\n<\/p>\n<p style=\"text-align: justify;\">\n\t<a href=\"https:\/\/drive.google.com\/file\/d\/0B-mJ3dZ6sOSWWkx2bVN4Y3k4Rkk\/edit?usp=sharing\">Szko\u0142a z Turcji <\/a>\n<\/p>\n<p>\n\t&nbsp;<span style=\"font-size: 22px;\"><strong>Wcze\u015bniejsze projekty<\/strong><\/span><br \/>\n\tW roku szkolnym 2011\/2012 zako\u0144czy\u0142 si\u0119 kolejny program Comenius. W projekcie uczestniczyli uczniowie i nauczyciele czterech kraj&oacute;w: Polski, Turcji, Cypru, W\u0142och. Uczestnicy pog\u0142\u0119bili wiedz\u0119 o przyrodzie i \u015brodowisku naturalnym kraj&oacute;w uczestnicz\u0105cych w projekcie oraz formach podejmowanych dzia\u0142a\u0144 na rzecz ochrony zagro\u017conych gatunk&oacute;w fauny i flory, poznali problemy nurtuj\u0105ce pa\u0144stwa i sposoby ich rozwi\u0105zywania.\n<\/p>\n<p>\n\t<a href=\"http:\/\/zshorodlo.pl\/wp-content\/uploads\/2013\/02\/Raport.pdf\">Raport z realizacji projektu<\/a>\n<\/p>\n<p>\n\t<a href=\"http:\/\/zshorodlo.pl\/wp-content\/uploads\/2013\/02\/Report.pdf\">Raport z realizacji projektu- wer. angielska<\/a>\n<\/p>\n<p>\n\tW szkole ruszy\u0142 projekt SOCRATES COMENIUS.\n<\/p>\n<p>\n\t<img decoding=\"async\" alt=\"\" border=\"2\" src=\"http:\/\/sphorodlo.ovh.org\/elements\/logo.jpg\" \/>&nbsp; <img decoding=\"async\" alt=\"\" border=\"2\" src=\"http:\/\/sphorodlo.ovh.org\/elements\/socrates.jpg\" \/><br \/>\n\tSzko\u0142y partnerskie:<br \/>\n\t<a href=\"http:\/\/www.xtec.net\/ceip-batea\/\" target=\"_blank\">CEIP &quot;Mare de D&eacute;u del Portal&quot; <\/a>&nbsp; [Hiszpania]<br \/>\n\tZakladna Skola Stary Tekov [S\u0142owacja]\n<\/p>\n<p>\n\tProjekt SOCRATES COMENIUS\n<\/p>\n<p>\n\t<code><code>&nbsp; W 2005r. nasza szko\u0142a nawi\u0105za\u0142a kontakt za szko\u0142ami partnerskimi ze S\u0142owacji, Portugalii i Hiszpanii. Efektem tej wsp&oacute;\u0142pracy by\u0142o przygotowanie projektu &quot;Tradycyjne \u015bwi\u0119ta i \u015bwi\u0119towanie&quot;, opracowanego w ramach programu Socrates Comenius. Celem tego projektu jest:<\/code><\/code>\n<\/p>\n<ul type=\"square\">\n<li>\n\t\tposzerzenie og&oacute;lnej wiedzy uczni&oacute;w o Europie i jej mieszka\u0144cach\n\t<\/li>\n<li>\n\t\tpoznanie tradycji i kultury innych narod&oacute;w\n\t<\/li>\n<li>\n\t\tzwi\u0119kszenie u wszystkich uczestnik&oacute;w projektu motywacji do nauki j\u0119zyka angielskiego\n\t<\/li>\n<li>\n\t\twykorzystanie technologii informatycznej w procesie wymiany informacji\n\t<\/li>\n<li>\n\t\tzintegrowanie wszystkich podmiot&oacute;w wsp&oacute;\u0142pracuj\u0105cych przy realizacji projektu\n\t<\/li>\n<\/ul>\n<p style=\"text-align: justify;\">\n\t<code><code>W roku szkolnym 2006\/2007 przyst\u0105pili\u015bmy do jego realizacji. Przygotowali\u015bmy gazetk\u0119 \u015bcienn\u0105 promuj\u0105c\u0105 program edukacyjny Socrates Comenius, projekt wsp&oacute;lnej maskotki oraz stron\u0119 tytu\u0142ow\u0105 gazetki \u015bciennej. Wszystkie propozycje przes\u0142ali\u015bmy drog\u0105 e-mail-ow\u0105 do szk&oacute;\u0142 zaprzyja\u017anionych. Obecnie pracujemy nad przygotowaniem uroczysto\u015bci z okazji III rocznicy nadania szkole imienia, kt&oacute;r\u0105 planujemy 19 X 2006r. Tradycj\u0105 tego \u015bwi\u0119ta jest eksponowanie sztandaru szkolnego z wizerunkiem patrona, od\u015bpiewanie hymnu szkolnego, kt&oacute;ry powsta\u0142 specjalnie z okazji reaktywowania imienia. Podczas \u015bwi\u0119ta szko\u0142y przyjmujemy do spo\u0142eczno\u015b\u0107i uczniowskiej dzieci, kt&oacute;re w danym roku rozpocz\u0119\u0142y nauk\u0119 w naszej plac&oacute;wce. Pierwszoklasi\u015bci sk\u0142adaj\u0105 \u015blubowanie na sztandar szko\u0142y, p&oacute;\u017aniej odbywa si\u0119 pasowanie. Jest to bardzo wa\u017cne wydarzenie dla naszej spo\u0142eczno\u015bci i dlatego chcemy pokaza\u0107 w jaki spos&oacute;b si\u0119 odbywa.<br \/>\n\tUczniowie naszej szko\u0142y zak\u0142adaj\u0105 konta e-mail, kt&oacute;re wykorzystaj\u0105 do utrzymania kontaktu z r&oacute;wie\u015bnikami ze szk&oacute;\u0142 zaprzyja\u017anionych. Opracowujemy tak\u017ce stron\u0119 internetow\u0105 w wersji angielskiej, aby dostarczy\u0107 naszym partnerom z pa\u0144stw unijnych jak najwi\u0119cej informacji na temat naszej szko\u0142y. W ramach realizowanego projektu mamy zaplanowan\u0105 wizyt\u0119 w Batei (Hiszpania), w kt&oacute;rej b\u0119dzie uczestniczy\u0107 2 uczni&oacute;w i 2 nauczycieli. Koszty wyjazdu pokrywa Agencja Narodowa. Otrzymali\u015bmy tak\u017ce \u015brodki finansowe na realizacj\u0119 innych zada\u0144 wynikaj\u0105cych z projektu.<br \/>\n\tW przysz\u0142o\u015bci chcemy przybli\u017cy\u0107 naszym partnerom tradycje zwi\u0105zane z obchodami \u015bwi\u0105t Bo\u017cego Narodzenia.<\/code><\/code>\n<\/p>\n<p style=\"text-align: justify;\">\n\tPodczas realizacji projektu powsta\u0142y nagrania filmowe w wersji polskiej i angielskiej, przedstawiaj\u0105ce sposoby obchodzenia \u015bwi\u0119ta szko\u0142y i Bo\u017cego Narodzenia\n<\/p>\n<p style=\"text-align: center;\">\n\t<img decoding=\"async\" alt=\"\" border=\"0\" src=\"http:\/\/sphorodlo.ovh.org\/elements\/3.jpg\" \/>\n<\/p>\n<p>\n\t<code><code>Nasi uczniowie pod kierunkiem nauczycieli opracowali liczne foldery.<\/code><\/code>\n<\/p>\n<p style=\"text-align: center;\">\n\t<img decoding=\"async\" alt=\"\" border=\"0\" src=\"http:\/\/sphorodlo.ovh.org\/elements\/4.jpg\" \/>\n<\/p>\n<p>\n\t<code><code>Celem tych folder&oacute;w by\u0142o zapoznanie uczni&oacute;w z geografi\u0105 i tradycjami obchodzenia swi\u0105t w szko\u0142ach partnerskich.<br \/>\n\tNasi uczniowie doskonal\u0105 swoje umiej\u0119tno\u015bci j\u0119zykowe poprzez sta\u0142y kontak e-mail z uczniami szk&oacute;\u0142 zaprzyj\u017anionych. Obowi\u0105zuj\u0105cych j\u0119zykiem komunikacyjnym by\u0142 j\u0119zyk angielski.<br \/>\n\tPrzygotowali\u015bmy albumy zdj\u0119ciowe przedstawiaj\u0105ce nasz\u0105 szko\u0142\u0119, jej dzia\u0142alno\u015b\u0107 oraz upamij\u0119tnij\u0105ce nasze wizyty w krajach partnerskich.<\/code><\/code>\n<\/p>\n<p style=\"text-align: center;\">\n\t<img decoding=\"async\" alt=\"\" border=\"0\" src=\"http:\/\/sphorodlo.ovh.org\/elements\/1.jpg\" \/>\n<\/p>\n<p style=\"text-align: justify;\">\n\t<code><code>Wykonali\u015bmy maskotk\u0119- symbol przyja\u017ani i wsp&oacute;lnoty pomi\u0119dzy szko\u0142ami z kraj&oacute;w europejskich.<\/code><\/code>\n<\/p>\n<p style=\"text-align: center;\">\n\t<img decoding=\"async\" alt=\"\" border=\"0\" src=\"http:\/\/sphorodlo.ovh.org\/elements\/2.jpg\" \/>\n<\/p>\n<p>\n\t<b>Nasze wyjazdy w ramach projektu.<\/b>\n<\/p>\n<p style=\"text-align: justify;\">\n\t<code>&nbsp;W dniach 13-17 lutego 2007r. dwoje uczni&oacute;w oraz dw&oacute;ch nauczycieli z\u0142o\u017cy\u0142o wizyt\u0119 w Batei, w szkole b\u0119d\u0105cej koordynatorem projektu. na miejscu mieli\u015bmy mo\u017cliwo\u015b\u0107 osobistego poznania przedstawicieli pochodz\u0105cych z pozosta\u0142ych kraj&oacute;w partnerskich. Hiszpa\u0144scy przyjaciele przyj\u0119li nas bardzo serdecznie. W czasie pobytu poznawali\u015bmy systemy edukacyjne obowi\u0105zuj\u0105ce w poszczeg&oacute;lnych krajach, prezentowali\u015bmy swoje szko\u0142y, poszerzali\u015bmy informacje na temat tradycji obchodzenia \u015bwi\u0105t Bo\u017cego Narodzenia. Czynnie w\u0142\u0105czyli\u015bmy si\u0119 do zabaw karnawa\u0142owych.<br \/>\n\tDrug\u0105 wizyt\u0119 w dniach 30 kwietnia- 5 maja 2007r. z\u0142o\u017cyli\u015bmy w Starym Tekovie. Uczestniczy\u0142o w niej dw&oacute;ch nauczycieli i dwie uczennice. W szkole partnerskiej spotkali\u015bmy si\u0119 r&oacute;wnie\u017c z nauczycielami szk&oacute;\u0142: portugalskiej i hiszpa\u0144skiej. W czasie wizyty ustalili\u015bmy struktur\u0119 gazetki szkolnej &quot;Sokratesik&quot;, kt&oacute;ra b\u0119dzie obowi\u0105zywa\u0142a wszystkich partner&oacute;w. Zaprezentowali\u015bmy swoje projekty maskotek i podj\u0119li\u015bmy decyzj\u0119 o ich przygotowaniu wed\u0142ug w\u0142asnych pomys\u0142&oacute;w i wymian\u0119 pomi\u0119dzy szko\u0142ami.&nbsp;<\/code>\n<\/p>\n<p style=\"text-align: justify;\">\n\t<i>&quot; Niniejszy projekt zosta\u0142 zrealizowany przy wsparciu finansowym Wsp&oacute;lnoty Europejskiej w ramach Programu Sokrates- Comenius. Tre\u015bci samego projektu lub materia\u0142&oacute;w nie odzwierciedlaj\u0105 stanowiska Komisji Europejskiej czy Agencji Narodowej w danej sprawie, a w zwi\u0105zku z tym ani Komisja, ani Agencja nie ponosi za nie odpowiedzialno\u015bci&quot;.<\/i>\n<\/p>\n<hr \/>\n","protected":false},"excerpt":{"rendered":"<p>W&nbsp; Szkole Podstawowej&nbsp; im. Kr&oacute;la W\u0142adys\u0142awa Jagie\u0142\u0142y w Horodle w roku szkolnym 2013\/2014 ruszy\u0142 kolejny projekt unijny we wsp&oacute;\u0142pracy z trzema szko\u0142ami&nbsp; partnerskimi: &nbsp;hiszpa\u0144sk\u0105- Ceip Maestro Carmelo Ripoll, tureck\u0105- \u0130n&ouml;n&uuml; \u0130lkokulu, angielsk\u0105- Courthouse Green Primary School Tytu\u0142 projektu: &bdquo;W krainie &hellip; <a href=\"https:\/\/zshorodlo.pl\/?page_id=74\">Czytaj dalej <span class=\"meta-nav\">&rarr;<\/span><\/a><\/p>\n","protected":false},"author":3,"featured_media":0,"parent":45,"menu_order":2,"comment_status":"closed","ping_status":"open","template":"","meta":{"ngg_post_thumbnail":0,"footnotes":""},"_links":{"self":[{"href":"https:\/\/zshorodlo.pl\/index.php?rest_route=\/wp\/v2\/pages\/74"}],"collection":[{"href":"https:\/\/zshorodlo.pl\/index.php?rest_route=\/wp\/v2\/pages"}],"about":[{"href":"https:\/\/zshorodlo.pl\/index.php?rest_route=\/wp\/v2\/types\/page"}],"author":[{"embeddable":true,"href":"https:\/\/zshorodlo.pl\/index.php?rest_route=\/wp\/v2\/users\/3"}],"replies":[{"embeddable":true,"href":"https:\/\/zshorodlo.pl\/index.php?rest_route=%2Fwp%2Fv2%2Fcomments&post=74"}],"version-history":[{"count":86,"href":"https:\/\/zshorodlo.pl\/index.php?rest_route=\/wp\/v2\/pages\/74\/revisions"}],"predecessor-version":[{"id":17609,"href":"https:\/\/zshorodlo.pl\/index.php?rest_route=\/wp\/v2\/pages\/74\/revisions\/17609"}],"up":[{"embeddable":true,"href":"https:\/\/zshorodlo.pl\/index.php?rest_route=\/wp\/v2\/pages\/45"}],"wp:attachment":[{"href":"https:\/\/zshorodlo.pl\/index.php?rest_route=%2Fwp%2Fv2%2Fmedia&parent=74"}],"curies":[{"name":"wp","href":"https:\/\/api.w.org\/{rel}","templated":true}]}}