{"id":554,"date":"2013-05-28T11:31:32","date_gmt":"2013-05-28T09:31:32","guid":{"rendered":"http:\/\/zshorodlo.pl\/?page_id=554"},"modified":"2026-04-09T15:04:02","modified_gmt":"2026-04-09T13:04:02","slug":"liceum","status":"publish","type":"page","link":"https:\/\/zshorodlo.pl\/?page_id=554","title":{"rendered":"Liceum"},"content":{"rendered":"<p style=\"text-align: center;\"><span style=\"font-family: verdana, geneva, sans-serif;\"><span style=\"font-size: x-large;\"><b>Regulamin rekrutacji<\/b><\/span><\/span><\/p>\n<p align=\"center\"><span style=\"font-family: verdana, geneva, sans-serif;\"><span style=\"font-size: x-large;\"><b>do Liceum Og\u00f3lnokszta\u0142c\u0105cego im. Unii Horodelskiej<\/b><\/span><\/span><\/p>\n<p align=\"center\"><span style=\"font-family: verdana, geneva, sans-serif;\"><span style=\"font-size: x-large;\"><b>w Horodle<\/b><\/span><\/span><\/p>\n<p align=\"center\"><span style=\"font-family: verdana, geneva, sans-serif;\"><span style=\"font-size: x-large;\"><b>na rok szkolny 2026\/2027<\/b><\/span><\/span><\/p>\n<p style=\"text-align: justify;\"><span style=\"font-family: verdana, geneva, sans-serif;\"><span style=\"font-size: medium;\">Rekrutacja na rok szkolny 2026\/2027 prowadzona jest do klasy pierwszej czteroletniego liceum na podbudowie 8 \u2013 letniej szko\u0142y podstawowej.<\/span><\/span><\/p>\n<p><span style=\"font-family: verdana, geneva, sans-serif;\"><span style=\"font-size: medium;\"><b> I.<\/b><\/span> <span style=\"font-size: large;\"><b>Terminarz post\u0119powania rekrutacyjnego<\/b><\/span><\/span><\/p>\n<p><span style=\"font-family: verdana, geneva, sans-serif;\"><span style=\"font-size: large;\"><b> w roku szkolnym 2026\/2027<\/b><\/span><\/span><\/p>\n<p style=\"text-align: justify;\"><span style=\"font-family: verdana, geneva, sans-serif;\">Podstawa prawna: Ustawa z dnia 14 grudnia 2016 r. Prawo o\u015bwiatowe ( Dz. U z.2021 r.poz.1082 z p\u00f3\u017an. zm.) , Rozporz\u0105dzenie Ministra Edukacji Narodowej z dnia 18 listopada 2022 r. w sprawie przeprowadzania post\u0119powania rekrutacyjnego oraz post\u0119powania uzupe\u0142niaj\u0105cego do publicznych przedszkoli, szk\u00f3\u0142 i plac\u00f3wek ( Dz. U.2022 r. poz. 655 ).<\/span><\/p>\n<table width=\"768\">\n<tbody>\n<tr>\n<td width=\"236\"><strong>Data&nbsp; <\/strong><\/td>\n<td width=\"532\"><strong>Rodzaj czynno\u015bci<\/strong><\/td>\n<\/tr>\n<tr>\n<td width=\"236\">18.05.2026 r. \u2013 21.06.2026r.&nbsp;&nbsp;&nbsp;&nbsp;&nbsp;&nbsp;&nbsp;&nbsp;&nbsp;&nbsp;&nbsp;&nbsp;&nbsp;&nbsp;&nbsp;&nbsp;&nbsp;&nbsp;&nbsp;&nbsp;&nbsp;&nbsp;&nbsp;&nbsp;&nbsp;&nbsp;&nbsp;&nbsp;&nbsp;&nbsp;&nbsp;&nbsp;&nbsp;&nbsp;&nbsp;&nbsp;<\/td>\n<td width=\"532\">Z\u0142o\u017cenie&nbsp; wniosku o przyj\u0119cie do liceum<\/td>\n<\/tr>\n<tr>\n<td width=\"236\">29.06.2026 r. \u2013<br \/>\n06. 07.2026r.&nbsp;&nbsp;&nbsp;&nbsp;&nbsp;&nbsp;&nbsp;&nbsp;&nbsp;&nbsp;&nbsp;&nbsp;&nbsp;&nbsp;&nbsp;&nbsp;&nbsp;&nbsp;&nbsp;&nbsp;&nbsp;&nbsp;&nbsp;&nbsp;&nbsp;&nbsp;&nbsp;&nbsp;&nbsp;&nbsp;&nbsp;&nbsp;<\/td>\n<td width=\"532\">Uzupe\u0142nienie wniosku o przyj\u0119cie do liceum o \u015bwiadectwo uko\u0144czenia szko\u0142y podstawowej&nbsp; oraz o za\u015bwiadczenie o wynikach egzaminu \u00f3smoklasisty.<\/td>\n<\/tr>\n<tr>\n<td width=\"236\">13.07.2026 r. do godziny 12.00<\/td>\n<td width=\"532\">Podanie do publicznej wiadomo\u015bci przez komisj\u0119 rekrutacyjn\u0105 listy kandydat\u00f3w zakwalifikowanych i niezakwalifikowanych.<\/td>\n<\/tr>\n<tr>\n<td width=\"236\">od 13. 07. 2026 r. do 16.07. 2026 r. do godz. 12.00<\/td>\n<td width=\"532\">Potwierdzenie&nbsp; przez&nbsp; rodzica&nbsp; kandydata woli podj\u0119cia nauki w liceum przez&nbsp; z\u0142o\u017cenie orygina\u0142u \u015bwiadectwa uko\u0144czenia szko\u0142y podstawowej&nbsp; i orygina\u0142u za\u015bwiadczenia o wynikach egzaminu \u00f3smoklasisty.<\/td>\n<\/tr>\n<tr>\n<td width=\"236\">17 .07. 2026 r. do godz. 12.00<\/td>\n<td width=\"532\">Podanie do publicznej wiadomo\u015bci przez komisj\u0119 rekrutacyjn\u0105 listy kandydat\u00f3w przyj\u0119tych i nieprzyj\u0119tych.<\/td>\n<\/tr>\n<tr>\n<td width=\"236\">17.07.2026&nbsp; r.<\/td>\n<td width=\"532\">Poinformowanie przez dyrektora szko\u0142y&nbsp; Kuratora O\u015bwiaty o liczbie wolnych miejsc w szkole.<\/td>\n<\/tr>\n<\/tbody>\n<\/table>\n<p><span style=\"font-family: verdana, geneva, sans-serif;\"><span style=\"font-size: large;\"><b>II<\/b><\/span>. <span style=\"font-size: large;\"><b>Oferta dla absolwenta szko\u0142y podstawowej <\/b><\/span><\/span><\/p>\n<p><span style=\"font-family: verdana, geneva, sans-serif;\"><span style=\"font-size: large;\"><b>Klasa I<\/b><\/span><\/span><\/p>\n<table width=\"612\" cellspacing=\"0\" cellpadding=\"7\">\n<tbody>\n<tr valign=\"top\">\n<td width=\"174\">\n<p align=\"left\"><span style=\"font-family: verdana, geneva, sans-serif;\"><span style=\"font-size: small;\">Nazwa klasy<\/span><\/span><\/p>\n<\/td>\n<td width=\"135\">\n<p align=\"left\"><span style=\"font-family: verdana, geneva, sans-serif;\"><span style=\"font-size: small;\">Przedmioty rozszerzone<\/span><\/span><\/p>\n<\/td>\n<td width=\"123\">\n<p align=\"left\"><span style=\"font-family: verdana, geneva, sans-serif;\"><span style=\"font-size: small;\">Drugi j\u0119zyk obowi\u0105zkowy<\/span><\/span><\/p>\n<\/td>\n<td width=\"122\">\n<p align=\"left\"><span style=\"font-family: verdana, geneva, sans-serif;\"><span style=\"font-size: small;\">Dodatkowe zaj\u0119cia edukacyjne<\/span><\/span><\/p>\n<\/td>\n<\/tr>\n<tr valign=\"top\">\n<td width=\"174\" height=\"43\">\n<p align=\"left\"><span style=\"font-family: verdana, geneva, sans-serif;\"><span style=\"font-size: medium;\"><b>J\u0119zykowa<\/b><\/span><\/span><\/p>\n<\/td>\n<td width=\"135\">\n<p align=\"left\"><span style=\"font-family: verdana, geneva, sans-serif;\"><span style=\"font-size: medium;\"><b>J. polski,<\/b><\/span><\/span><\/p>\n<p align=\"left\"><span style=\"font-family: verdana, geneva, sans-serif;\"><span style=\"font-size: medium;\"><b>J. angielski, Biologia<\/b><\/span><\/span><\/p>\n<\/td>\n<td width=\"123\">\n<p align=\"left\"><span style=\"font-family: verdana, geneva, sans-serif;\"><span style=\"font-size: medium;\"><b>J. rosyjski<\/b><\/span><\/span><\/p>\n<\/td>\n<td width=\"122\">\n<p align=\"left\"><span style=\"font-family: verdana, geneva, sans-serif;\"><span style=\"font-size: medium;\"><b>Elementy wiedzy w zakresie funkcjonowania s\u0142u\u017cby granicznej<\/b><\/span><\/span><\/p>\n<\/td>\n<\/tr>\n<\/tbody>\n<\/table>\n<p style=\"text-align: justify;\"><span style=\"font-family: verdana, geneva, sans-serif;\"><span style=\"font-size: large;\"><b>III. Zasady rekrutacji absolwenta szko\u0142y podstawowej do liceum<\/b><\/span><\/span><\/p>\n<ol>\n<li><span style=\"font-family: verdana, geneva, sans-serif;\"><span style=\"font-size: large;\"><b>Kryteria przyj\u0119cia do szko\u0142y <\/b><\/span><\/span><\/li>\n<\/ol>\n<p><span style=\"font-family: verdana, geneva, sans-serif;\"><span style=\"font-size: medium;\">Kandydat ubiegaj\u0105cy si\u0119 o przyj\u0119cie do klasy pierwszej mo\u017ce otrzyma\u0107 w post\u0119powaniu rekrutacyjnym maksymalnie 200 punkt\u00f3w. O rekrutacji decyduj\u0105 nast\u0119puj\u0105ce kryteria: <\/span><\/span><\/p>\n<table width=\"612\" cellspacing=\"0\" cellpadding=\"7\">\n<tbody>\n<tr valign=\"top\">\n<td width=\"457\">\n<p align=\"left\"><span style=\"font-family: verdana, geneva, sans-serif;\"><span style=\"font-size: small;\"><b>Punkty za \u015bwiadectwo<\/b><\/span><\/span><\/p>\n<\/td>\n<td width=\"125\">\n<p align=\"left\"><span style=\"font-family: verdana, geneva, sans-serif;\"><span style=\"font-size: small;\"><b>100 pkt<\/b><\/span><\/span><\/p>\n<\/td>\n<\/tr>\n<tr valign=\"top\">\n<td width=\"457\">\n<p align=\"left\"><span style=\"font-family: verdana, geneva, sans-serif;\"><span style=\"font-size: small;\">ocena z j\u0119zyka polskiego ( za ocen\u0119 celuj\u0105c\u0105 )<\/span><\/span><\/p>\n<\/td>\n<td width=\"125\">\n<p align=\"left\"><span style=\"font-family: verdana, geneva, sans-serif;\"><span style=\"font-size: small;\">18 pkt<\/span><\/span><\/p>\n<\/td>\n<\/tr>\n<tr valign=\"top\">\n<td width=\"457\">\n<p align=\"left\"><span style=\"font-family: verdana, geneva, sans-serif;\"><span style=\"font-size: small;\">ocena z matematyki ( za ocen\u0119 celuj\u0105c\u0105 )<\/span><\/span><\/p>\n<\/td>\n<td width=\"125\">\n<p align=\"left\"><span style=\"font-family: verdana, geneva, sans-serif;\"><span style=\"font-size: small;\">18 pkt<\/span><\/span><\/p>\n<\/td>\n<\/tr>\n<tr valign=\"top\">\n<td width=\"457\">\n<p align=\"left\"><span style=\"font-family: verdana, geneva, sans-serif;\"><span style=\"font-size: small;\">ocena z j\u0119zyka angielskiego ( za ocen\u0119 celuj\u0105c\u0105 )<\/span><\/span><\/p>\n<\/td>\n<td width=\"125\">\n<p align=\"left\"><span style=\"font-family: verdana, geneva, sans-serif;\"><span style=\"font-size: small;\">18 pkt<\/span><\/span><\/p>\n<\/td>\n<\/tr>\n<tr valign=\"top\">\n<td width=\"457\">\n<p align=\"left\"><span style=\"font-family: verdana, geneva, sans-serif;\"><span style=\"font-size: small;\">ocena z biologii ( za ocen\u0119 celuj\u0105c\u0105 )<\/span><\/span><\/p>\n<\/td>\n<td width=\"125\">\n<p align=\"left\"><span style=\"font-family: verdana, geneva, sans-serif;\"><span style=\"font-size: small;\">18 pkt<\/span><\/span><\/p>\n<\/td>\n<\/tr>\n<tr valign=\"top\">\n<td width=\"457\">\n<p align=\"left\"><span style=\"font-family: verdana, geneva, sans-serif;\"><span style=\"font-size: small;\"><b>Szczeg\u00f3lne osi\u0105gni\u0119cia ucznia<\/b><\/span><\/span><\/p>\n<\/td>\n<td width=\"125\">\n<p align=\"left\"><span style=\"font-family: verdana, geneva, sans-serif;\"><span style=\"font-size: small;\">18 pkt<\/span><\/span><\/p>\n<\/td>\n<\/tr>\n<tr valign=\"top\">\n<td width=\"457\">\n<p align=\"left\"><span style=\"font-family: verdana, geneva, sans-serif;\"><span style=\"font-size: small;\"><b>\u015awiadectwo uko\u0144czenia szko\u0142y podstawowej z wyr\u00f3\u017cnieniem<\/b><\/span><\/span><\/p>\n<\/td>\n<td width=\"125\">\n<p align=\"left\"><span style=\"font-family: verdana, geneva, sans-serif;\"><span style=\"font-size: small;\">7 pkt<\/span><\/span><\/p>\n<\/td>\n<\/tr>\n<tr valign=\"top\">\n<td width=\"457\">\n<p align=\"left\"><span style=\"font-family: verdana, geneva, sans-serif;\"><span style=\"font-size: small;\"><b>Aktywno\u015b\u0107 spo\u0142eczna<\/b><\/span><\/span><\/p>\n<\/td>\n<td width=\"125\">\n<p align=\"left\"><span style=\"font-family: verdana, geneva, sans-serif;\"><span style=\"font-size: small;\">3 pkt<\/span><\/span><\/p>\n<\/td>\n<\/tr>\n<tr valign=\"top\">\n<td width=\"457\">\n<p align=\"left\"><span style=\"font-family: verdana, geneva, sans-serif;\"><span style=\"font-size: small;\"><b>Punkty za egzamin \u00f3smoklasisty<\/b><\/span><\/span><\/p>\n<\/td>\n<td width=\"125\">\n<p align=\"left\"><span style=\"font-family: verdana, geneva, sans-serif;\"><span style=\"font-size: small;\"><b>100 pkt<\/b><\/span><\/span><\/p>\n<\/td>\n<\/tr>\n<tr valign=\"top\">\n<td width=\"457\">\n<p align=\"left\"><span style=\"font-family: verdana, geneva, sans-serif;\"><span style=\"font-size: small;\">wyniki z j\u0119zyka polskiego<\/span><\/span><\/p>\n<\/td>\n<td width=\"125\">\n<p align=\"left\"><span style=\"font-family: verdana, geneva, sans-serif;\"><span style=\"font-size: small;\">100%x0,35=35pkt<\/span><\/span><\/p>\n<\/td>\n<\/tr>\n<tr valign=\"top\">\n<td width=\"457\">\n<p align=\"left\"><span style=\"font-family: verdana, geneva, sans-serif;\"><span style=\"font-size: small;\">wyniki z matematyki<\/span><\/span><\/p>\n<\/td>\n<td width=\"125\">\n<p align=\"left\"><span style=\"font-family: verdana, geneva, sans-serif;\"><span style=\"font-size: small;\">100%x0,35=35pkt<\/span><\/span><\/p>\n<\/td>\n<\/tr>\n<tr valign=\"top\">\n<td width=\"457\">\n<p align=\"left\"><span style=\"font-family: verdana, geneva, sans-serif;\"><span style=\"font-size: small;\">Wyniki z j\u0119zyka obcego nowo\u017cytnego<\/span><\/span><\/p>\n<\/td>\n<td width=\"125\">\n<p align=\"left\"><span style=\"font-family: verdana, geneva, sans-serif;\"><span style=\"font-size: small;\">100%x0,30=30pkt<\/span><\/span><\/p>\n<\/td>\n<\/tr>\n<\/tbody>\n<\/table>\n<p><span style=\"font-family: verdana, geneva, sans-serif;\">Za oceny wyra\u017cone w stopniu a) bardzo dobrym \u2013 przyznaje si\u0119 po 17 pkt, b) dobrym \u2013 przyznaje si\u0119 po 14 pkt, c) dostatecznym \u2013 przyznaje si\u0119 po 8pkt, d) dopuszczaj\u0105cym \u2013 przyznaje si\u0119 po 2 pkt.<\/span><\/p>\n<p style=\"text-align: justify;\"><span style=\"font-family: verdana, geneva, sans-serif;\"><span style=\"font-size: medium;\">2. Formularz wniosku o przyj\u0119cie do liceum dost\u0119pny jest na stronie Zespo\u0142u Szk\u00f3\u0142 w Horodle. Po wype\u0142nieniu nale\u017cy z\u0142o\u017cy\u0107 go w sekretariacie szko\u0142y.<\/span><\/span><\/p>\n<p style=\"text-align: justify;\"><span style=\"font-family: verdana, geneva, sans-serif;\"><span style=\"font-size: medium;\">3. Rodzice kandydata zakwalifikowanego do klasy pierwszej liceum potwierdzaj\u0105 wol\u0119 podj\u0119cia nauki przez dostarczenie:<\/span><\/span><\/p>\n<ul>\n<li><span style=\"font-family: verdana, geneva, sans-serif;\"><span style=\"font-size: medium;\">orygina\u0142u \u015bwiadectwa uko\u0144czenia szko\u0142y podstawowej<\/span><\/span><\/li>\n<li><span style=\"font-family: verdana, geneva, sans-serif;\"><span style=\"font-size: medium;\">orygina\u0142u za\u015bwiadczenia o wynikach egzaminu \u00f3smoklasisty<\/span><\/span><\/li>\n<li><span style=\"font-family: verdana, geneva, sans-serif;\"><span style=\"font-size: medium;\">w przypadku uczni\u00f3w z dysfunkcjami nale\u017cy przedstawi\u0107 opini\u0119 (orzeczenie) wydane przez w\u0142a\u015bciw\u0105 poradnie psychologiczno \u2013 pedagogiczn\u0105.<br \/>\n<\/span><\/span><\/li>\n<\/ul>\n<p style=\"text-align: justify;\">&nbsp;<\/p>\n<p><span style=\"font-family: verdana, geneva, sans-serif;\"><a href=\"http:\/\/zshorodlo.pl\/wp-content\/uploads\/2026\/04\/wniosek-do-liceum.pdf\">Wniosek do liceum<\/a>&nbsp;(pdf) do Liceum Og\u00f3lnokszta\u0142c\u0105cego im. Unii Horodelskiej w Horodle.<br \/>\n<\/span><span style=\"font-family: verdana, geneva, sans-serif;\"><a href=\"http:\/\/zshorodlo.pl\/wp-content\/uploads\/2026\/04\/wniosek-do-liceum.doc\">wniosek-do-liceum<\/a> (.doc)<\/span><\/p>\n<p align=\"justify\"><span style=\"font-family: verdana, geneva, sans-serif;\"><a href=\"http:\/\/zshorodlo.pl\/?attachment_id=32872\" rel=\"attachment wp-att-32872\"><img loading=\"lazy\" decoding=\"async\" class=\"wp-image-32872 alignright\" src=\"http:\/\/zshorodlo.pl\/wp-content\/uploads\/2019\/03\/Logo-lo-2pop-211x300.jpg\" alt=\"\" width=\"141\" height=\"196\"><\/a><\/span><\/p>\n<p><span style=\"font-family: verdana, geneva, sans-serif;\">Dane szko\u0142y:<\/span><\/p>\n<p align=\"center\"><span style=\"font-family: verdana, geneva, sans-serif;\"><span style=\"font-size: large;\"><b>Zesp\u00f3\u0142 Szk\u00f3\u0142 w Horodle<\/b><\/span><\/span><\/p>\n<p align=\"center\"><span style=\"font-family: verdana, geneva, sans-serif;\"><span style=\"font-size: large;\">Liceum Og\u00f3lnokszta\u0142c\u0105ce im. Unii Horodelskiej<\/span><\/span><\/p>\n<p align=\"center\"><span style=\"font-family: verdana, geneva, sans-serif;\"><span style=\"font-size: large;\">22-523 Horod\u0142o, ul. Pi\u0142sudskiego 58,<br \/>\ntel. <\/span><span style=\"font-size: large;\">(84) 651 53 31<\/span><span style=\"font-size: large;\">, <\/span><\/span><\/p>\n<p align=\"center\"><span style=\"font-family: verdana, geneva, sans-serif;\"><span style=\"font-size: large;\">e-mail: <\/span><span style=\"font-size: large;\">sphorodlo@interia.pl,<br \/>\nzshorodlo.pl<\/span><\/span><\/p>\n<p>&nbsp;<\/p>\n","protected":false},"excerpt":{"rendered":"<p>Regulamin rekrutacji do Liceum Og\u00f3lnokszta\u0142c\u0105cego im. Unii Horodelskiej w Horodle na rok szkolny 2026\/2027 Rekrutacja na rok szkolny 2026\/2027 prowadzona jest do klasy pierwszej czteroletniego liceum na podbudowie 8 \u2013 letniej szko\u0142y podstawowej. I. Terminarz post\u0119powania rekrutacyjnego w roku szkolnym &hellip; <a href=\"https:\/\/zshorodlo.pl\/?page_id=554\">Czytaj dalej <span class=\"meta-nav\">&rarr;<\/span><\/a><\/p>\n","protected":false},"author":3,"featured_media":0,"parent":547,"menu_order":2,"comment_status":"closed","ping_status":"open","template":"","meta":{"ngg_post_thumbnail":0,"footnotes":""},"_links":{"self":[{"href":"https:\/\/zshorodlo.pl\/index.php?rest_route=\/wp\/v2\/pages\/554"}],"collection":[{"href":"https:\/\/zshorodlo.pl\/index.php?rest_route=\/wp\/v2\/pages"}],"about":[{"href":"https:\/\/zshorodlo.pl\/index.php?rest_route=\/wp\/v2\/types\/page"}],"author":[{"embeddable":true,"href":"https:\/\/zshorodlo.pl\/index.php?rest_route=\/wp\/v2\/users\/3"}],"replies":[{"embeddable":true,"href":"https:\/\/zshorodlo.pl\/index.php?rest_route=%2Fwp%2Fv2%2Fcomments&post=554"}],"version-history":[{"count":40,"href":"https:\/\/zshorodlo.pl\/index.php?rest_route=\/wp\/v2\/pages\/554\/revisions"}],"predecessor-version":[{"id":40805,"href":"https:\/\/zshorodlo.pl\/index.php?rest_route=\/wp\/v2\/pages\/554\/revisions\/40805"}],"up":[{"embeddable":true,"href":"https:\/\/zshorodlo.pl\/index.php?rest_route=\/wp\/v2\/pages\/547"}],"wp:attachment":[{"href":"https:\/\/zshorodlo.pl\/index.php?rest_route=%2Fwp%2Fv2%2Fmedia&parent=554"}],"curies":[{"name":"wp","href":"https:\/\/api.w.org\/{rel}","templated":true}]}}