{"id":39572,"date":"2024-12-18T12:43:55","date_gmt":"2024-12-18T11:43:55","guid":{"rendered":"https:\/\/zshorodlo.pl\/?page_id=39572"},"modified":"2024-12-18T12:43:55","modified_gmt":"2024-12-18T11:43:55","slug":"rzecznik-praw-ucznia","status":"publish","type":"page","link":"https:\/\/zshorodlo.pl\/?page_id=39572","title":{"rendered":"Rzecznik Praw Ucznia"},"content":{"rendered":"<div dir=\"ltr\">\n<div dir=\"ltr\">\n<p style=\"text-align: justify;\"><span style=\"font-family: verdana, geneva, sans-serif;\"><strong><span style=\"color: #000000;\">Funkcj\u0119&nbsp; Rzecznika Praw Ucznia w roku szkolnym 2024\/2025 pe\u0142ni p. Joanna Wierzbicka.<\/span><\/strong><\/span><\/p>\n<p style=\"text-align: justify;\"><span style=\"color: #000000; font-family: verdana, geneva, sans-serif;\"><b>RZECZNIK PRAW UCZNIA<\/b>&nbsp;to nauczyciel, kt\u00f3rego rola polega na przestrzeganiu praw i&nbsp;obowi\u0105zk\u00f3w ucznia, rozwi\u0105zywaniu konflikt\u00f3w na p\u0142aszczy\u017anie ucze\u0144-ucze\u0144 oraz nauczyciel-ucze\u0144.&nbsp;<\/span><\/p>\n<p style=\"text-align: justify;\"><span style=\"color: #000000; font-family: verdana, geneva, sans-serif;\"><b>Szkolny Rzecznik mo\u017ce:<\/b><\/span><\/p>\n<p style=\"text-align: justify;\"><span style=\"color: #000000; font-family: verdana, geneva, sans-serif;\">\u2013&nbsp;rozmawia\u0107 z nauczycielem uczestnicz\u0105cym w problemie.<\/span><\/p>\n<p style=\"text-align: justify;\"><span style=\"color: #000000; font-family: verdana, geneva, sans-serif;\">\u2013&nbsp;rozmawia\u0107 i zasi\u0119ga\u0107 rady Dyrektora szko\u0142y<\/span><\/p>\n<p style=\"text-align: justify;\"><span style=\"color: #000000; font-family: verdana, geneva, sans-serif;\">\u2013&nbsp;organizowa\u0107 konfrontacje wyja\u015bniaj\u0105ce.<\/span><\/p>\n<p style=\"text-align: justify;\"><span style=\"color: #000000; font-family: verdana, geneva, sans-serif;\">\u2013&nbsp;inicjowa\u0107 dzia\u0142ania w szkole na rzecz upowszechniania praw dziecka i ucznia.<\/span><\/p>\n<p style=\"text-align: justify;\"><span style=\"font-family: verdana, geneva, sans-serif;\"><span style=\"color: #000000;\">&nbsp;<\/span><span style=\"color: #000000;\"><b>Tryb post\u0119powania w kwestiach spornych ucze\u0144 \u2013 ucze\u0144:<\/b><\/span><\/span><\/p>\n<p style=\"text-align: justify;\"><span style=\"color: #000000; font-family: verdana, geneva, sans-serif;\">\u2013&nbsp;zapoznanie si\u0119 z opini\u0105 stron konfliktu,<\/span><\/p>\n<p style=\"text-align: justify;\"><span style=\"color: #000000; font-family: verdana, geneva, sans-serif;\">\u2013&nbsp;podj\u0119cie mediacji ze stronami we wsp\u00f3\u0142pracy z wychowawc\u0105 klasy,<\/span><\/p>\n<p style=\"text-align: justify;\"><span style=\"color: #000000; font-family: verdana, geneva, sans-serif;\">\u2013&nbsp;w dalszym trybie post\u0119powania \u2013 zasi\u0119gni\u0119cie opinii Rady Pedagogicznej,<\/span><\/p>\n<p style=\"text-align: justify;\"><span style=\"color: #000000; font-family: verdana, geneva, sans-serif;\">\u2013&nbsp;ostateczn\u0105 decyzj\u0119 o sposobie rozwi\u0105zania konfliktu podejmuje Dyrektor.<\/span><\/p>\n<p style=\"text-align: justify;\"><span style=\"font-family: verdana, geneva, sans-serif;\"><span style=\"color: #000000;\">&nbsp;<\/span><span style=\"color: #000000;\"><b>Tryb post\u0119powania w kwestiach spornych ucze\u0144 \u2013 nauczyciel:<\/b><\/span><\/span><\/p>\n<p style=\"text-align: justify;\"><span style=\"color: #000000; font-family: verdana, geneva, sans-serif;\">\u2013&nbsp;zapoznanie si\u0119 z opini\u0105 stron konfliktu,<\/span><\/p>\n<p style=\"text-align: justify;\"><span style=\"color: #000000; font-family: verdana, geneva, sans-serif;\">\u2013&nbsp;podj\u0119cie mediacji ze stronami,<\/span><\/p>\n<p style=\"text-align: justify;\"><span style=\"color: #000000; font-family: verdana, geneva, sans-serif;\">\u2013&nbsp;wyst\u0105pienie do Dyrektora szko\u0142y o podj\u0119cie decyzji w sprawie, w przypadku trudno\u015bci z rozstrzygni\u0119ciem sporu.<\/span><\/p>\n<p style=\"text-align: justify;\"><span style=\"color: #000000; font-family: verdana, geneva, sans-serif;\"><b>O czym ucze\u0144 wiedzie\u0107 powinien!<\/b><\/span><\/p>\n<ol style=\"text-align: justify;\">\n<li><span style=\"color: #000000; font-family: verdana, geneva, sans-serif;\">Wszelkie informacje uzyskane przez Rzecznika w&nbsp;toku post\u0119powania mediacyjnego stanowi\u0105 tajemnic\u0119 s\u0142u\u017cbow\u0105.<\/span><\/li>\n<li><span style=\"color: #000000; font-family: verdana, geneva, sans-serif;\">Zadaniem Rzecznika jest sprawowanie nadzoru nad tym, aby w&nbsp;procesie dydaktyczno-wychowawczym ka\u017cdy ucze\u0144 traktowany by\u0142 podmiotowo.<\/span><\/li>\n<li><span style=\"color: #000000; font-family: verdana, geneva, sans-serif;\">Rzecznik Praw Ucznia ma prawo i mo\u017cliwo\u015b\u0107 aktywnie ingerowa\u0107 w&nbsp;ka\u017cdym przypadku, gdy naruszone zostan\u0105 prawa ucznia lub prawa dziecka.<\/span><\/li>\n<li><span style=\"color: #000000; font-family: verdana, geneva, sans-serif;\">Do zada\u0144 Rzecznika nale\u017cy te\u017c inicjowanie dzia\u0142a\u0144, kt\u00f3rych celem jest ochrona praw ucznia.<\/span><\/li>\n<li><span style=\"color: #000000; font-family: verdana, geneva, sans-serif;\">Podstaw\u0105 dzia\u0142ania Rzecznika Praw Ucznia jest Statut Szko\u0142y, a&nbsp;w&nbsp;uzasadnionych przypadkach Konwencja Praw Dziecka.<\/span><\/li>\n<li><span style=\"color: #000000; font-family: verdana, geneva, sans-serif;\">Rzecznik ma prawo odst\u0105pienia od podj\u0119cia interwencji.<\/span><\/li>\n<\/ol>\n<p style=\"text-align: justify;\"><span style=\"color: #000000; font-family: verdana, geneva, sans-serif;\">Rzecznik Praw Ucznia czuwa nad przestrzeganiem praw ucznia, wynikaj\u0105cych z obowi\u0105zuj\u0105cych akt\u00f3w prawnych, regulamin\u00f3w wewn\u0105trzszkolnych i Statutu Szko\u0142y.&nbsp;Prawa ucznia okre\u015blaj\u0105 nast\u0119puj\u0105ce dokumenty:<\/span><\/p>\n<ul style=\"text-align: justify;\">\n<li><span style=\"color: #000000; font-family: verdana, geneva, sans-serif;\">Konstytucja Rzeczpospolitej Polskiej,<\/span><\/li>\n<li><span style=\"color: #000000; font-family: verdana, geneva, sans-serif;\">Powszechna Deklaracja Praw Cz\u0142owieka,<\/span><\/li>\n<li><span style=\"color: #000000; font-family: verdana, geneva, sans-serif;\">Konwencja o Prawach Dziecka,<\/span><\/li>\n<li><span style=\"color: #000000; font-family: verdana, geneva, sans-serif;\">Ustawa o Systemie O\u015bwiaty,<\/span><\/li>\n<li><span style=\"color: #000000; font-family: verdana, geneva, sans-serif;\">Statut Szko\u0142y.<\/span><\/li>\n<\/ul>\n<p style=\"text-align: justify;\"><span style=\"color: #000000; font-family: verdana, geneva, sans-serif;\">Wa\u017cne telefony<\/span><\/p>\n<p style=\"text-align: justify;\"><span style=\"font-family: verdana, geneva, sans-serif;\"><span style=\"color: #000000;\">116 111&nbsp;\u2013 Og\u00f3lnopolski telefon zaufania dla dzieci i m\u0142odzie\u017cy. Numer 116 111 jest lini\u0105 anonimow\u0105 (dzwoni\u0105c nie musisz podawa\u0107 swojego imienia, nazwiska, ani adresu zamieszkania, a numer 116 111 nie jest widoczny w rachunku za telefon, ani na billingu). Po\u0142\u0105czenia z telefon\u00f3w kom\u00f3rkowych i stacjonarnych s\u0105 bezp\u0142atne. Linia jest czynna od poniedzia\u0142ku do pi\u0105tku, w godzinach od 12 do 20. Telefon jest przeznaczony dla dzieci i m\u0142odzie\u017cy w wieku od 7 do 18 lat. Masz k\u0142opoty w domu, w szkole, z&nbsp;rodzicami, czy r\u00f3wie\u015bnikami? Zadzwo\u0144. Wi\u0119cej informacji znajdziesz na&nbsp;stronie&nbsp;<\/span><a href=\"http:\/\/www.116111.pl\/\"><span style=\"color: #000000;\">www.116111.pl<\/span><\/a><\/span><\/p>\n<p style=\"text-align: justify;\"><span style=\"font-family: verdana, geneva, sans-serif;\"><span style=\"color: #000000;\">800 12 12 12&nbsp;\u2013 Dzieci\u0119cy Telefon Zaufania Rzecznika Praw Dziecka \u2013 jest telefonem skierowanym do wszystkich dzieci potrzebuj\u0105cych pomocy. Dzwoni\u0105c pod ten numer mo\u017cesz porozmawia\u0107 ze specjalist\u0105, kt\u00f3ry postara si\u0119 Ci pom\u00f3c. Po\u0142\u0105czenie jest bezp\u0142atne z telefon\u00f3w stacjonarnych oraz kom\u00f3rkowych w sieci Orange. Linia dzia\u0142a w&nbsp;godzinach od 8:15 do 20. Wi\u0119cej informacji znajdziesz na stronie&nbsp;<\/span><a href=\"http:\/\/www.brpd.gov.pl\/\"><span style=\"color: #000000;\">www.brpd.gov.pl<\/span><\/a><\/span><\/p>\n<p style=\"text-align: justify;\"><span style=\"font-family: verdana, geneva, sans-serif;\"><span style=\"color: #000000;\">Wszelkie informacje dotycz\u0105ce praw dziecka znajdziesz na stronie&nbsp;<\/span><a href=\"https:\/\/brpd.gov.pl\/\"><span style=\"color: #000000;\">Rzecznika Praw Dziecka<\/span><\/a><\/span><\/p>\n<p style=\"text-align: justify;\"><span style=\"color: #000000; font-family: verdana, geneva, sans-serif;\">Rzecznik Praw Dziecka\u202f<\/span><\/p>\n<p style=\"text-align: justify;\"><span style=\"color: #000000; font-family: verdana, geneva, sans-serif;\">ul. Chocimska 6\u202f, 00-791 Warszawa<br \/>\ntelefon: (22) 583 66 00<br \/>\nfax: (22) 583 66 96&nbsp;<br \/>\ne-mail:&nbsp;<a href=\"mailto:rpd@brpd.gov.pl\">rpd@brpd.gov.pl<\/a><\/span><\/p>\n<\/div>\n<\/div>\n","protected":false},"excerpt":{"rendered":"<p>Funkcj\u0119&nbsp; Rzecznika Praw Ucznia w roku szkolnym 2024\/2025 pe\u0142ni p. Joanna Wierzbicka. RZECZNIK PRAW UCZNIA&nbsp;to nauczyciel, kt\u00f3rego rola polega na przestrzeganiu praw i&nbsp;obowi\u0105zk\u00f3w ucznia, rozwi\u0105zywaniu konflikt\u00f3w na p\u0142aszczy\u017anie ucze\u0144-ucze\u0144 oraz nauczyciel-ucze\u0144.&nbsp; Szkolny Rzecznik mo\u017ce: \u2013&nbsp;rozmawia\u0107 z nauczycielem uczestnicz\u0105cym w problemie. &hellip; <a href=\"https:\/\/zshorodlo.pl\/?page_id=39572\">Czytaj dalej <span class=\"meta-nav\">&rarr;<\/span><\/a><\/p>\n","protected":false},"author":3,"featured_media":0,"parent":0,"menu_order":15,"comment_status":"closed","ping_status":"closed","template":"","meta":{"ngg_post_thumbnail":0,"footnotes":""},"_links":{"self":[{"href":"https:\/\/zshorodlo.pl\/index.php?rest_route=\/wp\/v2\/pages\/39572"}],"collection":[{"href":"https:\/\/zshorodlo.pl\/index.php?rest_route=\/wp\/v2\/pages"}],"about":[{"href":"https:\/\/zshorodlo.pl\/index.php?rest_route=\/wp\/v2\/types\/page"}],"author":[{"embeddable":true,"href":"https:\/\/zshorodlo.pl\/index.php?rest_route=\/wp\/v2\/users\/3"}],"replies":[{"embeddable":true,"href":"https:\/\/zshorodlo.pl\/index.php?rest_route=%2Fwp%2Fv2%2Fcomments&post=39572"}],"version-history":[{"count":1,"href":"https:\/\/zshorodlo.pl\/index.php?rest_route=\/wp\/v2\/pages\/39572\/revisions"}],"predecessor-version":[{"id":39574,"href":"https:\/\/zshorodlo.pl\/index.php?rest_route=\/wp\/v2\/pages\/39572\/revisions\/39574"}],"wp:attachment":[{"href":"https:\/\/zshorodlo.pl\/index.php?rest_route=%2Fwp%2Fv2%2Fmedia&parent=39572"}],"curies":[{"name":"wp","href":"https:\/\/api.w.org\/{rel}","templated":true}]}}