{"id":23,"date":"2013-02-25T10:16:19","date_gmt":"2013-02-25T09:16:19","guid":{"rendered":"http:\/\/zshorodlo.pl\/?page_id=23"},"modified":"2017-02-15T11:50:17","modified_gmt":"2017-02-15T10:50:17","slug":"szkola-podstawowa","status":"publish","type":"page","link":"https:\/\/zshorodlo.pl\/?page_id=23","title":{"rendered":"Historia szko\u0142y"},"content":{"rendered":"<p style=\"text-align: justify;\">\n\t<code><code>Pierwsze wiadomo\u015bci o istnieniu w Horodle szko\u0142y elementarnej i przycerkiewnej \u017ar&oacute;d\u0142a historyczne datuj\u0105 na drug\u0105 po\u0142ow\u0119 wieku XIX. Jednak brak tu jest szerszych informacji na ten temat. Szko\u0142a Powszechna w Horodle powsta\u0142a w 1918 roku, jako siedmioklasowa szko\u0142a koedukacyjna. Zaj\u0119cia odbywa\u0142y si\u0119 w dw&oacute;ch drewnianych budynkach oddalonych od siebie o oko\u0142o 1000 metr&oacute;w. Przy ulicy Pi\u0142sudskiego znajdowa\u0142 si\u0119 g\u0142&oacute;wny budynek posiadaj\u0105cy 5 izb lekcyjnych oraz boisko do gier i zabaw o powierzchni 2500 metr&oacute;w. W budynku tym odbywa\u0142y si\u0119 zaj\u0119cia dla klas I-V. Natomiast uczniowie klas VI-VIII ucz\u0119szczali na lekcje prowadzone w dawnej szkole przycerkiewnej, mieszcz\u0105cej si\u0119 przy ulicy Rynek 2. Z tego okresu zachowa\u0142 si\u0119 sztandar z wizerunkiem patrona &oacute;wczesnej szko\u0142y -Kr&oacute;la W\u0142adys\u0142awa Jagie\u0142\u0142y. Sztandar ten obecnie wyeksponowany jest w gablocie znajduj\u0105cej si\u0119 izbie pami\u0119ci.<\/code><\/code>\n<\/p>\n<p>\n\t&nbsp;\n<\/p>\n<p><center><br \/>\n\t<br \/>\n\tI- Miejsce dawnej szko\u0142y. Obecnie budynki Stra\u017cnicy Stra\u017cy Granicznej<\/p>\n<p>\n\t\t&nbsp;\n\t<\/p>\n<hr width=\"50%\" \/>\n<p>\n\t\tII- Dawna szko\u0142a przycerkiewna. Obecnie GOPS w Horodle.\n\t<\/p>\n<hr width=\"50%\" \/>\n<\/center><\/p>\n<p>\n\t&nbsp;\n<\/p>\n<p style=\"text-align: justify;\">\n\t<br \/>\n\t<code><code>We wrze\u015bniu 1936 roku Szko\u0142a Powszechna w Horodle otrzyma\u0142a nowy lokal, w niewielkiej odleg\u0142o\u015bci od starego, g\u0142&oacute;wnego budynku. Du\u017c\u0105 rol\u0119 w realizacji tej inwestycji odegra\u0142o spo\u0142ecze\u0144stwo horodelskie, kt&oacute;re widz\u0105c z\u0142y stan lokalowy starej szko\u0142y podj\u0119\u0142o trud wybudowania nowej plac&oacute;wki. Nowy lokal szkolny powsta\u0142 z inicjatywy Komitetu Rodzicielskiego za\u0142o\u017conego w 1929 roku. Du\u017cy wk\u0142ad w budow\u0119 wnie\u015bli: grono pedagogiczne i wspomniana wcze\u015bniej lokalna spo\u0142eczno\u015b\u0107, kt&oacute;ra z tego tytu\u0142u podj\u0119\u0142a si\u0119 samoopodatkowania. Z protoko\u0142&oacute;w Komitetu Rodzicielskiego wynika, \u017ce wp\u0142aty by\u0142y zr&oacute;\u017cnicowane w zale\u017cno\u015bci od stanu maj\u0105tkowego rodzin i wynosi\u0142y od 2,5 do 10 z\u0142otych. Dodatkowo rodzice wp\u0142acali 20 groszy wpisowego od ka\u017cdego dziecka. Inwestycja wspierana by\u0142a r&oacute;wnie\u017c przez Towarzystwo Popierania Budowy Szk&oacute;\u0142 Powszechnych. Nowo oddany budynek posiada\u0142 6 izb lekcyjnych, za\u015b og&oacute;lna powierzchnia u\u017cytkowa z przeznaczeniem na zaj\u0119cia lekcyjne wynosi\u0142a ponad 300 metr&oacute;w. Do prowadzenia zaj\u0119\u0107 wykorzystywany by\u0142 tak\u017ce przestronny korytarz. W latach 1936-1939, a wi\u0119c do wybuchu II wojny \u015bwiatowej szko\u0142a posiada\u0142a, jak wynika z powy\u017cszego bardzo dobre warunki lokalowe.<\/code><\/code>\n<\/p>\n<p>\n\t&nbsp;\n<\/p>\n<p><center><br \/>\n\t<br \/>\n\tIII- Budynek starego Liceum Og&oacute;lnokszta\u0142c\u0105cego.<\/p>\n<p>\n\t\t&nbsp;\n\t<\/p>\n<hr width=\"50%\" \/>\n<\/center><\/p>\n<p>\n\t&nbsp;\n<\/p>\n<p style=\"text-align: justify;\">\n\t<br \/>\n\t<code><code>Mimo wybuchu II wojny \u015bwiatowej Szko\u0142a Powszechna w Horodle rozpocz\u0119\u0142a rok szkolny 1939\/1940. Wydarzenia nadci\u0105gaj\u0105cej zawieruchy wojennej, obecno\u015b\u0107 Wojska Polskiego zak\u0142&oacute;ca\u0142y rytm normalnej pracy szko\u0142y. Jesieni\u0105 1939 roku budynki szkolne zosta\u0142y zaj\u0119te przez Niemc&oacute;w. W lokalu oddanym do u\u017cytku w 1936 roku mie\u015bci\u0142a si\u0119 komendantura Stra\u017cy Granicznej -Grenzchultzu, za\u015b w dawnej szkole elementarnej, przy ulicy Pi\u0142sudskiego Niemcy urz\u0105dzili magazyn. Sytuacja ta nie zniech\u0119ci\u0142a jednak grona pedagogicznego i uczni&oacute;w do kontynuowania nauki. Szko\u0142a funkcjonowa\u0142a nadal w prywatnym budynku, zlokalizowanym przy ulicy Jurydyka 23, kt&oacute;rego w\u0142a\u015bcicielami byli pa\u0144stwo Boscy. Zaj\u0119cia odbywa\u0142y si\u0119 w dw&oacute;ch przepe\u0142nionych salach, kt&oacute;rych powierzchnia wynosi\u0142a oko\u0142o 50 metr&oacute;w kwadratowych.<\/code><\/code>\n<\/p>\n<p>\n\t&nbsp;\n<\/p>\n<p><center><br \/>\n\t<br \/>\n\tIV- Dom pa\u0144stwa Boskich-Jurdyka 23.<\/p>\n<p>\n\t\t&nbsp;\n\t<\/p>\n<hr width=\"50%\" \/>\n<\/center><\/p>\n<p>\n\t&nbsp;\n<\/p>\n<p style=\"text-align: justify;\">\n\t<br \/>\n\t<code><code>Lata okupacji by\u0142y bardzo trudne, zar&oacute;wno dla nauczycieli, jak i uczni&oacute;w.<br \/>\n\tBrakowa\u0142o \u0142awek, krzese\u0142, podstawowych pomocy naukowych, biblioteki. Mimo tego nauka trwa\u0142a nieprzerwanie a\u017c do wyzwolenia. W 1944 roku w budynku Szko\u0142y Powszechnej oddanej do u\u017cytku w 1936 roku powsta\u0142o Samorz\u0105dowe Gimnazjum Koedukacyjne im. Kr&oacute;lowej Jadwigi. Za\u0142o\u017cycielem i wieloletnim dyrektorem tej plac&oacute;wki by\u0142a Stanis\u0142awa Bojarska. M\u0142odsze dzieci powr&oacute;ci\u0142y do starego budynku przy ulicy Pi\u0142sudskiego, gdzie nauka odbywa\u0142a si\u0119 a\u017c do roku 1995. Lokal ten nie spe\u0142nia\u0142 ju\u017c jednak podstawowych wymog&oacute;w sanitarnych. Mocno nadw\u0105tlone \u015bciany, brak kanalizacji, centralnego ogrzewania, ciasne sale lekcyjne wyposa\u017cone w stary, zniszczony sprz\u0119t. Nauka odbywa\u0142a si\u0119 w systemie dwuzmianowym. To jednak nie zaspokaja\u0142o potrzeb lokalowych, szko\u0142a musia\u0142a wynajmowa\u0107 sale w dawnym Domu Stra\u017caka, sto\u0142&oacute;wce Liceum Og&oacute;lnokszta\u0142c\u0105cego, a tak\u017ce w Gminnym O\u015brodku Kultury.<\/code><\/code>\n<\/p>\n<p>\n\t&nbsp;\n<\/p>\n<p><center><br \/>\n\t<br \/>\n\tV- Dom Stra\u017caka<\/p>\n<p>\n\t\t&nbsp;\n\t<\/p>\n<hr width=\"50%\" \/>\n\tVI- Sto\u0142&oacute;wka Liceum Og&oacute;lnokszta\u0142c\u0105cego<\/p>\n<p>\n\t\t&nbsp;\n\t<\/p>\n<hr width=\"50%\" \/>\n\tVII- Gminny O\u015brodek Kultury.<\/p>\n<p>\n\t\t&nbsp;\n\t<\/p>\n<hr width=\"50%\" \/>\n<\/center><\/p>\n<p>\n\t&nbsp;\n<\/p>\n<p style=\"text-align: justify;\">\n\t<code><code>W 1987 roku z inicjatywy Inspektora O\u015bwiaty i Wychowania Tadeusza Wydry rozpocz\u0119to budow\u0119 nowego obiektu o\u015bwiatowego, g\u0142ownie na potrzeby szkolnictwa podstawowego oraz Liceum Og&oacute;lnokszta\u0142c\u0105cego. \u015arodki na budow\u0119 pochodzi\u0142y z Ministerstwa O\u015bwiaty i Wychowania i z funduszu &quot;Balacha&quot;. Opodatkowali si\u0119 r&oacute;wnie\u017c na ten cel mieszka\u0144cy Horod\u0142a i okolicznych miejscowo\u015bci. 5 stycznia 1995 roku w nowej szkole po raz pierwszy zabrzmia\u0142 dzwonek szkolny.<\/code><\/code>\n<\/p>\n<p>\n\t&nbsp;\n<\/p>\n<p><center><br \/>\n\t<br \/>\n\tVIII- Nowy budynek szko\u0142y.<\/p>\n<p>\n\t\t&nbsp;\n\t<\/p>\n<hr width=\"50%\" \/>\n<\/center><\/p>\n<p>\n\t&nbsp;\n<\/p>\n<p style=\"text-align: justify;\">\n\t<code><code>Nowo oddany budynek posiada \u0142adne, przestronne sale lekcyjne, sal\u0119 komputerow\u0105, sanitariaty, sto\u0142&oacute;wk\u0119 oraz w\u0142a\u015bciwie wyposa\u017cone zaplecze. W budynku kszta\u0142c\u0105 si\u0119 obecnie uczniowie trzech szk&oacute;\u0142: podstawowej, gimnazjum i liceum. 18 listopada 2001 roku zosta\u0142a oddana do u\u017cytku r&oacute;wnie\u017c nowa sala gimnastyczna. Inwestycj\u0119 finansowa\u0142 Urz\u0105d Gminy w Horodle. Przy g\u0142&oacute;wnym wej\u015bciu szko\u0142y znajduje si\u0119 tablica upami\u0119tniaj\u0105ca ten dzie\u0144.<\/code><\/code>\n<\/p>\n<p>\n\t&nbsp;\n<\/p>\n<p><center><br \/>\n\t<br \/>\n\tIX-Sala gimnastyczna.<\/p>\n<p>\n\t\t&nbsp;\n\t<\/p>\n<hr width=\"50%\" \/>\n<\/center><\/p>\n<p>\n\t&nbsp;\n<\/p>\n<p style=\"text-align: justify;\">\n\t<code><code>Ostatnim wa\u017cnym wydarzeniem w historii Szko\u0142y Podstawowej by\u0142 dzie\u0144 23 pa\u017adziernika 2003 roku, kiedy odby\u0142a si\u0119 uroczysto\u015b\u0107 nadania szkole imienia Kr&oacute;la W\u0142adys\u0142awa Jagie\u0142\u0142y.<\/code><\/code>\n<\/p>\n<p>\n\t&nbsp;\n<\/p>\n<p>\n\t<code>W wieloletniej historii Szko\u0142y Podstawowej w Horodle funkcje dyrektor&oacute;w pe\u0142nili:<br \/>\n\tW\u0142adys\u0142aw Halaszka w latach 1916-1925<br \/>\n\tTomasz Piotrowicz w latach 1925-1957<br \/>\n\tStanis\u0142aw Kwiatkowski w latach 1957-1977<br \/>\n\tJe\u017cyna Stanis\u0142awa w latach 1977-1984<br \/>\n\tPrzesmycka Teresa w latach 1984-1985<br \/>\n\tZofia Krotkiewicz w latach 1985-1988<br \/>\n\tHenryk Chilewski w latach 1988-1990<br \/>\n\tJolanta Stonawska w latach 1990-2003<\/code><br \/>\n\t<code>El\u017cbieta Kuczy\u0144ska w latach 2003-2014<br \/>\n\tObecnym dyrektorem szko\u0142y jest p. Arnold Bogowski<\/code>\n<\/p>\n<p>\n\t&nbsp;<\/p>\n","protected":false},"excerpt":{"rendered":"<p>Pierwsze wiadomo\u015bci o istnieniu w Horodle szko\u0142y elementarnej i przycerkiewnej \u017ar&oacute;d\u0142a historyczne datuj\u0105 na drug\u0105 po\u0142ow\u0119 wieku XIX. Jednak brak tu jest szerszych informacji na ten temat. Szko\u0142a Powszechna w Horodle powsta\u0142a w 1918 roku, jako siedmioklasowa szko\u0142a koedukacyjna. Zaj\u0119cia &hellip; <a href=\"https:\/\/zshorodlo.pl\/?page_id=23\">Czytaj dalej <span class=\"meta-nav\">&rarr;<\/span><\/a><\/p>\n","protected":false},"author":3,"featured_media":0,"parent":45,"menu_order":0,"comment_status":"open","ping_status":"open","template":"","meta":{"ngg_post_thumbnail":0,"footnotes":""},"_links":{"self":[{"href":"https:\/\/zshorodlo.pl\/index.php?rest_route=\/wp\/v2\/pages\/23"}],"collection":[{"href":"https:\/\/zshorodlo.pl\/index.php?rest_route=\/wp\/v2\/pages"}],"about":[{"href":"https:\/\/zshorodlo.pl\/index.php?rest_route=\/wp\/v2\/types\/page"}],"author":[{"embeddable":true,"href":"https:\/\/zshorodlo.pl\/index.php?rest_route=\/wp\/v2\/users\/3"}],"replies":[{"embeddable":true,"href":"https:\/\/zshorodlo.pl\/index.php?rest_route=%2Fwp%2Fv2%2Fcomments&post=23"}],"version-history":[{"count":6,"href":"https:\/\/zshorodlo.pl\/index.php?rest_route=\/wp\/v2\/pages\/23\/revisions"}],"predecessor-version":[{"id":26469,"href":"https:\/\/zshorodlo.pl\/index.php?rest_route=\/wp\/v2\/pages\/23\/revisions\/26469"}],"up":[{"embeddable":true,"href":"https:\/\/zshorodlo.pl\/index.php?rest_route=\/wp\/v2\/pages\/45"}],"wp:attachment":[{"href":"https:\/\/zshorodlo.pl\/index.php?rest_route=%2Fwp%2Fv2%2Fmedia&parent=23"}],"curies":[{"name":"wp","href":"https:\/\/api.w.org\/{rel}","templated":true}]}}