{"id":111,"date":"2013-03-05T16:14:14","date_gmt":"2013-03-05T15:14:14","guid":{"rendered":"http:\/\/zshorodlo.pl\/?page_id=111"},"modified":"2017-02-15T11:51:19","modified_gmt":"2017-02-15T10:51:19","slug":"liceum-ogolnoksztalcace","status":"publish","type":"page","link":"https:\/\/zshorodlo.pl\/?page_id=111","title":{"rendered":"Historia szko\u0142y"},"content":{"rendered":"<p style=\"text-align: center;\">\n\t<a href=\"http:\/\/zshorodlo.pl\/?attachment_id=113\" rel=\"attachment wp-att-113\"><img loading=\"lazy\" decoding=\"async\" alt=\"jagiello1\" class=\"alignnone size-medium wp-image-113\" height=\"300\" src=\"http:\/\/zshorodlo.pl\/wp-content\/uploads\/2013\/03\/jagiello1-221x300.jpg\" width=\"221\" srcset=\"https:\/\/zshorodlo.pl\/wp-content\/uploads\/2013\/03\/jagiello1-221x300.jpg 221w, https:\/\/zshorodlo.pl\/wp-content\/uploads\/2013\/03\/jagiello1.jpg 735w\" sizes=\"(max-width: 221px) 100vw, 221px\" \/><\/a>\n<\/p>\n<p style=\"text-align: center;\">\n\t&bdquo;Trzeba nam ludzi zrobi\u0107 Polakami.<br \/>\n\tA Polak&oacute;w obywatelami.&rdquo;<br \/>\n\tFeliks Oraczewski\n<\/p>\n<p style=\"text-align: justify;\">\n\tLiceum Og&oacute;lnokszta\u0142c\u0105ce w Horodle.<br \/>\n\tRys historyczny.<br \/>\n\tLiceum Og&oacute;lnokszta\u0142c\u0105ce w Horodle powsta\u0142o 21.09.1944 roku jako Samorz\u0105dowe Gimnazjum Koedukacyjne im. Kr&oacute;lowej Jadwigi. Za\u0142o\u017cycielem, wieloletnim dyrektorem, nauczycielem, a tak\u017ce w pierwszych tygodniach nauki pracownikiem obs\u0142ugi by\u0142a Pani Stanis\u0142awa Bojarska. Powstanie nowej plac&oacute;wki o\u015bwiatowej w Horodle wi\u0105za\u0142o si\u0119 z &oacute;wczesnymi potrzebami spo\u0142ecze\u0144stwa horodelskiego, w du\u017cej mierze ubogiej ludno\u015bci rolniczo-robotniczej, dla kt&oacute;rej istnienie szko\u0142y ponadpodstawowej umo\u017cliwia\u0142o zdobycie wykszta\u0142cenia \u015bredniego i kontynuowanie nauki na wy\u017cszych uczelniach.<br \/>\n\tW Samorz\u0105dowym Gimnazjum Koedukacyjnym im. Kr&oacute;lowej Jadwigi w Horodle w pa\u017adzierniku 1944 roku nauk\u0119 w klasie pierwszej rozpocz\u0119\u0142y 24 osoby, kt&oacute;re zdobywa\u0142y wiedz\u0119 z 11 przedmiot&oacute;w: religii, j\u0119zyka polskiego, j\u0119zyka francuskiego, j\u0119zyka \u0142aci\u0144skiego, historii, biologii, geografii, matematyki, zaj\u0119\u0107 praktycznych, \u0107wicze\u0144 cielesnych i rysunk&oacute;w. Pani\u0105 dyrektor Stanis\u0142aw\u0119 Bojarsk\u0105 w pocz\u0105tkach szkolnej pracy wspierali nauczyciele: Tomasz Piotrowicz, Stefan Wojcieszak oraz ksi\u0105dz Stanis\u0142aw Koby\u0142ecki.<br \/>\n\tPocz\u0105tki pracy by\u0142y bardzo ci\u0119\u017ckie, brakowa\u0142o kadry nauczycielskiej, podr\u0119cznik&oacute;w i pomocy szkolnych.<br \/>\n\tMocn\u0105 stron\u0105 powsta\u0142ej szko\u0142y by\u0142y warunki lokalowe, gdy\u017c gimnazjum umiejscowi\u0142o si\u0119 w zbudowanym w 1936 roku budynku, w kt&oacute;rym pierwotnie mie\u015bci\u0142a si\u0119 szko\u0142a powszechna. Budynek o powierzchni og&oacute;lnej 407 , posiada\u0142 6 obszernych izb lekcyjnych, kt&oacute;re zaspokaja\u0142y &oacute;wczesne potrzeby lokalowe szko\u0142y. By\u0142 on wykorzystywany do 5 stycznia 1995 roku, kiedy oddano do u\u017cytku now\u0105, dwupi\u0119trow\u0105 szko\u0142\u0119, w kt&oacute;rej liceum zaj\u0119\u0142o II pi\u0119tro. 8 listopada 2001 roku zosta\u0142a oddana do u\u017cytku nowo zbudowana sala gimnastyczna.<br \/>\n\tW ci\u0105gu ca\u0142ej historii szko\u0142a ulega\u0142a kilkukrotnej reorganizacji, zmienia\u0142a si\u0119 jej nazwa. W 1948 roku szko\u0142a przyj\u0119\u0142a nazw\u0119 Prywatnego Gimnazjum Gminnej Rady Narodowej w Horodle, za\u015b w 1950 roku zosta\u0142a upa\u0144stwowiona i otrzyma\u0142a nazw\u0119 Pa\u0144stwowej Szko\u0142y Og&oacute;lnokszta\u0142c\u0105cej Stopnia Licealnego w Horodle. Kolejna zmiana nast\u0105pi\u0142a w 1951 roku , kiedy szko\u0142a zarz\u0105dzeniem Ministerstwa O\u015bwiaty zosta\u0142a przekszta\u0142cona w 11-letni\u0105 Pa\u0144stwow\u0105 Szko\u0142\u0119 Og&oacute;lnokszta\u0142c\u0105c\u0105&nbsp; stopnia podstawowego i licealnego. Od 1953 roku plac&oacute;wka funkcjonowa\u0142a jako Szko\u0142a Podstawowa I Liceum Og&oacute;lnokszta\u0142c\u0105ce w Horodle pod kierownictwem Dyrektora Liceum. Taki stan trwa\u0142 do 1967 roku, kiedy oddzielono szko\u0142\u0119 podstawow\u0105 od liceum i od tego momentu plac&oacute;wka istnia\u0142a jako samodzielne Liceum Og&oacute;lnokszta\u0142c\u0105ce w Horodle. W 2002 roku zmieni\u0142 si\u0119 status szko\u0142y , kt&oacute;ra z czteroletniego liceum zosta\u0142a przekszta\u0142cona w trzyletnie liceum og&oacute;lnokszta\u0142c\u0105ce.<br \/>\n\tW pa\u017adzierniku 2002 roku Liceum Og&oacute;lnokszta\u0142c\u0105ce w Horodle staraniem Rady Pedagogicznej oraz rodzic&oacute;w otrzyma\u0142o imi\u0119 Unii Horodelskiej. W imieniu tym , tak trafnie wybranym dla szko\u0142y od\u017cy\u0142a tradycja i dawna \u015bwietno\u015b\u0107 Horod\u0142a, pami\u0119taj\u0105cego czasy unii polsko-litewskiej.<br \/>\n\tW 2007 roku mia\u0142o miejsce kolejne wa\u017cne wydarzenie w historii naszej szko\u0142y, mianowicie decyzj\u0105 Rady Gminy liceum wesz\u0142o w sk\u0142ad Zespo\u0142u Szk&oacute;\u0142 Horodle wraz ze szko\u0142\u0105 podstawow\u0105 i gimnazjum. Stanowisko dyrektora Zespo\u0142u Szk&oacute;\u0142 w Horodle powierzono pani El\u017cbiecie Kuczy\u0144skiej, natomiast wicedyrektorem, sprawuj\u0105cym bezpo\u015bredni nadz&oacute;r nad liceum, zosta\u0142 pan Arnold Bogowski.<br \/>\n\tRok 2008 przyni&oacute;s\u0142 podpisanie pierwszej umowy o wsp&oacute;\u0142pracy ze Szkol\u0105 \u015aredni\u0105 w U\u015bci\u0142ugu. W ten spos&oacute;b horodelskie liceum otworzy\u0142o now\u0105 kart\u0119 historii Polak&oacute;w i Ukrai\u0144c&oacute;w, tym razem ju\u017c bez wzajemnych uprzedze\u0144 i spor&oacute;w o przesz\u0142o\u015b\u0107. M\u0142odzie\u017c polska i ukrai\u0144ska poznaje si\u0119 , a nawet zaprzyja\u017ania dzi\u0119ki spotkaniom, kt&oacute;re maj\u0105 miejsce w wa\u017cnych dla obu szk&oacute;\u0142 momentach oraz rywalizuje na polu sportowym.<br \/>\n\tCelem zapewnienia m\u0142odzie\u017cy szerszych mo\u017cliwo\u015bci na rynku pracy od wrze\u015bnia 2010 roku zosta\u0142a wdro\u017cona innowacja pedagogiczna pod nazw\u0105: ELEMENTY WIEDZY O FUNKCJONOWANIU STRA\u017bY GRANICZNEJ. Daje ona mo\u017cliwo\u015b\u0107 poznania specyfiki, struktury i zada\u0144, stoj\u0105cych przed s\u0142u\u017cbami granicznymi. Zaj\u0119cia z tej dziedziny prowadzone s\u0105 przez funkcjonariusza Stra\u017cy Granicznej i maj\u0105 charakter teoretyczno-praktyczny. W czerwcu 2011 roku szko\u0142a uzyska\u0142a od Lubelskiego Kuratora O\u015bwiaty zgod\u0119 na wdro\u017cenie drugiej innowacji pedagogicznej: SPECJALISTA DO SPRAW URODY. Dzi\u0119ki temu zainteresowani uczniowie b\u0119d\u0105 mieli mo\u017cliwo\u015b\u0107 zdobywania wiedzy i umiej\u0119tno\u015bci, pozwalaj\u0105cych na prac\u0119 w salonach kosmetycznych.<br \/>\n\tLiceum Og&oacute;lnokszta\u0142c\u0105ce im. Unii Horodelskiej w Horodle jest szko\u0142\u0105 o bogatej tradycji, od ponad sze\u015b\u0107dziesi\u0119ciu lat s\u0142u\u017cy lokalnemu spo\u0142ecze\u0144stwu, kszta\u0142c\u0105c kolejne pokolenia&nbsp; m\u0142odzie\u017cy. Dzi\u0119ki za\u0142o\u017cycielce tej szko\u0142y Stanis\u0142awie Bojarskiej i zmieniaj\u0105cej si\u0119 przez lata kadrze pedagogicznej mog\u0142a wykszta\u0142ci\u0107 si\u0119 blisko 3000 &#8211; tysi\u0119czna rzesza m\u0142odych ludzi, wywodz\u0105cych si\u0119 z tego&nbsp; \u015brodowiska. Jest w\u015br&oacute;d nich poka\u017ane grono, kt&oacute;re zdoby\u0142o wysokie kwalifikacje zawodowe: pracownicy&nbsp; naukowi, duchowni, lekarze, personel medyczny, nauczyciele, oficerowie i pracownicy administracji.<br \/>\n\t<a href=\"http:\/\/zshorodlo.pl\/?attachment_id=113\" rel=\"attachment wp-att-113\"><img loading=\"lazy\" decoding=\"async\" alt=\"jagiello1\" class=\"alignnone size-medium wp-image-113\" height=\"300\" src=\"http:\/\/zshorodlo.pl\/wp-content\/uploads\/2013\/03\/jagiello1-221x300.jpg\" width=\"221\" srcset=\"https:\/\/zshorodlo.pl\/wp-content\/uploads\/2013\/03\/jagiello1-221x300.jpg 221w, https:\/\/zshorodlo.pl\/wp-content\/uploads\/2013\/03\/jagiello1.jpg 735w\" sizes=\"(max-width: 221px) 100vw, 221px\" \/><\/a>\n<\/p>\n<p style=\"text-align: center;\">\n\tKr&oacute;l W\u0142adys\u0142aw Jagie\u0142\u0142o<br \/>\n\t&bdquo; &hellip; Kr&oacute;lem by\u0142 rzadkiej przyst\u0119pno\u015bci, nielubi\u0105cym \u017cadnych powierzchownych ozd&oacute;b i wytworu. Od obj\u0119cia rz\u0105d&oacute;w a\u017c do ko\u0144ca \u017cycia okazywa\u0142 si\u0119 zawsze \u0142askawym i wspania\u0142ym&rdquo;&hellip;<br \/>\n\tJan D\u0142ugosz &bdquo; Historiae Polonicae&rdquo;<br \/>\n\tW\u0142adys\u0142aw Jagie\u0142\u0142o ( 1351-1434)<br \/>\n\tWielki Ksi\u0105\u017c\u0119 Litewski ( 1377-1381)<br \/>\n\tKr&oacute;l Polski ( 1386-1434)\n<\/p>\n<p style=\"text-align: justify;\">\n\tBy\u0142 synem Olgierda i Julianny ksi\u0119\u017cniczki twerskiej . W 1385 roku zawar\u0142 z Polsk\u0105 uni\u0119 w Krewie i zobowi\u0105za\u0142 si\u0119 do przyj\u0119cia chrztu wraz z ca\u0142\u0105 poga\u0144sk\u0105 Litw\u0105. W 1386 roku przyj\u0105\u0142 chrzest na kt&oacute;rym otrzyma\u0142 imi\u0119 W\u0142adys\u0142aw a nast\u0119pnie po\u015blubi\u0142 Jadwig\u0119 &ndash; Kr&oacute;la Polski.&nbsp; Prowadzi\u0142&nbsp; zwyci\u0119skie wojny z Zakonem Krzy\u017cackim spo\u015br&oacute;d kt&oacute;rych najwi\u0119ksz\u0105 chwa\u0142\u0119 przynios\u0142o mu zwyci\u0119stwo pod Grunwaldem w 1410 roku.<br \/>\n\t2 pa\u017adziernika 1413 roku W\u0142adys\u0142aw Jagie\u0142\u0142o doprowadzi\u0142 do podpisania unii w Horodle. Aktem tym przypiecz\u0119towa\u0142 wsp&oacute;ln\u0105 polityk\u0119 Korony i Litwy.<br \/>\n\tJagie\u0142\u0142o by\u0142 wybitnym m\u0119\u017cem stanu i znakomitym politykiem. Uchodzi\u0142 za cz\u0142owieka upartego ale sk\u0142onnego do kompromis&oacute;w. Po przyj\u0119ciu chrztu sta\u0142 si\u0119 gorliwym katolikiem a przy tym cz\u0142owiekiem odwa\u017cnym i dzielnym.\n<\/p>\n<p>\n\tUnia Horodelska\n<\/p>\n<p>\n\t&bdquo;&hellip;Bowiem z mi\u0142o\u015bci \u0142\u0105cz\u0105 si\u0119 narody &rdquo;.\n<\/p>\n<p style=\"text-align: justify;\">\n\tUnia horodelska zosta\u0142a zawarta pomi\u0119dzy Polsk\u0105 a Litw\u0105 2 pa\u017adziernika 1413 roku.<br \/>\n\tSygnotariuszami unii zostali Kr&oacute;l Polski-&nbsp; W\u0142adys\u0142aw Jagie\u0142\u0142o oraz Wielki Ksi\u0105\u017c\u0119 Litewski- Witold .<br \/>\n\tAkt unii potwierdza\u0142&nbsp; wsp&oacute;ln\u0105 polityk\u0119 obu pa\u0144stw, wprowadza\u0142&nbsp; instytucj\u0119 odr\u0119bnego Wielkiego Ksi\u0119cia&nbsp; na Litwie ale&nbsp; wybieranego przez Kr&oacute;la Kr&oacute;lestwa Polskiego za rad\u0105 i wiedz\u0105 bojar&oacute;w litewskich oraz pan&oacute;w polskich. Wsp&oacute;lne mia\u0142y by\u0107 sejmy oraz zjazdy polsko-litewskie. Na Litwie wprowadzono&nbsp; urz\u0119dy kasztelan&oacute;w i wojewod&oacute;w&nbsp; a litewska szlachta zosta\u0142a zr&oacute;wnana w prawach&nbsp; z polskimi rodami czego dowodem by\u0142a adopcja 48 chrze\u015bcija\u0144skich rod&oacute;w bojarskich do polskich rod&oacute;w szlacheckich.\n<\/p>\n<p>\n\tUnia horodelska podkre\u015bla\u0142a obowi\u0105zuj\u0105c\u0105 mi\u0119dzy dwoma narodami zasad\u0119 r&oacute;wno\u015bci i braterstwa przy jednoczesnym zachowaniu odr\u0119bno\u015bci i suwerenno\u015bci obu pa\u0144stw.<\/p>\n","protected":false},"excerpt":{"rendered":"<p>&bdquo;Trzeba nam ludzi zrobi\u0107 Polakami. A Polak&oacute;w obywatelami.&rdquo; Feliks Oraczewski Liceum Og&oacute;lnokszta\u0142c\u0105ce w Horodle. Rys historyczny. Liceum Og&oacute;lnokszta\u0142c\u0105ce w Horodle powsta\u0142o 21.09.1944 roku jako Samorz\u0105dowe Gimnazjum Koedukacyjne im. Kr&oacute;lowej Jadwigi. Za\u0142o\u017cycielem, wieloletnim dyrektorem, nauczycielem, a tak\u017ce w pierwszych tygodniach nauki &hellip; <a href=\"https:\/\/zshorodlo.pl\/?page_id=111\">Czytaj dalej <span class=\"meta-nav\">&rarr;<\/span><\/a><\/p>\n","protected":false},"author":3,"featured_media":0,"parent":49,"menu_order":3,"comment_status":"closed","ping_status":"open","template":"","meta":{"ngg_post_thumbnail":0,"footnotes":""},"_links":{"self":[{"href":"https:\/\/zshorodlo.pl\/index.php?rest_route=\/wp\/v2\/pages\/111"}],"collection":[{"href":"https:\/\/zshorodlo.pl\/index.php?rest_route=\/wp\/v2\/pages"}],"about":[{"href":"https:\/\/zshorodlo.pl\/index.php?rest_route=\/wp\/v2\/types\/page"}],"author":[{"embeddable":true,"href":"https:\/\/zshorodlo.pl\/index.php?rest_route=\/wp\/v2\/users\/3"}],"replies":[{"embeddable":true,"href":"https:\/\/zshorodlo.pl\/index.php?rest_route=%2Fwp%2Fv2%2Fcomments&post=111"}],"version-history":[{"count":7,"href":"https:\/\/zshorodlo.pl\/index.php?rest_route=\/wp\/v2\/pages\/111\/revisions"}],"predecessor-version":[{"id":26471,"href":"https:\/\/zshorodlo.pl\/index.php?rest_route=\/wp\/v2\/pages\/111\/revisions\/26471"}],"up":[{"embeddable":true,"href":"https:\/\/zshorodlo.pl\/index.php?rest_route=\/wp\/v2\/pages\/49"}],"wp:attachment":[{"href":"https:\/\/zshorodlo.pl\/index.php?rest_route=%2Fwp%2Fv2%2Fmedia&parent=111"}],"curies":[{"name":"wp","href":"https:\/\/api.w.org\/{rel}","templated":true}]}}